{"id":1186,"date":"2023-06-04T09:47:03","date_gmt":"2023-06-04T09:47:03","guid":{"rendered":"https:\/\/www.dp.lu\/contern\/?page_id=1186"},"modified":"2023-06-04T22:26:24","modified_gmt":"2023-06-04T22:26:24","slug":"eric-eifes","status":"publish","type":"page","link":"https:\/\/www.dp.lu\/contern\/eric-eifes\/","title":{"rendered":"Eric Eifes"},"content":{"rendered":"\n<div class=\"wp-block-columns is-layout-flex wp-container-core-columns-is-layout-28f84493 wp-block-columns-is-layout-flex\">\n<div class=\"wp-block-column is-layout-flow wp-block-column-is-layout-flow\" style=\"flex-basis:30%\">\n<figure class=\"wp-block-image size-large\"><img fetchpriority=\"high\" decoding=\"async\" width=\"1024\" height=\"1024\" src=\"https:\/\/www.dp.lu\/contern\/wp-content\/uploads\/sites\/44\/2023\/06\/Conter-Eifes-Eric_s-1024x1024.jpg\" alt=\"\" class=\"wp-image-1187\" srcset=\"https:\/\/www.dp.lu\/contern\/wp-content\/uploads\/sites\/44\/2023\/06\/Conter-Eifes-Eric_s-1024x1024.jpg 1024w, https:\/\/www.dp.lu\/contern\/wp-content\/uploads\/sites\/44\/2023\/06\/Conter-Eifes-Eric_s-300x300.jpg 300w, https:\/\/www.dp.lu\/contern\/wp-content\/uploads\/sites\/44\/2023\/06\/Conter-Eifes-Eric_s-150x150.jpg 150w, https:\/\/www.dp.lu\/contern\/wp-content\/uploads\/sites\/44\/2023\/06\/Conter-Eifes-Eric_s-768x768.jpg 768w, https:\/\/www.dp.lu\/contern\/wp-content\/uploads\/sites\/44\/2023\/06\/Conter-Eifes-Eric_s-1536x1536.jpg 1536w\" sizes=\"(max-width: 1024px) 100vw, 1024px\" \/><\/figure>\n\n\n\n<h2 class=\"wp-block-heading has-large-font-size\">51 Joer, Ekonomie-Professer, Conter<\/h2>\n<\/div>\n\n\n\n<div class=\"wp-block-column is-layout-flow wp-block-column-is-layout-flow\" style=\"flex-basis:70%\">\n<div class=\"wp-block-columns is-layout-flex wp-container-core-columns-is-layout-28f84493 wp-block-columns-is-layout-flex\">\n<div class=\"wp-block-column is-layout-flow wp-block-column-is-layout-flow\">\n<div class=\"wp-block-group is-nowrap is-layout-flex wp-container-core-group-is-layout-f66f9956 wp-block-group-is-layout-flex\">\n<div class=\"wp-block-group is-vertical is-layout-flex wp-container-core-group-is-layout-fe9cc265 wp-block-group-is-layout-flex\">\n<p><strong>Eric Eifes, 51 Joer, schafft als Ekonomie-Professer am Stater Koll\u00e9isch.<\/strong><br>Ech si bestuet an hunn zwee Kanner. Ech si Gemengeconseiller an an e puer Ver\u00e4iner engag\u00e9iert. Besonnesch um H\u00e4erz leie mir d&#8217;Theme Famill a Schoul, Mobilit\u00e9it, Finanzen an digital, s\u00e9cher a biergerno Gemengen.<\/p>\n<\/div>\n<\/div>\n<\/div>\n<\/div>\n\n\n\n<div style=\"height:100px\" aria-hidden=\"true\" class=\"wp-block-spacer\"><\/div>\n<\/div>\n<\/div>\n\n\n\n<p>Ech si bestuet an hunn zwee Kanner.<\/p>\n\n\n\n<p>Viru 49 Joer sinn ech op Conter gepl\u00ebnnert a sinn hei grouss ginn. No der Prim\u00e4rschoul zu Conter an dem Lyc\u00e9e an der Stad sinn ech op Br\u00e9issel Hautes \u00c9tudes Commerciales stud\u00e9iere gaang, d\u00ebst mat enger Spezialisatioun an der Expertise comptable an dem R\u00e9visorat. Berufflech hunn ech mech dunn entscheet an d\u2019Educatioun ze goen, well ech g\u00e4re&nbsp;Schoul halen an d\u00e9i jonk Generatioune virbereede well.<\/p>\n\n\n\n<p>Zanter bal 25 Joer sinn ech Member vum Conter Gemengerot an hunn esou vill Erfarung sammele k\u00ebnnen, w\u00e9i eng Gemeng, hier Kommissiounen an d\u00e9i verschidde Syndikater funktion\u00e9ieren&nbsp;a si bereet eng m\u00e9i eng grouss Responsabilit\u00e9it z\u2019iwwerhuelen.<\/p>\n\n\n\n<p>A menger Fr\u00e4iz\u00e4it sinn ech an e puer Ver\u00e4iner an der Gemeng aktiv an ech sinn op nationalem Niveau bei engem Jugendmouvement engag\u00e9iert.<\/p>\n\n\n\n<p>Et l\u00e4it mer um H\u00e4erz, dass d\u2019Conter Gemeng mat all hiren Dierfer eng modern a liewensw\u00e4ert Gemeng g\u00ebtt, wou all Matbierger sech wuel fille soll. Besonnesch an de Punkte Mobilit\u00e9it, Digitalisatioun, Educatioun, Klimawandel, Famill a Finanze gesinn ech Handlungsbedarf fir d\u00e9i n\u00e4chst Joren an ech w\u00ebll hei mat Hand unzelee\u00ebn.<\/p>\n\n\n\n<p>Eric Eifes<\/p>\n\n\n\n<img decoding=\"async\" src=\"https:\/\/analytics.macknet.eu\/matomo.php?idsite=9&amp;rec=1&amp;url=https:\/\/www.dp.lu\/contern\/eric-eifes\/\" style=\"border:0\" alt=\"\" \/>\n","protected":false},"excerpt":{"rendered":"<p>51 Joer, Ekonomie-Professer, Conter Eric Eifes, 51 Joer, schafft als Ekonomie-Professer am Stater Koll\u00e9isch.Ech si bestuet an hunn zwee Kanner. Ech si Gemengeconseiller an an e puer Ver\u00e4iner engag\u00e9iert. Besonnesch um H\u00e4erz leie mir d&#8217;Theme Famill a Schoul, Mobilit\u00e9it, Finanzen an digital, s\u00e9cher a biergerno Gemengen. Ech si bestuet an hunn zwee Kanner. Viru 49 [&hellip;]<\/p>\n","protected":false},"author":569,"featured_media":0,"parent":0,"menu_order":0,"comment_status":"closed","ping_status":"closed","template":"","meta":{"footnotes":""},"class_list":["post-1186","page","type-page","status-publish","hentry","wpbf-post"],"_links":{"self":[{"href":"https:\/\/www.dp.lu\/contern\/wp-json\/wp\/v2\/pages\/1186","targetHints":{"allow":["GET"]}}],"collection":[{"href":"https:\/\/www.dp.lu\/contern\/wp-json\/wp\/v2\/pages"}],"about":[{"href":"https:\/\/www.dp.lu\/contern\/wp-json\/wp\/v2\/types\/page"}],"author":[{"embeddable":true,"href":"https:\/\/www.dp.lu\/contern\/wp-json\/wp\/v2\/users\/569"}],"replies":[{"embeddable":true,"href":"https:\/\/www.dp.lu\/contern\/wp-json\/wp\/v2\/comments?post=1186"}],"version-history":[{"count":5,"href":"https:\/\/www.dp.lu\/contern\/wp-json\/wp\/v2\/pages\/1186\/revisions"}],"predecessor-version":[{"id":1286,"href":"https:\/\/www.dp.lu\/contern\/wp-json\/wp\/v2\/pages\/1186\/revisions\/1286"}],"wp:attachment":[{"href":"https:\/\/www.dp.lu\/contern\/wp-json\/wp\/v2\/media?parent=1186"}],"curies":[{"name":"wp","href":"https:\/\/api.w.org\/{rel}","templated":true}]}}