{"id":228,"date":"2025-09-11T20:00:00","date_gmt":"2025-09-11T20:00:00","guid":{"rendered":"https:\/\/www.dp.lu\/dippech\/?page_id=228"},"modified":"2025-09-12T19:54:25","modified_gmt":"2025-09-12T19:54:25","slug":"news","status":"publish","type":"page","link":"https:\/\/www.dp.lu\/dippech\/news\/","title":{"rendered":"News"},"content":{"rendered":"\t\t<div data-elementor-type=\"wp-page\" data-elementor-id=\"228\" class=\"elementor elementor-228\" data-elementor-post-type=\"page\">\n\t\t\t\t\t\t<section class=\"elementor-section elementor-top-section elementor-element elementor-element-a670bc2 elementor-section-boxed elementor-section-height-default elementor-section-height-default\" data-id=\"a670bc2\" data-element_type=\"section\" data-e-type=\"section\">\n\t\t\t\t\t\t<div class=\"elementor-container elementor-column-gap-default\">\n\t\t\t\t\t<div class=\"elementor-column elementor-col-100 elementor-top-column elementor-element elementor-element-cd0cf32\" data-id=\"cd0cf32\" data-element_type=\"column\" data-e-type=\"column\">\n\t\t\t<div class=\"elementor-widget-wrap elementor-element-populated\">\n\t\t\t\t\t\t<div class=\"elementor-element elementor-element-4d029a4 result-list elementor-hidden-mobile elementor-widget elementor-widget-ucaddon_post_grid\" data-id=\"4d029a4\" data-element_type=\"widget\" data-e-type=\"widget\" data-widget_type=\"ucaddon_post_grid.default\">\n\t\t\t\t<div class=\"elementor-widget-container\">\n\t\t\t\t\t\n<!-- start Post Grid -->\n\t\t<link id='font-awesome-css' href='https:\/\/www.dp.lu\/dippech\/wp-content\/plugins\/unlimited-elements-for-elementor-premium\/assets_libraries\/font-awesome6\/fontawesome-all.min.css' type='text\/css' rel='stylesheet' >\n\t\t<link id='font-awesome-4-shim-css' href='https:\/\/www.dp.lu\/dippech\/wp-content\/plugins\/unlimited-elements-for-elementor-premium\/assets_libraries\/font-awesome6\/fontawesome-v4-shims.min.css' type='text\/css' rel='stylesheet' >\n\n<style>\/* widget: Post Grid *\/\n\n#uc_post_grid_elementor_4d029a4.ue-post-grid {\n   display:grid;\n}\n\n\n\n#uc_post_grid_elementor_4d029a4 .ue-item\n{\n  overflow:hidden;\n  position:relative;\n}\n\n#uc_post_grid_elementor_4d029a4 .uc_post_image\n{\n  transition:0.3s;\n  position:relative;\n  overflow:hidden;\n}\n\n#uc_post_grid_elementor_4d029a4 .uc_post_image img\n{\n  width:100%;\n  display:block;\n  transition:0.3s;\n}\n\n\n\t\n\n\n\n\n\n\n#uc_post_grid_elementor_4d029a4 .uc_post_image_overlay\n{\n  position:absolute;\n  top:0px;\n  left:0px;\n  height:100%;\n  width:100%;\n  transition:0.3s;\n}\n\n#uc_post_grid_elementor_4d029a4 .uc_more_btn{\n\n  display:inline-block;\n  text-align:center;\n  text-decoration:none;\n  transition:0.3s;\n}\n\n.ue-grid-item-category a\n{\n  display:inline-block;\n  font-size:10px;\n  \n}\n\n.uc_post_title\n{\n  font-size:21px;\n}\n\n\n\n\n\n\n\n\n\n\n\n\t#uc_post_grid_elementor_4d029a4 .ue-item\n    {\n      display:flex;\n    }\n\n\t#uc_post_grid_elementor_4d029a4 .uc_content\n    {\n      display:flex;\n      justify-content:center;\n      flex-direction:column;\n    }\n\n    #uc_post_grid_elementor_4d029a4 .uc_content \n    {\n\n      flex-shrink:0;\n      flex-grow:0;\n    }\n    #uc_post_grid_elementor_4d029a4 .ue-post-image-wrapper\n    {\n      flex-grow:1;\n    }\n\t\n\n\n\n\n\n\n\n\n\n\n#uc_post_grid_elementor_4d029a4 .ue-meta-data\n{\n  \n  display:flex;\n\n  flex-wrap: wrap;\n  line-height:1em;\n}\n\n#uc_post_grid_elementor_4d029a4 .ue-grid-item-meta-data\n{\n      display:inline-flex;\n      align-items:center;\n}\n\n.ue-grid-item-meta-data\n{\n  font-size:12px;\n}\n\n#uc_post_grid_elementor_4d029a4 .ue-grid-item-meta-data-icon\n{\n  line-height:1em;\n}\n\n#uc_post_grid_elementor_4d029a4 .ue-grid-item-meta-data-icon svg\n{\n  width:1em;\n  height:1em;\n}\n\n#uc_post_grid_elementor_4d029a4 .ue-debug-meta\n{\n  padding:10px;\n  border:1px solid red;\n  position:relative;\n  line-height:1.5em;\n  font-size:11px;\n  width:100%;\n}\n\n.uc-remote-parent .ue-item{\n\tcursor:pointer;\n}\n\n<\/style>\n\n<div class=\"ue-post-grid uc-items-wrapper  \" id=\"uc_post_grid_elementor_4d029a4\"  >\n\t\t\t<div class=\"ue-item \">\n  \n   <a class=\"ue-post-image-wrapper\" href=\"https:\/\/www.dp.lu\/dippech\/journee-de-la-commemoration-zu-dippech\/\" target=\"_self\">\n   <div class=\"uc_post_image\">\n   <img loading=\"lazy\" decoding=\"async\" src=\"https:\/\/www.dp.lu\/dippech\/wp-content\/uploads\/sites\/32\/2025\/10\/IMG_9238-768x576.jpeg\"  src=\"https:\/\/www.dp.lu\/dippech\/wp-content\/uploads\/sites\/32\/2025\/10\/IMG_9238-768x576.jpeg\" alt=\"IMG_9238\" width=\"768\" height=\"576\">\n   <div class=\"uc_post_image_overlay\"><\/div>\n   <\/div>\n  <\/a>\n   \n <div class=\"uc_content\">\n    <div>\n      \n           \n    \n  \n      \n      \n    <div class=\"uc_post_title\"><a href=\"https:\/\/www.dp.lu\/dippech\/journee-de-la-commemoration-zu-dippech\/\" target=\"_self\"><div>Journ\u00e9e de la comm\u00e9moration zu Dippech<\/div><\/a><\/div>\t\n    \n     \n     \n          <div class=\"ue-meta-data\">\n            <div class=\"ue-grid-item-meta-data\"><span class=\"ue-grid-item-meta-data-icon\"><i class='fas fa-calendar-week'><\/i><\/span>  19 October, 2025<\/div>            \n                        \n        \n\t\t\t\n\n\n\n\n\n\n\n\n\n\n\n\n            \n                        \n                        \n                        \n                        \n                        \n            \t\t\t\n              \n            \n          <\/div>\n     \n      \n      \n      \n     <div class=\"uc_post_text\"><\/div>    <div class=\"uc_post_button\"><a class=\"uc_more_btn\" href=\"https:\/\/www.dp.lu\/dippech\/journee-de-la-commemoration-zu-dippech\/\" target=\"_self\">weiderliesen...<\/a><\/div> \t<\/div>\n  <\/div>\n<\/div>\n<div class=\"ue-item \">\n  \n   <a class=\"ue-post-image-wrapper\" href=\"https:\/\/www.dp.lu\/dippech\/eischte-comite-no-der-summerpaus\/\" target=\"_self\">\n   <div class=\"uc_post_image\">\n   <img loading=\"lazy\" decoding=\"async\" src=\"https:\/\/www.dp.lu\/dippech\/wp-content\/uploads\/sites\/32\/2025\/09\/IMG_8808-768x319.jpeg\"  src=\"https:\/\/www.dp.lu\/dippech\/wp-content\/uploads\/sites\/32\/2025\/09\/IMG_8808-768x319.jpeg\" alt=\"IMG_8808\" width=\"768\" height=\"319\">\n   <div class=\"uc_post_image_overlay\"><\/div>\n   <\/div>\n  <\/a>\n   \n <div class=\"uc_content\">\n    <div>\n      \n           \n    \n  \n      \n      \n    <div class=\"uc_post_title\"><a href=\"https:\/\/www.dp.lu\/dippech\/eischte-comite-no-der-summerpaus\/\" target=\"_self\"><div>Eischte Comit\u00e9 no der Summerpaus<\/div><\/a><\/div>\t\n    \n     \n     \n          <div class=\"ue-meta-data\">\n            <div class=\"ue-grid-item-meta-data\"><span class=\"ue-grid-item-meta-data-icon\"><i class='fas fa-calendar-week'><\/i><\/span>  11 September, 2025<\/div>            \n                        \n        \n\t\t\t\n\n\n\n\n\n\n\n\n\n\n\n\n            \n                        \n                        \n                        \n                        \n                        \n            \t\t\t\n              \n            \n          <\/div>\n     \n      \n      \n      \n     <div class=\"uc_post_text\">No enger wuelverd\u00e9ngter Summerpaus\u00a0ass de Comit\u00e9 vun der DP Dippech den 11. September 2025\n zesumme komm. Mir\u00a0hu gutt geschafft\u00a0a si voll motiv\u00e9iert, eis Projeten unzegoen.<\/div>    <div class=\"uc_post_button\"><a class=\"uc_more_btn\" href=\"https:\/\/www.dp.lu\/dippech\/eischte-comite-no-der-summerpaus\/\" target=\"_self\">weiderliesen...<\/a><\/div> \t<\/div>\n  <\/div>\n<\/div>\n<div class=\"ue-item \">\n  \n   <a class=\"ue-post-image-wrapper\" href=\"https:\/\/www.dp.lu\/dippech\/lampecher-kiermes-2025\/\" target=\"_self\">\n   <div class=\"uc_post_image\">\n   <img loading=\"lazy\" decoding=\"async\" src=\"https:\/\/www.dp.lu\/dippech\/wp-content\/uploads\/sites\/32\/2025\/08\/Lampecher-Kiermes-2025-768x1023.jpeg\"  src=\"https:\/\/www.dp.lu\/dippech\/wp-content\/uploads\/sites\/32\/2025\/08\/Lampecher-Kiermes-2025-768x1023.jpeg\" alt=\"Lampecher Kiermes 2025\" width=\"768\" height=\"1023\">\n   <div class=\"uc_post_image_overlay\"><\/div>\n   <\/div>\n  <\/a>\n   \n <div class=\"uc_content\">\n    <div>\n      \n           \n    \n  \n      \n      \n    <div class=\"uc_post_title\"><a href=\"https:\/\/www.dp.lu\/dippech\/lampecher-kiermes-2025\/\" target=\"_self\"><div>Lampecher Kiermes 2025<\/div><\/a><\/div>\t\n    \n     \n     \n          <div class=\"ue-meta-data\">\n            <div class=\"ue-grid-item-meta-data\"><span class=\"ue-grid-item-meta-data-icon\"><i class='fas fa-calendar-week'><\/i><\/span>  17 August, 2025<\/div>            \n                        \n        \n\t\t\t\n\n\n\n\n\n\n\n\n\n\n\n\n            \n                        \n                        \n                        \n                        \n                        \n            \t\t\t\n              \n            \n          <\/div>\n     \n      \n      \n      \n     <div class=\"uc_post_text\">De Luc Emering an d'Elodie Decker op der Lampecher Kiermes.<\/div>    <div class=\"uc_post_button\"><a class=\"uc_more_btn\" href=\"https:\/\/www.dp.lu\/dippech\/lampecher-kiermes-2025\/\" target=\"_self\">weiderliesen...<\/a><\/div> \t<\/div>\n  <\/div>\n<\/div>\n<div class=\"ue-item \">\n  \n   <a class=\"ue-post-image-wrapper\" href=\"https:\/\/www.dp.lu\/dippech\/virowend-vu-nationalfeierdag-2025\/\" target=\"_self\">\n   <div class=\"uc_post_image\">\n   <img loading=\"lazy\" decoding=\"async\" src=\"https:\/\/www.dp.lu\/dippech\/wp-content\/uploads\/sites\/32\/2025\/07\/Nationalfeierdag-768x479.jpeg\"  src=\"https:\/\/www.dp.lu\/dippech\/wp-content\/uploads\/sites\/32\/2025\/07\/Nationalfeierdag-768x479.jpeg\" alt=\"Nationalfeierdag\" width=\"768\" height=\"479\">\n   <div class=\"uc_post_image_overlay\"><\/div>\n   <\/div>\n  <\/a>\n   \n <div class=\"uc_content\">\n    <div>\n      \n           \n    \n  \n      \n      \n    <div class=\"uc_post_title\"><a href=\"https:\/\/www.dp.lu\/dippech\/virowend-vu-nationalfeierdag-2025\/\" target=\"_self\"><div>Virowend vu Nationalfeierdag 2025<\/div><\/a><\/div>\t\n    \n     \n     \n          <div class=\"ue-meta-data\">\n            <div class=\"ue-grid-item-meta-data\"><span class=\"ue-grid-item-meta-data-icon\"><i class='fas fa-calendar-week'><\/i><\/span>  22 June, 2025<\/div>            \n                        \n        \n\t\t\t\n\n\n\n\n\n\n\n\n\n\n\n\n            \n                        \n                        \n                        \n                        \n                        \n            \t\t\t\n              \n            \n          <\/div>\n     \n      \n      \n      \n     <div class=\"uc_post_text\">Eis Memberen aus dem Gemengerot um Virowend vu Nationalfeierdag zu Dippech<\/div>    <div class=\"uc_post_button\"><a class=\"uc_more_btn\" href=\"https:\/\/www.dp.lu\/dippech\/virowend-vu-nationalfeierdag-2025\/\" target=\"_self\">weiderliesen...<\/a><\/div> \t<\/div>\n  <\/div>\n<\/div>\n<div class=\"ue-item \">\n  \n   <a class=\"ue-post-image-wrapper\" href=\"https:\/\/www.dp.lu\/dippech\/wahlprogramm-programme-electoral\/\" target=\"_self\">\n   <div class=\"uc_post_image\">\n   <img loading=\"lazy\" decoding=\"async\" src=\"https:\/\/www.dp.lu\/dippech\/wp-content\/uploads\/sites\/32\/2023\/05\/walprogramm-titel1-768x338.jpg\"  src=\"https:\/\/www.dp.lu\/dippech\/wp-content\/uploads\/sites\/32\/2023\/05\/walprogramm-titel1-768x338.jpg\" alt=\"walprogramm-titel1\" width=\"768\" height=\"338\">\n   <div class=\"uc_post_image_overlay\"><\/div>\n   <\/div>\n  <\/a>\n   \n <div class=\"uc_content\">\n    <div>\n      \n           \n    \n  \n      \n      \n    <div class=\"uc_post_title\"><a href=\"https:\/\/www.dp.lu\/dippech\/wahlprogramm-programme-electoral\/\" target=\"_self\"><div>Wahlprogramm - Programme \u00e9lectoral<\/div><\/a><\/div>\t\n    \n     \n     \n          <div class=\"ue-meta-data\">\n            <div class=\"ue-grid-item-meta-data\"><span class=\"ue-grid-item-meta-data-icon\"><i class='fas fa-calendar-week'><\/i><\/span>  16 May, 2023<\/div>            \n                        \n        \n\t\t\t\n\n\n\n\n\n\n\n\n\n\n\n\n            \n                        \n                        \n                        \n                        \n                        \n            \t\t\t\n              \n            \n          <\/div>\n     \n      \n      \n      \n     <div class=\"uc_post_text\">Election program - Programa eleitoral - Programma elettorale<\/div>    <div class=\"uc_post_button\"><a class=\"uc_more_btn\" href=\"https:\/\/www.dp.lu\/dippech\/wahlprogramm-programme-electoral\/\" target=\"_self\">weiderliesen...<\/a><\/div> \t<\/div>\n  <\/div>\n<\/div>\n<div class=\"ue-item \">\n  \n   <a class=\"ue-post-image-wrapper\" href=\"https:\/\/www.dp.lu\/dippech\/spill-a-spaass-um-bauerenhaff\/\" target=\"_self\">\n   <div class=\"uc_post_image\">\n   <img loading=\"lazy\" decoding=\"async\" src=\"https:\/\/www.dp.lu\/dippech\/wp-content\/uploads\/sites\/32\/2023\/04\/DP_Dippech_WEB_Cover-final-768x338.jpg\"  src=\"https:\/\/www.dp.lu\/dippech\/wp-content\/uploads\/sites\/32\/2023\/04\/DP_Dippech_WEB_Cover-final-768x338.jpg\" alt=\"DP_Dippech_WEB_Cover-final\" width=\"768\" height=\"338\">\n   <div class=\"uc_post_image_overlay\"><\/div>\n   <\/div>\n  <\/a>\n   \n <div class=\"uc_content\">\n    <div>\n      \n           \n    \n  \n      \n      \n    <div class=\"uc_post_title\"><a href=\"https:\/\/www.dp.lu\/dippech\/spill-a-spaass-um-bauerenhaff\/\" target=\"_self\"><div>Spill a Spaass um Bauerenhaff<\/div><\/a><\/div>\t\n    \n     \n     \n          <div class=\"ue-meta-data\">\n            <div class=\"ue-grid-item-meta-data\"><span class=\"ue-grid-item-meta-data-icon\"><i class='fas fa-calendar-week'><\/i><\/span>  21 April, 2023<\/div>            \n                        \n        \n\t\t\t\n\n\n\n\n\n\n\n\n\n\n\n\n            \n                        \n                        \n                        \n                        \n                        \n            \t\t\t\n              \n            \n          <\/div>\n     \n      \n      \n      \n     <div class=\"uc_post_text\">Verbr\u00e9ngt zesumme mat \u00e4rer Famill en onvergiessleche M\u00ebtteg mat eis.<\/div>    <div class=\"uc_post_button\"><a class=\"uc_more_btn\" href=\"https:\/\/www.dp.lu\/dippech\/spill-a-spaass-um-bauerenhaff\/\" target=\"_self\">weiderliesen...<\/a><\/div> \t<\/div>\n  <\/div>\n<\/div>\n<div class=\"ue-item \">\n  \n   <a class=\"ue-post-image-wrapper\" href=\"https:\/\/www.dp.lu\/dippech\/eise-bilan-notre-bilan-2017-2023\/\" target=\"_self\">\n   <div class=\"uc_post_image\">\n   <img loading=\"lazy\" decoding=\"async\" src=\"https:\/\/www.dp.lu\/dippech\/wp-content\/uploads\/sites\/32\/2023\/04\/2023_Dippach_LU_FR-768x338.jpg\"  src=\"https:\/\/www.dp.lu\/dippech\/wp-content\/uploads\/sites\/32\/2023\/04\/2023_Dippach_LU_FR-768x338.jpg\" alt=\"2023_Dippach_LU_FR\" width=\"768\" height=\"338\">\n   <div class=\"uc_post_image_overlay\"><\/div>\n   <\/div>\n  <\/a>\n   \n <div class=\"uc_content\">\n    <div>\n      \n           \n    \n  \n      \n      \n    <div class=\"uc_post_title\"><a href=\"https:\/\/www.dp.lu\/dippech\/eise-bilan-notre-bilan-2017-2023\/\" target=\"_self\"><div>Eise Bilan - Notre bilan 2017-2023<\/div><\/a><\/div>\t\n    \n     \n     \n          <div class=\"ue-meta-data\">\n            <div class=\"ue-grid-item-meta-data\"><span class=\"ue-grid-item-meta-data-icon\"><i class='fas fa-calendar-week'><\/i><\/span>  17 April, 2023<\/div>            \n                        \n        \n\t\t\t\n\n\n\n\n\n\n\n\n\n\n\n\n            \n                        \n                        \n                        \n                        \n                        \n            \t\t\t\n              \n            \n          <\/div>\n     \n      \n      \n      \n     <div class=\"uc_post_text\">D\u2019DP Dippech huet gewisen, dass se h\u00e4lt wat se verspr\u00e9cht. Zesumme mat eisem Koalitiounspartner hu mir eise Programm vun 2017 mat H\u00e4erz a S\u00e9il \u00ebmgesat.\n\nLe DP a montr\u00e9 qu\u2019il tient ses promesses. En collaboration avec notre partenaire de coalition, nous avons mis en oeuvre notre programme de 2017.<\/div>    <div class=\"uc_post_button\"><a class=\"uc_more_btn\" href=\"https:\/\/www.dp.lu\/dippech\/eise-bilan-notre-bilan-2017-2023\/\" target=\"_self\">weiderliesen...<\/a><\/div> \t<\/div>\n  <\/div>\n<\/div>\n<div class=\"ue-item \">\n  \n   <a class=\"ue-post-image-wrapper\" href=\"https:\/\/www.dp.lu\/dippech\/wir-ziehen-bilanz-our-report-2017-2023\/\" target=\"_self\">\n   <div class=\"uc_post_image\">\n   <img loading=\"lazy\" decoding=\"async\" src=\"https:\/\/www.dp.lu\/dippech\/wp-content\/uploads\/sites\/32\/2023\/04\/2023_Dippach_EN_DE-768x338.jpg\"  src=\"https:\/\/www.dp.lu\/dippech\/wp-content\/uploads\/sites\/32\/2023\/04\/2023_Dippach_EN_DE-768x338.jpg\" alt=\"2023_Dippach_EN_DE\" width=\"768\" height=\"338\">\n   <div class=\"uc_post_image_overlay\"><\/div>\n   <\/div>\n  <\/a>\n   \n <div class=\"uc_content\">\n    <div>\n      \n           \n    \n  \n      \n      \n    <div class=\"uc_post_title\"><a href=\"https:\/\/www.dp.lu\/dippech\/wir-ziehen-bilanz-our-report-2017-2023\/\" target=\"_self\"><div>Wir ziehen Bilanz - Our report 2017-2023<\/div><\/a><\/div>\t\n    \n     \n     \n          <div class=\"ue-meta-data\">\n            <div class=\"ue-grid-item-meta-data\"><span class=\"ue-grid-item-meta-data-icon\"><i class='fas fa-calendar-week'><\/i><\/span>  14 April, 2023<\/div>            \n                        \n        \n\t\t\t\n\n\n\n\n\n\n\n\n\n\n\n\n            \n                        \n                        \n                        \n                        \n                        \n            \t\t\t\n              \n            \n          <\/div>\n     \n      \n      \n      \n     <div class=\"uc_post_text\">Die DP hat gezeigt, dass sie ihre Versprechen h\u00e4lt. Gemeinsam mit unserem Koalitionspartner haben wir unser Programm von 2017 mit Herz und Seele umgesetzt.\n\nThe DP has shown that it keeps its promises. We have implemented our 2017 program with heart and soul, working alongside our coalition partner to make a positive impact.<\/div>    <div class=\"uc_post_button\"><a class=\"uc_more_btn\" href=\"https:\/\/www.dp.lu\/dippech\/wir-ziehen-bilanz-our-report-2017-2023\/\" target=\"_self\">weiderliesen...<\/a><\/div> \t<\/div>\n  <\/div>\n<\/div>\n<div class=\"ue-item \">\n  \n   <a class=\"ue-post-image-wrapper\" href=\"https:\/\/www.dp.lu\/dippech\/neijoerschpatt-2023\/\" target=\"_self\">\n   <div class=\"uc_post_image\">\n   <img loading=\"lazy\" decoding=\"async\" src=\"https:\/\/www.dp.lu\/dippech\/wp-content\/uploads\/sites\/32\/2022\/12\/neijoerschpatt-768x512.jpg\"  src=\"https:\/\/www.dp.lu\/dippech\/wp-content\/uploads\/sites\/32\/2022\/12\/neijoerschpatt-768x512.jpg\" alt=\"neijoerschpatt\" width=\"768\" height=\"512\">\n   <div class=\"uc_post_image_overlay\"><\/div>\n   <\/div>\n  <\/a>\n   \n <div class=\"uc_content\">\n    <div>\n      \n           \n    \n  \n      \n      \n    <div class=\"uc_post_title\"><a href=\"https:\/\/www.dp.lu\/dippech\/neijoerschpatt-2023\/\" target=\"_self\"><div>Neijoerschpatt 2023<\/div><\/a><\/div>\t\n    \n     \n     \n          <div class=\"ue-meta-data\">\n            <div class=\"ue-grid-item-meta-data\"><span class=\"ue-grid-item-meta-data-icon\"><i class='fas fa-calendar-week'><\/i><\/span>  22 December, 2022<\/div>            \n                        \n        \n\t\t\t\n\n\n\n\n\n\n\n\n\n\n\n\n            \n                        \n                        \n                        \n                        \n                        \n            \t\t\t\n              \n            \n          <\/div>\n     \n      \n      \n      \n     <div class=\"uc_post_text\">D\u2018DP Dippech invit\u00e9iert iech ganz h\u00e4erzlech op de Neijoerschpatt 2023.\n\nLe DP Dippach a le plaisir de vous inviter \u00e0 son pot de nouvel an 2023.<\/div>    <div class=\"uc_post_button\"><a class=\"uc_more_btn\" href=\"https:\/\/www.dp.lu\/dippech\/neijoerschpatt-2023\/\" target=\"_self\">weiderliesen...<\/a><\/div> \t<\/div>\n  <\/div>\n<\/div>\n<div class=\"ue-item \">\n  \n   <a class=\"ue-post-image-wrapper\" href=\"https:\/\/www.dp.lu\/dippech\/dippecher-demokrat-maerz-2022\/\" target=\"_self\">\n   <div class=\"uc_post_image\">\n   <img loading=\"lazy\" decoding=\"async\" src=\"https:\/\/www.dp.lu\/dippech\/wp-content\/uploads\/sites\/32\/2022\/12\/dippecher-demokrat-maerz-22-768x512.jpg\"  src=\"https:\/\/www.dp.lu\/dippech\/wp-content\/uploads\/sites\/32\/2022\/12\/dippecher-demokrat-maerz-22-768x512.jpg\" alt=\"dippecher-demokrat-maerz-22\" width=\"768\" height=\"512\">\n   <div class=\"uc_post_image_overlay\"><\/div>\n   <\/div>\n  <\/a>\n   \n <div class=\"uc_content\">\n    <div>\n      \n           \n    \n  \n      \n      \n    <div class=\"uc_post_title\"><a href=\"https:\/\/www.dp.lu\/dippech\/dippecher-demokrat-maerz-2022\/\" target=\"_self\"><div>Dippecher Demokrat - M\u00e4erz 2022<\/div><\/a><\/div>\t\n    \n     \n     \n          <div class=\"ue-meta-data\">\n            <div class=\"ue-grid-item-meta-data\"><span class=\"ue-grid-item-meta-data-icon\"><i class='fas fa-calendar-week'><\/i><\/span>  17 March, 2022<\/div>            \n                        \n        \n\t\t\t\n\n\n\n\n\n\n\n\n\n\n\n\n            \n                        \n                        \n                        \n                        \n                        \n            \t\t\t\n              \n            \n          <\/div>\n     \n      \n      \n      \n     <div class=\"uc_post_text\">Vun de Joren 2020 an 2021 behale m\u00e4r virun allem s\u00e9cherlech d\u2019Pandemie, d\u00e9i eisen Alldag best\u00ebmmt huet, als schlecht Er\u00ebnnerung an eisem Gediechtnes zer\u00e9ck. Covid-19 huet eis viru riseg Erausfuerderunge gestallt. Eis Gedanken an eist Matgefill ginn duerfir virop un all d\u00e9i, d\u00e9i \u00ebnnert deem schreckleche Virus gelidden hunn, an un d\u00e9i, d\u00e9i ee L\u00e9ifste verluer hunn.<\/div>    <div class=\"uc_post_button\"><a class=\"uc_more_btn\" href=\"https:\/\/www.dp.lu\/dippech\/dippecher-demokrat-maerz-2022\/\" target=\"_self\">weiderliesen...<\/a><\/div> \t<\/div>\n  <\/div>\n<\/div>\n\n<\/div>\n\n\n\n  <div id=\"uc_post_grid_elementor_4d029a4_empty_message\" class=\"ue-no-posts-found\"  style=\"display:none\" >No posts found<\/div>\n\n\n<!-- end Post Grid -->\t\t\t\t<\/div>\n\t\t\t\t<\/div>\n\t\t\t\t<div class=\"elementor-element elementor-element-057cd90 result-list elementor-hidden-desktop elementor-hidden-tablet elementor-widget elementor-widget-ucaddon_post_grid\" data-id=\"057cd90\" data-element_type=\"widget\" data-e-type=\"widget\" data-widget_type=\"ucaddon_post_grid.default\">\n\t\t\t\t<div class=\"elementor-widget-container\">\n\t\t\t\t\t\n<!-- start Post Grid -->\n\n<style>\/* widget: Post Grid *\/\n\n#uc_post_grid_elementor_057cd90.ue-post-grid {\n   display:grid;\n}\n\n\n\n#uc_post_grid_elementor_057cd90 .ue-item\n{\n  overflow:hidden;\n  position:relative;\n}\n\n#uc_post_grid_elementor_057cd90 .uc_post_image\n{\n  transition:0.3s;\n  position:relative;\n  overflow:hidden;\n}\n\n#uc_post_grid_elementor_057cd90 .uc_post_image img\n{\n  width:100%;\n  display:block;\n  transition:0.3s;\n}\n\n\n\t\n\n\n\n\n\n\n#uc_post_grid_elementor_057cd90 .uc_post_image_overlay\n{\n  position:absolute;\n  top:0px;\n  left:0px;\n  height:100%;\n  width:100%;\n  transition:0.3s;\n}\n\n#uc_post_grid_elementor_057cd90 .uc_more_btn{\n\n  display:inline-block;\n  text-align:center;\n  text-decoration:none;\n  transition:0.3s;\n}\n\n.ue-grid-item-category a\n{\n  display:inline-block;\n  font-size:10px;\n  \n}\n\n.uc_post_title\n{\n  font-size:21px;\n}\n\n\n#uc_post_grid_elementor_057cd90 .ue_post_grid_item\n{\n  display:flex;\n  flex-direction:column;\n}\n\n#uc_post_grid_elementor_057cd90.ue-post-grid .uc_content{\n flex-grow:1;\n}\n\n#uc_post_grid_elementor_057cd90.ue-post-grid .uc_content > div\n{\n  height:100%;\n  display:flex;\n  flex-direction:column;\n}\n\n#uc_post_grid_elementor_057cd90 .uc_post_button\n{\n  margin-top:auto;\n}\n\n\n\n\n\n\n\n\n\n\n\n\n\n\n\n\n\n\n\n\n\n#uc_post_grid_elementor_057cd90 .ue-meta-data\n{\n  \n  display:flex;\n\n  flex-wrap: wrap;\n  line-height:1em;\n}\n\n#uc_post_grid_elementor_057cd90 .ue-grid-item-meta-data\n{\n      display:inline-flex;\n      align-items:center;\n}\n\n.ue-grid-item-meta-data\n{\n  font-size:12px;\n}\n\n#uc_post_grid_elementor_057cd90 .ue-grid-item-meta-data-icon\n{\n  line-height:1em;\n}\n\n#uc_post_grid_elementor_057cd90 .ue-grid-item-meta-data-icon svg\n{\n  width:1em;\n  height:1em;\n}\n\n#uc_post_grid_elementor_057cd90 .ue-debug-meta\n{\n  padding:10px;\n  border:1px solid red;\n  position:relative;\n  line-height:1.5em;\n  font-size:11px;\n  width:100%;\n}\n\n.uc-remote-parent .ue-item{\n\tcursor:pointer;\n}\n\n<\/style>\n\n<div class=\"ue-post-grid uc-items-wrapper  \" id=\"uc_post_grid_elementor_057cd90\"  >\n\t\t\t<div class=\"ue-item \">\n  \n   <a class=\"ue-post-image-wrapper\" href=\"https:\/\/www.dp.lu\/dippech\/journee-de-la-commemoration-zu-dippech\/\" target=\"_self\">\n   <div class=\"uc_post_image\">\n   <img loading=\"lazy\" decoding=\"async\" src=\"https:\/\/www.dp.lu\/dippech\/wp-content\/uploads\/sites\/32\/2025\/10\/IMG_9238-768x576.jpeg\"  src=\"https:\/\/www.dp.lu\/dippech\/wp-content\/uploads\/sites\/32\/2025\/10\/IMG_9238-768x576.jpeg\" alt=\"IMG_9238\" width=\"768\" height=\"576\">\n   <div class=\"uc_post_image_overlay\"><\/div>\n   <\/div>\n  <\/a>\n   \n <div class=\"uc_content\">\n    <div>\n      \n           \n    \n  \n      \n      \n    <div class=\"uc_post_title\"><a href=\"https:\/\/www.dp.lu\/dippech\/journee-de-la-commemoration-zu-dippech\/\" target=\"_self\"><div>Journ\u00e9e de la comm\u00e9moration zu Dippech<\/div><\/a><\/div>\t\n    \n     \n     \n          <div class=\"ue-meta-data\">\n            <div class=\"ue-grid-item-meta-data\"><span class=\"ue-grid-item-meta-data-icon\"><i class='fas fa-calendar-week'><\/i><\/span>  19 October, 2025<\/div>            \n                        \n        \n\t\t\t\n\n\n\n\n\n\n\n\n\n\n\n\n            \n                        \n                        \n                        \n                        \n                        \n            \t\t\t\n              \n            \n          <\/div>\n     \n      \n      \n      \n     <div class=\"uc_post_text\"><\/div>    <div class=\"uc_post_button\"><a class=\"uc_more_btn\" href=\"https:\/\/www.dp.lu\/dippech\/journee-de-la-commemoration-zu-dippech\/\" target=\"_self\">weiderliesen...<\/a><\/div> \t<\/div>\n  <\/div>\n<\/div>\n<div class=\"ue-item \">\n  \n   <a class=\"ue-post-image-wrapper\" href=\"https:\/\/www.dp.lu\/dippech\/eischte-comite-no-der-summerpaus\/\" target=\"_self\">\n   <div class=\"uc_post_image\">\n   <img loading=\"lazy\" decoding=\"async\" src=\"https:\/\/www.dp.lu\/dippech\/wp-content\/uploads\/sites\/32\/2025\/09\/IMG_8808-768x319.jpeg\"  src=\"https:\/\/www.dp.lu\/dippech\/wp-content\/uploads\/sites\/32\/2025\/09\/IMG_8808-768x319.jpeg\" alt=\"IMG_8808\" width=\"768\" height=\"319\">\n   <div class=\"uc_post_image_overlay\"><\/div>\n   <\/div>\n  <\/a>\n   \n <div class=\"uc_content\">\n    <div>\n      \n           \n    \n  \n      \n      \n    <div class=\"uc_post_title\"><a href=\"https:\/\/www.dp.lu\/dippech\/eischte-comite-no-der-summerpaus\/\" target=\"_self\"><div>Eischte Comit\u00e9 no der Summerpaus<\/div><\/a><\/div>\t\n    \n     \n     \n          <div class=\"ue-meta-data\">\n            <div class=\"ue-grid-item-meta-data\"><span class=\"ue-grid-item-meta-data-icon\"><i class='fas fa-calendar-week'><\/i><\/span>  11 September, 2025<\/div>            \n                        \n        \n\t\t\t\n\n\n\n\n\n\n\n\n\n\n\n\n            \n                        \n                        \n                        \n                        \n                        \n            \t\t\t\n              \n            \n          <\/div>\n     \n      \n      \n      \n     <div class=\"uc_post_text\">No enger wuelverd\u00e9ngter Summerpaus\u00a0ass de Comit\u00e9 vun der DP Dippech den 11. September 2025\n zesumme komm. Mir\u00a0hu gutt geschafft\u00a0a si voll motiv\u00e9iert, eis Projeten unzegoen.<\/div>    <div class=\"uc_post_button\"><a class=\"uc_more_btn\" href=\"https:\/\/www.dp.lu\/dippech\/eischte-comite-no-der-summerpaus\/\" target=\"_self\">weiderliesen...<\/a><\/div> \t<\/div>\n  <\/div>\n<\/div>\n<div class=\"ue-item \">\n  \n   <a class=\"ue-post-image-wrapper\" href=\"https:\/\/www.dp.lu\/dippech\/lampecher-kiermes-2025\/\" target=\"_self\">\n   <div class=\"uc_post_image\">\n   <img loading=\"lazy\" decoding=\"async\" src=\"https:\/\/www.dp.lu\/dippech\/wp-content\/uploads\/sites\/32\/2025\/08\/Lampecher-Kiermes-2025-768x1023.jpeg\"  src=\"https:\/\/www.dp.lu\/dippech\/wp-content\/uploads\/sites\/32\/2025\/08\/Lampecher-Kiermes-2025-768x1023.jpeg\" alt=\"Lampecher Kiermes 2025\" width=\"768\" height=\"1023\">\n   <div class=\"uc_post_image_overlay\"><\/div>\n   <\/div>\n  <\/a>\n   \n <div class=\"uc_content\">\n    <div>\n      \n           \n    \n  \n      \n      \n    <div class=\"uc_post_title\"><a href=\"https:\/\/www.dp.lu\/dippech\/lampecher-kiermes-2025\/\" target=\"_self\"><div>Lampecher Kiermes 2025<\/div><\/a><\/div>\t\n    \n     \n     \n          <div class=\"ue-meta-data\">\n            <div class=\"ue-grid-item-meta-data\"><span class=\"ue-grid-item-meta-data-icon\"><i class='fas fa-calendar-week'><\/i><\/span>  17 August, 2025<\/div>            \n                        \n        \n\t\t\t\n\n\n\n\n\n\n\n\n\n\n\n\n            \n                        \n                        \n                        \n                        \n                        \n            \t\t\t\n              \n            \n          <\/div>\n     \n      \n      \n      \n     <div class=\"uc_post_text\">De Luc Emering an d'Elodie Decker op der Lampecher Kiermes.<\/div>    <div class=\"uc_post_button\"><a class=\"uc_more_btn\" href=\"https:\/\/www.dp.lu\/dippech\/lampecher-kiermes-2025\/\" target=\"_self\">weiderliesen...<\/a><\/div> \t<\/div>\n  <\/div>\n<\/div>\n<div class=\"ue-item \">\n  \n   <a class=\"ue-post-image-wrapper\" href=\"https:\/\/www.dp.lu\/dippech\/virowend-vu-nationalfeierdag-2025\/\" target=\"_self\">\n   <div class=\"uc_post_image\">\n   <img loading=\"lazy\" decoding=\"async\" src=\"https:\/\/www.dp.lu\/dippech\/wp-content\/uploads\/sites\/32\/2025\/07\/Nationalfeierdag-768x479.jpeg\"  src=\"https:\/\/www.dp.lu\/dippech\/wp-content\/uploads\/sites\/32\/2025\/07\/Nationalfeierdag-768x479.jpeg\" alt=\"Nationalfeierdag\" width=\"768\" height=\"479\">\n   <div class=\"uc_post_image_overlay\"><\/div>\n   <\/div>\n  <\/a>\n   \n <div class=\"uc_content\">\n    <div>\n      \n           \n    \n  \n      \n      \n    <div class=\"uc_post_title\"><a href=\"https:\/\/www.dp.lu\/dippech\/virowend-vu-nationalfeierdag-2025\/\" target=\"_self\"><div>Virowend vu Nationalfeierdag 2025<\/div><\/a><\/div>\t\n    \n     \n     \n          <div class=\"ue-meta-data\">\n            <div class=\"ue-grid-item-meta-data\"><span class=\"ue-grid-item-meta-data-icon\"><i class='fas fa-calendar-week'><\/i><\/span>  22 June, 2025<\/div>            \n                        \n        \n\t\t\t\n\n\n\n\n\n\n\n\n\n\n\n\n            \n                        \n                        \n                        \n                        \n                        \n            \t\t\t\n              \n            \n          <\/div>\n     \n      \n      \n      \n     <div class=\"uc_post_text\">Eis Memberen aus dem Gemengerot um Virowend vu Nationalfeierdag zu Dippech<\/div>    <div class=\"uc_post_button\"><a class=\"uc_more_btn\" href=\"https:\/\/www.dp.lu\/dippech\/virowend-vu-nationalfeierdag-2025\/\" target=\"_self\">weiderliesen...<\/a><\/div> \t<\/div>\n  <\/div>\n<\/div>\n<div class=\"ue-item \">\n  \n   <a class=\"ue-post-image-wrapper\" href=\"https:\/\/www.dp.lu\/dippech\/wahlprogramm-programme-electoral\/\" target=\"_self\">\n   <div class=\"uc_post_image\">\n   <img loading=\"lazy\" decoding=\"async\" src=\"https:\/\/www.dp.lu\/dippech\/wp-content\/uploads\/sites\/32\/2023\/05\/walprogramm-titel1-768x338.jpg\"  src=\"https:\/\/www.dp.lu\/dippech\/wp-content\/uploads\/sites\/32\/2023\/05\/walprogramm-titel1-768x338.jpg\" alt=\"walprogramm-titel1\" width=\"768\" height=\"338\">\n   <div class=\"uc_post_image_overlay\"><\/div>\n   <\/div>\n  <\/a>\n   \n <div class=\"uc_content\">\n    <div>\n      \n           \n    \n  \n      \n      \n    <div class=\"uc_post_title\"><a href=\"https:\/\/www.dp.lu\/dippech\/wahlprogramm-programme-electoral\/\" target=\"_self\"><div>Wahlprogramm - Programme \u00e9lectoral<\/div><\/a><\/div>\t\n    \n     \n     \n          <div class=\"ue-meta-data\">\n            <div class=\"ue-grid-item-meta-data\"><span class=\"ue-grid-item-meta-data-icon\"><i class='fas fa-calendar-week'><\/i><\/span>  16 May, 2023<\/div>            \n                        \n        \n\t\t\t\n\n\n\n\n\n\n\n\n\n\n\n\n            \n                        \n                        \n                        \n                        \n                        \n            \t\t\t\n              \n            \n          <\/div>\n     \n      \n      \n      \n     <div class=\"uc_post_text\">Election program - Programa eleitoral - Programma elettorale<\/div>    <div class=\"uc_post_button\"><a class=\"uc_more_btn\" href=\"https:\/\/www.dp.lu\/dippech\/wahlprogramm-programme-electoral\/\" target=\"_self\">weiderliesen...<\/a><\/div> \t<\/div>\n  <\/div>\n<\/div>\n<div class=\"ue-item \">\n  \n   <a class=\"ue-post-image-wrapper\" href=\"https:\/\/www.dp.lu\/dippech\/spill-a-spaass-um-bauerenhaff\/\" target=\"_self\">\n   <div class=\"uc_post_image\">\n   <img loading=\"lazy\" decoding=\"async\" src=\"https:\/\/www.dp.lu\/dippech\/wp-content\/uploads\/sites\/32\/2023\/04\/DP_Dippech_WEB_Cover-final-768x338.jpg\"  src=\"https:\/\/www.dp.lu\/dippech\/wp-content\/uploads\/sites\/32\/2023\/04\/DP_Dippech_WEB_Cover-final-768x338.jpg\" alt=\"DP_Dippech_WEB_Cover-final\" width=\"768\" height=\"338\">\n   <div class=\"uc_post_image_overlay\"><\/div>\n   <\/div>\n  <\/a>\n   \n <div class=\"uc_content\">\n    <div>\n      \n           \n    \n  \n      \n      \n    <div class=\"uc_post_title\"><a href=\"https:\/\/www.dp.lu\/dippech\/spill-a-spaass-um-bauerenhaff\/\" target=\"_self\"><div>Spill a Spaass um Bauerenhaff<\/div><\/a><\/div>\t\n    \n     \n     \n          <div class=\"ue-meta-data\">\n            <div class=\"ue-grid-item-meta-data\"><span class=\"ue-grid-item-meta-data-icon\"><i class='fas fa-calendar-week'><\/i><\/span>  21 April, 2023<\/div>            \n                        \n        \n\t\t\t\n\n\n\n\n\n\n\n\n\n\n\n\n            \n                        \n                        \n                        \n                        \n                        \n            \t\t\t\n              \n            \n          <\/div>\n     \n      \n      \n      \n     <div class=\"uc_post_text\">Verbr\u00e9ngt zesumme mat \u00e4rer Famill en onvergiessleche M\u00ebtteg mat eis.<\/div>    <div class=\"uc_post_button\"><a class=\"uc_more_btn\" href=\"https:\/\/www.dp.lu\/dippech\/spill-a-spaass-um-bauerenhaff\/\" target=\"_self\">weiderliesen...<\/a><\/div> \t<\/div>\n  <\/div>\n<\/div>\n<div class=\"ue-item \">\n  \n   <a class=\"ue-post-image-wrapper\" href=\"https:\/\/www.dp.lu\/dippech\/eise-bilan-notre-bilan-2017-2023\/\" target=\"_self\">\n   <div class=\"uc_post_image\">\n   <img loading=\"lazy\" decoding=\"async\" src=\"https:\/\/www.dp.lu\/dippech\/wp-content\/uploads\/sites\/32\/2023\/04\/2023_Dippach_LU_FR-768x338.jpg\"  src=\"https:\/\/www.dp.lu\/dippech\/wp-content\/uploads\/sites\/32\/2023\/04\/2023_Dippach_LU_FR-768x338.jpg\" alt=\"2023_Dippach_LU_FR\" width=\"768\" height=\"338\">\n   <div class=\"uc_post_image_overlay\"><\/div>\n   <\/div>\n  <\/a>\n   \n <div class=\"uc_content\">\n    <div>\n      \n           \n    \n  \n      \n      \n    <div class=\"uc_post_title\"><a href=\"https:\/\/www.dp.lu\/dippech\/eise-bilan-notre-bilan-2017-2023\/\" target=\"_self\"><div>Eise Bilan - Notre bilan 2017-2023<\/div><\/a><\/div>\t\n    \n     \n     \n          <div class=\"ue-meta-data\">\n            <div class=\"ue-grid-item-meta-data\"><span class=\"ue-grid-item-meta-data-icon\"><i class='fas fa-calendar-week'><\/i><\/span>  17 April, 2023<\/div>            \n                        \n        \n\t\t\t\n\n\n\n\n\n\n\n\n\n\n\n\n            \n                        \n                        \n                        \n                        \n                        \n            \t\t\t\n              \n            \n          <\/div>\n     \n      \n      \n      \n     <div class=\"uc_post_text\">D\u2019DP Dippech huet gewisen, dass se h\u00e4lt wat se verspr\u00e9cht. Zesumme mat eisem Koalitiounspartner hu mir eise Programm vun 2017 mat H\u00e4erz a S\u00e9il \u00ebmgesat.\n\nLe DP a montr\u00e9 qu\u2019il tient ses promesses. En collaboration avec notre partenaire de coalition, nous avons mis en oeuvre notre programme de 2017.<\/div>    <div class=\"uc_post_button\"><a class=\"uc_more_btn\" href=\"https:\/\/www.dp.lu\/dippech\/eise-bilan-notre-bilan-2017-2023\/\" target=\"_self\">weiderliesen...<\/a><\/div> \t<\/div>\n  <\/div>\n<\/div>\n<div class=\"ue-item \">\n  \n   <a class=\"ue-post-image-wrapper\" href=\"https:\/\/www.dp.lu\/dippech\/wir-ziehen-bilanz-our-report-2017-2023\/\" target=\"_self\">\n   <div class=\"uc_post_image\">\n   <img loading=\"lazy\" decoding=\"async\" src=\"https:\/\/www.dp.lu\/dippech\/wp-content\/uploads\/sites\/32\/2023\/04\/2023_Dippach_EN_DE-768x338.jpg\"  src=\"https:\/\/www.dp.lu\/dippech\/wp-content\/uploads\/sites\/32\/2023\/04\/2023_Dippach_EN_DE-768x338.jpg\" alt=\"2023_Dippach_EN_DE\" width=\"768\" height=\"338\">\n   <div class=\"uc_post_image_overlay\"><\/div>\n   <\/div>\n  <\/a>\n   \n <div class=\"uc_content\">\n    <div>\n      \n           \n    \n  \n      \n      \n    <div class=\"uc_post_title\"><a href=\"https:\/\/www.dp.lu\/dippech\/wir-ziehen-bilanz-our-report-2017-2023\/\" target=\"_self\"><div>Wir ziehen Bilanz - Our report 2017-2023<\/div><\/a><\/div>\t\n    \n     \n     \n          <div class=\"ue-meta-data\">\n            <div class=\"ue-grid-item-meta-data\"><span class=\"ue-grid-item-meta-data-icon\"><i class='fas fa-calendar-week'><\/i><\/span>  14 April, 2023<\/div>            \n                        \n        \n\t\t\t\n\n\n\n\n\n\n\n\n\n\n\n\n            \n                        \n                        \n                        \n                        \n                        \n            \t\t\t\n              \n            \n          <\/div>\n     \n      \n      \n      \n     <div class=\"uc_post_text\">Die DP hat gezeigt, dass sie ihre Versprechen h\u00e4lt. Gemeinsam mit unserem Koalitionspartner haben wir unser Programm von 2017 mit Herz und Seele umgesetzt.\n\nThe DP has shown that it keeps its promises. We have implemented our 2017 program with heart and soul, working alongside our coalition partner to make a positive impact.<\/div>    <div class=\"uc_post_button\"><a class=\"uc_more_btn\" href=\"https:\/\/www.dp.lu\/dippech\/wir-ziehen-bilanz-our-report-2017-2023\/\" target=\"_self\">weiderliesen...<\/a><\/div> \t<\/div>\n  <\/div>\n<\/div>\n<div class=\"ue-item \">\n  \n   <a class=\"ue-post-image-wrapper\" href=\"https:\/\/www.dp.lu\/dippech\/neijoerschpatt-2023\/\" target=\"_self\">\n   <div class=\"uc_post_image\">\n   <img loading=\"lazy\" decoding=\"async\" src=\"https:\/\/www.dp.lu\/dippech\/wp-content\/uploads\/sites\/32\/2022\/12\/neijoerschpatt-768x512.jpg\"  src=\"https:\/\/www.dp.lu\/dippech\/wp-content\/uploads\/sites\/32\/2022\/12\/neijoerschpatt-768x512.jpg\" alt=\"neijoerschpatt\" width=\"768\" height=\"512\">\n   <div class=\"uc_post_image_overlay\"><\/div>\n   <\/div>\n  <\/a>\n   \n <div class=\"uc_content\">\n    <div>\n      \n           \n    \n  \n      \n      \n    <div class=\"uc_post_title\"><a href=\"https:\/\/www.dp.lu\/dippech\/neijoerschpatt-2023\/\" target=\"_self\"><div>Neijoerschpatt 2023<\/div><\/a><\/div>\t\n    \n     \n     \n          <div class=\"ue-meta-data\">\n            <div class=\"ue-grid-item-meta-data\"><span class=\"ue-grid-item-meta-data-icon\"><i class='fas fa-calendar-week'><\/i><\/span>  22 December, 2022<\/div>            \n                        \n        \n\t\t\t\n\n\n\n\n\n\n\n\n\n\n\n\n            \n                        \n                        \n                        \n                        \n                        \n            \t\t\t\n              \n            \n          <\/div>\n     \n      \n      \n      \n     <div class=\"uc_post_text\">D\u2018DP Dippech invit\u00e9iert iech ganz h\u00e4erzlech op de Neijoerschpatt 2023.\n\nLe DP Dippach a le plaisir de vous inviter \u00e0 son pot de nouvel an 2023.<\/div>    <div class=\"uc_post_button\"><a class=\"uc_more_btn\" href=\"https:\/\/www.dp.lu\/dippech\/neijoerschpatt-2023\/\" target=\"_self\">weiderliesen...<\/a><\/div> \t<\/div>\n  <\/div>\n<\/div>\n<div class=\"ue-item \">\n  \n   <a class=\"ue-post-image-wrapper\" href=\"https:\/\/www.dp.lu\/dippech\/dippecher-demokrat-maerz-2022\/\" target=\"_self\">\n   <div class=\"uc_post_image\">\n   <img loading=\"lazy\" decoding=\"async\" src=\"https:\/\/www.dp.lu\/dippech\/wp-content\/uploads\/sites\/32\/2022\/12\/dippecher-demokrat-maerz-22-768x512.jpg\"  src=\"https:\/\/www.dp.lu\/dippech\/wp-content\/uploads\/sites\/32\/2022\/12\/dippecher-demokrat-maerz-22-768x512.jpg\" alt=\"dippecher-demokrat-maerz-22\" width=\"768\" height=\"512\">\n   <div class=\"uc_post_image_overlay\"><\/div>\n   <\/div>\n  <\/a>\n   \n <div class=\"uc_content\">\n    <div>\n      \n           \n    \n  \n      \n      \n    <div class=\"uc_post_title\"><a href=\"https:\/\/www.dp.lu\/dippech\/dippecher-demokrat-maerz-2022\/\" target=\"_self\"><div>Dippecher Demokrat - M\u00e4erz 2022<\/div><\/a><\/div>\t\n    \n     \n     \n          <div class=\"ue-meta-data\">\n            <div class=\"ue-grid-item-meta-data\"><span class=\"ue-grid-item-meta-data-icon\"><i class='fas fa-calendar-week'><\/i><\/span>  17 March, 2022<\/div>            \n                        \n        \n\t\t\t\n\n\n\n\n\n\n\n\n\n\n\n\n            \n                        \n                        \n                        \n                        \n                        \n            \t\t\t\n              \n            \n          <\/div>\n     \n      \n      \n      \n     <div class=\"uc_post_text\">Vun de Joren 2020 an 2021 behale m\u00e4r virun allem s\u00e9cherlech d\u2019Pandemie, d\u00e9i eisen Alldag best\u00ebmmt huet, als schlecht Er\u00ebnnerung an eisem Gediechtnes zer\u00e9ck. Covid-19 huet eis viru riseg Erausfuerderunge gestallt. Eis Gedanken an eist Matgefill ginn duerfir virop un all d\u00e9i, d\u00e9i \u00ebnnert deem schreckleche Virus gelidden hunn, an un d\u00e9i, d\u00e9i ee L\u00e9ifste verluer hunn.<\/div>    <div class=\"uc_post_button\"><a class=\"uc_more_btn\" href=\"https:\/\/www.dp.lu\/dippech\/dippecher-demokrat-maerz-2022\/\" target=\"_self\">weiderliesen...<\/a><\/div> \t<\/div>\n  <\/div>\n<\/div>\n\n<\/div>\n\n\n\n  <div id=\"uc_post_grid_elementor_057cd90_empty_message\" class=\"ue-no-posts-found\"  style=\"display:none\" >No posts found<\/div>\n\n\n<!-- end Post Grid -->\t\t\t\t<\/div>\n\t\t\t\t<\/div>\n\t\t\t\t\t<\/div>\n\t\t<\/div>\n\t\t\t\t\t<\/div>\n\t\t<\/section>\n\t\t\t\t<\/div>\n\t\t","protected":false},"excerpt":{"rendered":"<p>\/* widget: Post Grid *\/ #uc_post_grid_elementor15902.ue-post-grid { display:grid; } #uc_post_grid_elementor15902 .ue-item { overflow:hidden; position:relative; } #uc_post_grid_elementor15902 .uc_post_image { transition:0.3s; position:relative; overflow:hidden; } #uc_post_grid_elementor15902 .uc_post_image img { width:100%; display:block; transition:0.3s; } #uc_post_grid_elementor15902 .uc_post_image_overlay { position:absolute; top:0px; left:0px; height:100%; width:100%; transition:0.3s; } #uc_post_grid_elementor15902 .uc_more_btn{ display:inline-block; text-align:center; text-decoration:none; transition:0.3s; } .ue-grid-item-category a { display:inline-block; font-size:10px; } .uc_post_title { [&hellip;]<\/p>\n","protected":false},"author":2,"featured_media":524,"parent":0,"menu_order":0,"comment_status":"closed","ping_status":"closed","template":"","meta":{"footnotes":""},"class_list":["post-228","page","type-page","status-publish","has-post-thumbnail","hentry","wpbf-post"],"_links":{"self":[{"href":"https:\/\/www.dp.lu\/dippech\/wp-json\/wp\/v2\/pages\/228","targetHints":{"allow":["GET"]}}],"collection":[{"href":"https:\/\/www.dp.lu\/dippech\/wp-json\/wp\/v2\/pages"}],"about":[{"href":"https:\/\/www.dp.lu\/dippech\/wp-json\/wp\/v2\/types\/page"}],"author":[{"embeddable":true,"href":"https:\/\/www.dp.lu\/dippech\/wp-json\/wp\/v2\/users\/2"}],"replies":[{"embeddable":true,"href":"https:\/\/www.dp.lu\/dippech\/wp-json\/wp\/v2\/comments?post=228"}],"version-history":[{"count":5,"href":"https:\/\/www.dp.lu\/dippech\/wp-json\/wp\/v2\/pages\/228\/revisions"}],"predecessor-version":[{"id":531,"href":"https:\/\/www.dp.lu\/dippech\/wp-json\/wp\/v2\/pages\/228\/revisions\/531"}],"wp:featuredmedia":[{"embeddable":true,"href":"https:\/\/www.dp.lu\/dippech\/wp-json\/wp\/v2\/media\/524"}],"wp:attachment":[{"href":"https:\/\/www.dp.lu\/dippech\/wp-json\/wp\/v2\/media?parent=228"}],"curies":[{"name":"wp","href":"https:\/\/api.w.org\/{rel}","templated":true}]}}