{"id":226,"date":"2023-03-06T15:07:48","date_gmt":"2023-03-06T15:07:48","guid":{"rendered":"https:\/\/www.dp.lu\/esch\/?page_id=226"},"modified":"2023-05-30T10:56:11","modified_gmt":"2023-05-30T10:56:11","slug":"news","status":"publish","type":"page","link":"https:\/\/www.dp.lu\/esch\/news\/","title":{"rendered":"News"},"content":{"rendered":"\t\t<div data-elementor-type=\"wp-page\" data-elementor-id=\"226\" class=\"elementor elementor-226\" data-elementor-post-type=\"page\">\n\t\t\t\t\t\t<section class=\"elementor-section elementor-top-section elementor-element elementor-element-817d011 elementor-section-boxed elementor-section-height-default elementor-section-height-default\" data-id=\"817d011\" data-element_type=\"section\" data-e-type=\"section\">\n\t\t\t\t\t\t<div class=\"elementor-container elementor-column-gap-default\">\n\t\t\t\t\t<div class=\"elementor-column elementor-col-100 elementor-top-column elementor-element elementor-element-4280f36\" data-id=\"4280f36\" data-element_type=\"column\" data-e-type=\"column\">\n\t\t\t<div class=\"elementor-widget-wrap elementor-element-populated\">\n\t\t\t\t\t\t<div class=\"elementor-element elementor-element-485d451 result-list elementor-hidden-mobile elementor-widget elementor-widget-ucaddon_post_grid\" data-id=\"485d451\" data-element_type=\"widget\" data-e-type=\"widget\" data-widget_type=\"ucaddon_post_grid.default\">\n\t\t\t\t<div class=\"elementor-widget-container\">\n\t\t\t\t\t\n<!-- start Post Grid -->\n\t\t<link id='font-awesome-css' href='https:\/\/www.dp.lu\/esch\/wp-content\/plugins\/unlimited-elements-for-elementor-premium\/assets_libraries\/font-awesome6\/fontawesome-all.min.css' type='text\/css' rel='stylesheet' >\n\t\t<link id='font-awesome-4-shim-css' href='https:\/\/www.dp.lu\/esch\/wp-content\/plugins\/unlimited-elements-for-elementor-premium\/assets_libraries\/font-awesome6\/fontawesome-v4-shims.min.css' type='text\/css' rel='stylesheet' >\n\n<style>\/* widget: Post Grid *\/\n\n#uc_post_grid_elementor_485d451.ue-post-grid {\n   display:grid;\n}\n\n\n\n#uc_post_grid_elementor_485d451 .ue-item\n{\n  overflow:hidden;\n  position:relative;\n}\n\n#uc_post_grid_elementor_485d451 .uc_post_image\n{\n  transition:0.3s;\n  position:relative;\n  overflow:hidden;\n}\n\n#uc_post_grid_elementor_485d451 .uc_post_image img\n{\n  width:100%;\n  display:block;\n  transition:0.3s;\n}\n\n\n\t\n\n\n\n\n\n\n#uc_post_grid_elementor_485d451 .uc_post_image_overlay\n{\n  position:absolute;\n  top:0px;\n  left:0px;\n  height:100%;\n  width:100%;\n  transition:0.3s;\n}\n\n#uc_post_grid_elementor_485d451 .uc_more_btn{\n\n  display:inline-block;\n  text-align:center;\n  text-decoration:none;\n  transition:0.3s;\n}\n\n.ue-grid-item-category a\n{\n  display:inline-block;\n  font-size:10px;\n  \n}\n\n.uc_post_title\n{\n  font-size:21px;\n}\n\n\n\n\n\n\n\n\n\n\n\n\t#uc_post_grid_elementor_485d451 .ue-item\n    {\n      display:flex;\n    }\n\n\t#uc_post_grid_elementor_485d451 .uc_content\n    {\n      display:flex;\n      justify-content:center;\n      flex-direction:column;\n    }\n\n    #uc_post_grid_elementor_485d451 .uc_content \n    {\n\n      flex-shrink:0;\n      flex-grow:0;\n    }\n    #uc_post_grid_elementor_485d451 .ue-post-image-wrapper\n    {\n      flex-grow:1;\n    }\n\t\n\n\n\n\n\n\n\n\n\n\n#uc_post_grid_elementor_485d451 .ue-meta-data\n{\n  \n  display:flex;\n\n  flex-wrap: wrap;\n  line-height:1em;\n}\n\n#uc_post_grid_elementor_485d451 .ue-grid-item-meta-data\n{\n      display:inline-flex;\n      align-items:center;\n}\n\n.ue-grid-item-meta-data\n{\n  font-size:12px;\n}\n\n#uc_post_grid_elementor_485d451 .ue-grid-item-meta-data-icon\n{\n  line-height:1em;\n}\n\n#uc_post_grid_elementor_485d451 .ue-grid-item-meta-data-icon svg\n{\n  width:1em;\n  height:1em;\n}\n\n#uc_post_grid_elementor_485d451 .ue-debug-meta\n{\n  padding:10px;\n  border:1px solid red;\n  position:relative;\n  line-height:1.5em;\n  font-size:11px;\n  width:100%;\n}\n\n.uc-remote-parent .ue-item{\n\tcursor:pointer;\n}\n\n<\/style>\n\n<div class=\"ue-post-grid uc-items-wrapper  \" id=\"uc_post_grid_elementor_485d451\"  >\n\t\t\t<div class=\"ue-item \">\n  \n   <a class=\"ue-post-image-wrapper\" href=\"https:\/\/www.dp.lu\/esch\/our-electoral-program-in-six-languages\/\" target=\"_self\">\n   <div class=\"uc_post_image\">\n   <img loading=\"lazy\" decoding=\"async\" src=\"https:\/\/www.dp.lu\/esch\/wp-content\/uploads\/sites\/9\/2023\/05\/ElectoralProgram-768x472.jpg\"  src=\"https:\/\/www.dp.lu\/esch\/wp-content\/uploads\/sites\/9\/2023\/05\/ElectoralProgram-768x472.jpg\" alt=\"ElectoralProgram\" width=\"768\" height=\"472\">\n   <div class=\"uc_post_image_overlay\"><\/div>\n   <\/div>\n  <\/a>\n   \n <div class=\"uc_content\">\n    <div>\n      \n           \n    \n  \n      \n      \n    <div class=\"uc_post_title\"><a href=\"https:\/\/www.dp.lu\/esch\/our-electoral-program-in-six-languages\/\" target=\"_self\"><div>Our electoral program in six languages<\/div><\/a><\/div>\t\n    \n     \n     \n          <div class=\"ue-meta-data\">\n            <div class=\"ue-grid-item-meta-data\"><span class=\"ue-grid-item-meta-data-icon\"><i class='fas fa-calendar-week'><\/i><\/span>  30 May, 2023<\/div>            \n                        \n        \n\t\t\t\n\n\n\n\n\n\n\n\n\n\n\n\n            \n                        \n                        \n                        \n                        \n                        \n            \t\t\t\n              \n            \n          <\/div>\n     \n      \n      \n      \n     <div class=\"uc_post_text\"><a href=\"https:\/\/www.dp.lu\/esch\/wp-content\/uploads\/sites\/9\/2023\/05\/ESCH_WP_MEE23_LU.pdf\">L\u00ebtzebuergesch<\/a> \n<a href=\"https:\/\/www.dp.lu\/esch\/wp-content\/uploads\/sites\/9\/2023\/05\/ESCH_WP_MEE23-FR.pdf\">Fran\u00e7ais<\/a> \n<a href=\"https:\/\/www.dp.lu\/esch\/wp-content\/uploads\/sites\/9\/2023\/05\/ESCH_WP_MEE23-DE.pdf\">Deutsch<\/a> \n<a href=\"https:\/\/www.dp.lu\/esch\/wp-content\/uploads\/sites\/9\/2023\/05\/ESCH_WP_MEE23-EN.pdf\">English<\/a> \n<a href=\"https:\/\/www.dp.lu\/esch\/wp-content\/uploads\/sites\/9\/2023\/05\/ESCH_WP_MEE23-PT.pdf\">Portug\u00eas<\/a> \n<a href=\"https:\/\/www.dp.lu\/esch\/wp-content\/uploads\/sites\/9\/2023\/05\/ESCH_WP_MEE23-IT.pdf\">Italiano<\/a> \n<a href=\"https:\/\/www.letzvote.lu\/les-elections-communales\/\">W\u00e9i ee wielt \/ Comment voter \/ Wie Du w\u00e4hlst \/ How to vote \/ Como votare<\/a>...<\/div>    <div class=\"uc_post_button\"><a class=\"uc_more_btn\" href=\"https:\/\/www.dp.lu\/esch\/our-electoral-program-in-six-languages\/\" target=\"_self\">weiderliesen...<\/a><\/div> \t<\/div>\n  <\/div>\n<\/div>\n<div class=\"ue-item \">\n  \n   <a class=\"ue-post-image-wrapper\" href=\"https:\/\/www.dp.lu\/esch\/prasentatioun-vun-eisem-walprogramm\/\" target=\"_self\">\n   <div class=\"uc_post_image\">\n   <img loading=\"lazy\" decoding=\"async\" src=\"https:\/\/www.dp.lu\/esch\/wp-content\/uploads\/sites\/9\/2023\/05\/Prasentatioun-1-768x576.jpg\"  src=\"https:\/\/www.dp.lu\/esch\/wp-content\/uploads\/sites\/9\/2023\/05\/Prasentatioun-1-768x576.jpg\" alt=\"Pr\u00e4sentatioun\" width=\"768\" height=\"576\">\n   <div class=\"uc_post_image_overlay\"><\/div>\n   <\/div>\n  <\/a>\n   \n <div class=\"uc_content\">\n    <div>\n      \n           \n    \n  \n      \n      \n    <div class=\"uc_post_title\"><a href=\"https:\/\/www.dp.lu\/esch\/prasentatioun-vun-eisem-walprogramm\/\" target=\"_self\"><div>Pr\u00e4sentatioun vun eisem Walprogramm<\/div><\/a><\/div>\t\n    \n     \n     \n          <div class=\"ue-meta-data\">\n            <div class=\"ue-grid-item-meta-data\"><span class=\"ue-grid-item-meta-data-icon\"><i class='fas fa-calendar-week'><\/i><\/span>  26 May, 2023<\/div>            \n                        \n        \n\t\t\t\n\n\n\n\n\n\n\n\n\n\n\n\n            \n                        \n                        \n                        \n                        \n                        \n            \t\t\t\n              \n            \n          <\/div>\n     \n      \n      \n      \n     <div class=\"uc_post_text\">Haut hu mir um 11 Auer eise Walprogramm an der Infofabrik virgestallt. Et ass een ambiti\u00e9ise Programm mat villen Iddien zum Logement, zur Mobilit\u00e9it, zur Stadentw\u00e9cklung, zu Klima an \u00cbmwelt, zur S\u00e9cherheet, awer och zu Kultur a Sport. Eng Stad fir jidderee ass eist Zill.<\/div>    <div class=\"uc_post_button\"><a class=\"uc_more_btn\" href=\"https:\/\/www.dp.lu\/esch\/prasentatioun-vun-eisem-walprogramm\/\" target=\"_self\">weiderliesen...<\/a><\/div> \t<\/div>\n  <\/div>\n<\/div>\n<div class=\"ue-item \">\n  \n   <a class=\"ue-post-image-wrapper\" href=\"https:\/\/www.dp.lu\/esch\/walversammlungen-an-afterworks\/\" target=\"_self\">\n   <div class=\"uc_post_image\">\n   <img loading=\"lazy\" decoding=\"async\" src=\"https:\/\/www.dp.lu\/esch\/wp-content\/uploads\/sites\/9\/2023\/05\/VIO_5497_Demokratesh_photodudau-768x512.jpg\"  src=\"https:\/\/www.dp.lu\/esch\/wp-content\/uploads\/sites\/9\/2023\/05\/VIO_5497_Demokratesh_photodudau-768x512.jpg\" alt=\"VIO_5497_Demokratesh_photodudau\" width=\"768\" height=\"512\">\n   <div class=\"uc_post_image_overlay\"><\/div>\n   <\/div>\n  <\/a>\n   \n <div class=\"uc_content\">\n    <div>\n      \n           \n    \n  \n      \n      \n    <div class=\"uc_post_title\"><a href=\"https:\/\/www.dp.lu\/esch\/walversammlungen-an-afterworks\/\" target=\"_self\"><div>Walversammlungen an Afterworks<\/div><\/a><\/div>\t\n    \n     \n     \n          <div class=\"ue-meta-data\">\n            <div class=\"ue-grid-item-meta-data\"><span class=\"ue-grid-item-meta-data-icon\"><i class='fas fa-calendar-week'><\/i><\/span>  19 May, 2023<\/div>            \n                        \n        \n\t\t\t\n\n\n\n\n\n\n\n\n\n\n\n\n            \n                        \n                        \n                        \n                        \n                        \n            \t\t\t\n              \n            \n          <\/div>\n     \n      \n      \n      \n     <div class=\"uc_post_text\">Mir treffen eis mat den Escher Bierger op gl\u00e4ich 3 Walversammlungen an 3 Afterworks.<\/div>    <div class=\"uc_post_button\"><a class=\"uc_more_btn\" href=\"https:\/\/www.dp.lu\/esch\/walversammlungen-an-afterworks\/\" target=\"_self\">weiderliesen...<\/a><\/div> \t<\/div>\n  <\/div>\n<\/div>\n<div class=\"ue-item \">\n  \n   <a class=\"ue-post-image-wrapper\" href=\"https:\/\/www.dp.lu\/esch\/eis-kandidatelescht-fir-dgemengewalen-am-juni-ass-eraus\/\" target=\"_self\">\n   <div class=\"uc_post_image\">\n   <img loading=\"lazy\" decoding=\"async\" src=\"https:\/\/www.dp.lu\/esch\/wp-content\/uploads\/sites\/9\/2023\/03\/Kandidaten2023-768x432.jpg\"  src=\"https:\/\/www.dp.lu\/esch\/wp-content\/uploads\/sites\/9\/2023\/03\/Kandidaten2023-768x432.jpg\" alt=\"Kandidaten2023\" width=\"768\" height=\"432\">\n   <div class=\"uc_post_image_overlay\"><\/div>\n   <\/div>\n  <\/a>\n   \n <div class=\"uc_content\">\n    <div>\n      \n           \n    \n  \n      \n      \n    <div class=\"uc_post_title\"><a href=\"https:\/\/www.dp.lu\/esch\/eis-kandidatelescht-fir-dgemengewalen-am-juni-ass-eraus\/\" target=\"_self\"><div>Eis Kandidatel\u00ebscht fir d'Gemengewalen am Juni ass eraus.<\/div><\/a><\/div>\t\n    \n     \n     \n          <div class=\"ue-meta-data\">\n            <div class=\"ue-grid-item-meta-data\"><span class=\"ue-grid-item-meta-data-icon\"><i class='fas fa-calendar-week'><\/i><\/span>  01 March, 2023<\/div>            \n                        \n        \n\t\t\t\n\n\n\n\n\n\n\n\n\n\n\n\n            \n                        \n                        \n                        \n                        \n                        \n            \t\t\t\n              \n            \n          <\/div>\n     \n      \n      \n      \n     <div class=\"uc_post_text\">Den 28ten Februar um 20 Auer owes hunn mir eis 19 Kandidate pr\u00e4sent\u00e9iert. Mir hunn mam Daliah Scholl a mam Pim Knaff eng Duebelsp\u00ebtzt.<\/div>    <div class=\"uc_post_button\"><a class=\"uc_more_btn\" href=\"https:\/\/www.dp.lu\/esch\/eis-kandidatelescht-fir-dgemengewalen-am-juni-ass-eraus\/\" target=\"_self\">weiderliesen...<\/a><\/div> \t<\/div>\n  <\/div>\n<\/div>\n<div class=\"ue-item \">\n  \n   <a class=\"ue-post-image-wrapper\" href=\"https:\/\/www.dp.lu\/esch\/newsletter-vun-der-sektioun-esch-uelzecht\/\" target=\"_self\">\n   <div class=\"uc_post_image\">\n   <img loading=\"lazy\" decoding=\"async\" src=\"https:\/\/www.dp.lu\/esch\/wp-content\/uploads\/sites\/9\/2022\/12\/PeaceUkraine-768x432.jpg\"  src=\"https:\/\/www.dp.lu\/esch\/wp-content\/uploads\/sites\/9\/2022\/12\/PeaceUkraine-768x432.jpg\" alt=\"PeaceUkraine\" width=\"768\" height=\"432\">\n   <div class=\"uc_post_image_overlay\"><\/div>\n   <\/div>\n  <\/a>\n   \n <div class=\"uc_content\">\n    <div>\n      \n           \n    \n  \n      \n      \n    <div class=\"uc_post_title\"><a href=\"https:\/\/www.dp.lu\/esch\/newsletter-vun-der-sektioun-esch-uelzecht\/\" target=\"_self\"><div>Newsletter vun der Sektioun Esch-Uelzecht<\/div><\/a><\/div>\t\n    \n     \n     \n          <div class=\"ue-meta-data\">\n            <div class=\"ue-grid-item-meta-data\"><span class=\"ue-grid-item-meta-data-icon\"><i class='fas fa-calendar-week'><\/i><\/span>  16 December, 2022<\/div>            \n                        \n        \n\t\t\t\n\n\n\n\n\n\n\n\n\n\n\n\n            \n                        \n                        \n                        \n                        \n                        \n            \t\t\t\n              \n            \n          <\/div>\n     \n      \n      \n      \n     <div class=\"uc_post_text\">D\u2019Joer geet op en Enn, an de Krich an der Ukrain suergt fir eng schrecklech Situatioun, d\u00e4r hir Auswierkungen och bei eis ze spiere sinn.<\/div>    <div class=\"uc_post_button\"><a class=\"uc_more_btn\" href=\"https:\/\/www.dp.lu\/esch\/newsletter-vun-der-sektioun-esch-uelzecht\/\" target=\"_self\">weiderliesen...<\/a><\/div> \t<\/div>\n  <\/div>\n<\/div>\n\n<\/div>\n\n\n\n  <div id=\"uc_post_grid_elementor_485d451_empty_message\" class=\"ue-no-posts-found\"  style=\"display:none\" >No posts found<\/div>\n\n\n<!-- end Post Grid -->\t\t\t\t<\/div>\n\t\t\t\t<\/div>\n\t\t\t\t<div class=\"elementor-element elementor-element-2c67584 result-list elementor-hidden-desktop elementor-hidden-tablet elementor-widget elementor-widget-ucaddon_post_grid\" data-id=\"2c67584\" data-element_type=\"widget\" data-e-type=\"widget\" data-widget_type=\"ucaddon_post_grid.default\">\n\t\t\t\t<div class=\"elementor-widget-container\">\n\t\t\t\t\t\n<!-- start Post Grid -->\n\n<style>\/* widget: Post Grid *\/\n\n#uc_post_grid_elementor_2c67584.ue-post-grid {\n   display:grid;\n}\n\n\n\n#uc_post_grid_elementor_2c67584 .ue-item\n{\n  overflow:hidden;\n  position:relative;\n}\n\n#uc_post_grid_elementor_2c67584 .uc_post_image\n{\n  transition:0.3s;\n  position:relative;\n  overflow:hidden;\n}\n\n#uc_post_grid_elementor_2c67584 .uc_post_image img\n{\n  width:100%;\n  display:block;\n  transition:0.3s;\n}\n\n\n\t\n\n\n\n\n\n\n#uc_post_grid_elementor_2c67584 .uc_post_image_overlay\n{\n  position:absolute;\n  top:0px;\n  left:0px;\n  height:100%;\n  width:100%;\n  transition:0.3s;\n}\n\n#uc_post_grid_elementor_2c67584 .uc_more_btn{\n\n  display:inline-block;\n  text-align:center;\n  text-decoration:none;\n  transition:0.3s;\n}\n\n.ue-grid-item-category a\n{\n  display:inline-block;\n  font-size:10px;\n  \n}\n\n.uc_post_title\n{\n  font-size:21px;\n}\n\n\n#uc_post_grid_elementor_2c67584 .ue_post_grid_item\n{\n  display:flex;\n  flex-direction:column;\n}\n\n#uc_post_grid_elementor_2c67584.ue-post-grid .uc_content{\n flex-grow:1;\n}\n\n#uc_post_grid_elementor_2c67584.ue-post-grid .uc_content > div\n{\n  height:100%;\n  display:flex;\n  flex-direction:column;\n}\n\n#uc_post_grid_elementor_2c67584 .uc_post_button\n{\n  margin-top:auto;\n}\n\n\n\n\n\n\n\n\n\n\n\n\n\n\n\n\n\n\n\n\n\n#uc_post_grid_elementor_2c67584 .ue-meta-data\n{\n  \n  display:flex;\n\n  flex-wrap: wrap;\n  line-height:1em;\n}\n\n#uc_post_grid_elementor_2c67584 .ue-grid-item-meta-data\n{\n      display:inline-flex;\n      align-items:center;\n}\n\n.ue-grid-item-meta-data\n{\n  font-size:12px;\n}\n\n#uc_post_grid_elementor_2c67584 .ue-grid-item-meta-data-icon\n{\n  line-height:1em;\n}\n\n#uc_post_grid_elementor_2c67584 .ue-grid-item-meta-data-icon svg\n{\n  width:1em;\n  height:1em;\n}\n\n#uc_post_grid_elementor_2c67584 .ue-debug-meta\n{\n  padding:10px;\n  border:1px solid red;\n  position:relative;\n  line-height:1.5em;\n  font-size:11px;\n  width:100%;\n}\n\n.uc-remote-parent .ue-item{\n\tcursor:pointer;\n}\n\n<\/style>\n\n<div class=\"ue-post-grid uc-items-wrapper  \" id=\"uc_post_grid_elementor_2c67584\"  >\n\t\t\t<div class=\"ue-item \">\n  \n   <a class=\"ue-post-image-wrapper\" href=\"https:\/\/www.dp.lu\/esch\/our-electoral-program-in-six-languages\/\" target=\"_self\">\n   <div class=\"uc_post_image\">\n   <img loading=\"lazy\" decoding=\"async\" src=\"https:\/\/www.dp.lu\/esch\/wp-content\/uploads\/sites\/9\/2023\/05\/ElectoralProgram-768x472.jpg\"  src=\"https:\/\/www.dp.lu\/esch\/wp-content\/uploads\/sites\/9\/2023\/05\/ElectoralProgram-768x472.jpg\" alt=\"ElectoralProgram\" width=\"768\" height=\"472\">\n   <div class=\"uc_post_image_overlay\"><\/div>\n   <\/div>\n  <\/a>\n   \n <div class=\"uc_content\">\n    <div>\n      \n           \n    \n  \n      \n      \n    <div class=\"uc_post_title\"><a href=\"https:\/\/www.dp.lu\/esch\/our-electoral-program-in-six-languages\/\" target=\"_self\"><div>Our electoral program in six languages<\/div><\/a><\/div>\t\n    \n     \n     \n          <div class=\"ue-meta-data\">\n            <div class=\"ue-grid-item-meta-data\"><span class=\"ue-grid-item-meta-data-icon\"><i class='fas fa-calendar-week'><\/i><\/span>  30 May, 2023<\/div>            \n                        \n        \n\t\t\t\n\n\n\n\n\n\n\n\n\n\n\n\n            \n                        \n                        \n                        \n                        \n                        \n            \t\t\t\n              \n            \n          <\/div>\n     \n      \n      \n      \n     <div class=\"uc_post_text\"><a href=\"https:\/\/www.dp.lu\/esch\/wp-content\/uploads\/sites\/9\/2023\/05\/ESCH_WP_MEE23_LU.pdf\">L\u00ebtzebuergesch<\/a> \n<a href=\"https:\/\/www.dp.lu\/esch\/wp-content\/uploads\/sites\/9\/2023\/05\/ESCH_WP_MEE23-FR.pdf\">Fran\u00e7ais<\/a> \n<a href=\"https:\/\/www.dp.lu\/esch\/wp-content\/uploads\/sites\/9\/2023\/05\/ESCH_WP_MEE23-DE.pdf\">Deutsch<\/a> \n<a href=\"https:\/\/www.dp.lu\/esch\/wp-content\/uploads\/sites\/9\/2023\/05\/ESCH_WP_MEE23-EN.pdf\">English<\/a> \n<a href=\"https:\/\/www.dp.lu\/esch\/wp-content\/uploads\/sites\/9\/2023\/05\/ESCH_WP_MEE23-PT.pdf\">Portug\u00eas<\/a> \n<a href=\"https:\/\/www.dp.lu\/esch\/wp-content\/uploads\/sites\/9\/2023\/05\/ESCH_WP_MEE23-IT.pdf\">Italiano<\/a> \n<a href=\"https:\/\/www.letzvote.lu\/les-elections-communales\/\">W\u00e9i ee wielt \/ Comment voter \/ Wie Du w\u00e4hlst \/ How to vote \/ Como votare<\/a>...<\/div>    <div class=\"uc_post_button\"><a class=\"uc_more_btn\" href=\"https:\/\/www.dp.lu\/esch\/our-electoral-program-in-six-languages\/\" target=\"_self\">weiderliesen...<\/a><\/div> \t<\/div>\n  <\/div>\n<\/div>\n<div class=\"ue-item \">\n  \n   <a class=\"ue-post-image-wrapper\" href=\"https:\/\/www.dp.lu\/esch\/prasentatioun-vun-eisem-walprogramm\/\" target=\"_self\">\n   <div class=\"uc_post_image\">\n   <img loading=\"lazy\" decoding=\"async\" src=\"https:\/\/www.dp.lu\/esch\/wp-content\/uploads\/sites\/9\/2023\/05\/Prasentatioun-1-768x576.jpg\"  src=\"https:\/\/www.dp.lu\/esch\/wp-content\/uploads\/sites\/9\/2023\/05\/Prasentatioun-1-768x576.jpg\" alt=\"Pr\u00e4sentatioun\" width=\"768\" height=\"576\">\n   <div class=\"uc_post_image_overlay\"><\/div>\n   <\/div>\n  <\/a>\n   \n <div class=\"uc_content\">\n    <div>\n      \n           \n    \n  \n      \n      \n    <div class=\"uc_post_title\"><a href=\"https:\/\/www.dp.lu\/esch\/prasentatioun-vun-eisem-walprogramm\/\" target=\"_self\"><div>Pr\u00e4sentatioun vun eisem Walprogramm<\/div><\/a><\/div>\t\n    \n     \n     \n          <div class=\"ue-meta-data\">\n            <div class=\"ue-grid-item-meta-data\"><span class=\"ue-grid-item-meta-data-icon\"><i class='fas fa-calendar-week'><\/i><\/span>  26 May, 2023<\/div>            \n                        \n        \n\t\t\t\n\n\n\n\n\n\n\n\n\n\n\n\n            \n                        \n                        \n                        \n                        \n                        \n            \t\t\t\n              \n            \n          <\/div>\n     \n      \n      \n      \n     <div class=\"uc_post_text\">Haut hu mir um 11 Auer eise Walprogramm an der Infofabrik virgestallt. Et ass een ambiti\u00e9ise Programm mat villen Iddien zum Logement, zur Mobilit\u00e9it, zur Stadentw\u00e9cklung, zu Klima an \u00cbmwelt, zur S\u00e9cherheet, awer och zu Kultur a Sport. Eng Stad fir jidderee ass eist Zill.<\/div>    <div class=\"uc_post_button\"><a class=\"uc_more_btn\" href=\"https:\/\/www.dp.lu\/esch\/prasentatioun-vun-eisem-walprogramm\/\" target=\"_self\">weiderliesen...<\/a><\/div> \t<\/div>\n  <\/div>\n<\/div>\n<div class=\"ue-item \">\n  \n   <a class=\"ue-post-image-wrapper\" href=\"https:\/\/www.dp.lu\/esch\/walversammlungen-an-afterworks\/\" target=\"_self\">\n   <div class=\"uc_post_image\">\n   <img loading=\"lazy\" decoding=\"async\" src=\"https:\/\/www.dp.lu\/esch\/wp-content\/uploads\/sites\/9\/2023\/05\/VIO_5497_Demokratesh_photodudau-768x512.jpg\"  src=\"https:\/\/www.dp.lu\/esch\/wp-content\/uploads\/sites\/9\/2023\/05\/VIO_5497_Demokratesh_photodudau-768x512.jpg\" alt=\"VIO_5497_Demokratesh_photodudau\" width=\"768\" height=\"512\">\n   <div class=\"uc_post_image_overlay\"><\/div>\n   <\/div>\n  <\/a>\n   \n <div class=\"uc_content\">\n    <div>\n      \n           \n    \n  \n      \n      \n    <div class=\"uc_post_title\"><a href=\"https:\/\/www.dp.lu\/esch\/walversammlungen-an-afterworks\/\" target=\"_self\"><div>Walversammlungen an Afterworks<\/div><\/a><\/div>\t\n    \n     \n     \n          <div class=\"ue-meta-data\">\n            <div class=\"ue-grid-item-meta-data\"><span class=\"ue-grid-item-meta-data-icon\"><i class='fas fa-calendar-week'><\/i><\/span>  19 May, 2023<\/div>            \n                        \n        \n\t\t\t\n\n\n\n\n\n\n\n\n\n\n\n\n            \n                        \n                        \n                        \n                        \n                        \n            \t\t\t\n              \n            \n          <\/div>\n     \n      \n      \n      \n     <div class=\"uc_post_text\">Mir treffen eis mat den Escher Bierger op gl\u00e4ich 3 Walversammlungen an 3 Afterworks.<\/div>    <div class=\"uc_post_button\"><a class=\"uc_more_btn\" href=\"https:\/\/www.dp.lu\/esch\/walversammlungen-an-afterworks\/\" target=\"_self\">weiderliesen...<\/a><\/div> \t<\/div>\n  <\/div>\n<\/div>\n<div class=\"ue-item \">\n  \n   <a class=\"ue-post-image-wrapper\" href=\"https:\/\/www.dp.lu\/esch\/eis-kandidatelescht-fir-dgemengewalen-am-juni-ass-eraus\/\" target=\"_self\">\n   <div class=\"uc_post_image\">\n   <img loading=\"lazy\" decoding=\"async\" src=\"https:\/\/www.dp.lu\/esch\/wp-content\/uploads\/sites\/9\/2023\/03\/Kandidaten2023-768x432.jpg\"  src=\"https:\/\/www.dp.lu\/esch\/wp-content\/uploads\/sites\/9\/2023\/03\/Kandidaten2023-768x432.jpg\" alt=\"Kandidaten2023\" width=\"768\" height=\"432\">\n   <div class=\"uc_post_image_overlay\"><\/div>\n   <\/div>\n  <\/a>\n   \n <div class=\"uc_content\">\n    <div>\n      \n           \n    \n  \n      \n      \n    <div class=\"uc_post_title\"><a href=\"https:\/\/www.dp.lu\/esch\/eis-kandidatelescht-fir-dgemengewalen-am-juni-ass-eraus\/\" target=\"_self\"><div>Eis Kandidatel\u00ebscht fir d'Gemengewalen am Juni ass eraus.<\/div><\/a><\/div>\t\n    \n     \n     \n          <div class=\"ue-meta-data\">\n            <div class=\"ue-grid-item-meta-data\"><span class=\"ue-grid-item-meta-data-icon\"><i class='fas fa-calendar-week'><\/i><\/span>  01 March, 2023<\/div>            \n                        \n        \n\t\t\t\n\n\n\n\n\n\n\n\n\n\n\n\n            \n                        \n                        \n                        \n                        \n                        \n            \t\t\t\n              \n            \n          <\/div>\n     \n      \n      \n      \n     <div class=\"uc_post_text\">Den 28ten Februar um 20 Auer owes hunn mir eis 19 Kandidate pr\u00e4sent\u00e9iert. Mir hunn mam Daliah Scholl a mam Pim Knaff eng Duebelsp\u00ebtzt.<\/div>    <div class=\"uc_post_button\"><a class=\"uc_more_btn\" href=\"https:\/\/www.dp.lu\/esch\/eis-kandidatelescht-fir-dgemengewalen-am-juni-ass-eraus\/\" target=\"_self\">weiderliesen...<\/a><\/div> \t<\/div>\n  <\/div>\n<\/div>\n<div class=\"ue-item \">\n  \n   <a class=\"ue-post-image-wrapper\" href=\"https:\/\/www.dp.lu\/esch\/newsletter-vun-der-sektioun-esch-uelzecht\/\" target=\"_self\">\n   <div class=\"uc_post_image\">\n   <img loading=\"lazy\" decoding=\"async\" src=\"https:\/\/www.dp.lu\/esch\/wp-content\/uploads\/sites\/9\/2022\/12\/PeaceUkraine-768x432.jpg\"  src=\"https:\/\/www.dp.lu\/esch\/wp-content\/uploads\/sites\/9\/2022\/12\/PeaceUkraine-768x432.jpg\" alt=\"PeaceUkraine\" width=\"768\" height=\"432\">\n   <div class=\"uc_post_image_overlay\"><\/div>\n   <\/div>\n  <\/a>\n   \n <div class=\"uc_content\">\n    <div>\n      \n           \n    \n  \n      \n      \n    <div class=\"uc_post_title\"><a href=\"https:\/\/www.dp.lu\/esch\/newsletter-vun-der-sektioun-esch-uelzecht\/\" target=\"_self\"><div>Newsletter vun der Sektioun Esch-Uelzecht<\/div><\/a><\/div>\t\n    \n     \n     \n          <div class=\"ue-meta-data\">\n            <div class=\"ue-grid-item-meta-data\"><span class=\"ue-grid-item-meta-data-icon\"><i class='fas fa-calendar-week'><\/i><\/span>  16 December, 2022<\/div>            \n                        \n        \n\t\t\t\n\n\n\n\n\n\n\n\n\n\n\n\n            \n                        \n                        \n                        \n                        \n                        \n            \t\t\t\n              \n            \n          <\/div>\n     \n      \n      \n      \n     <div class=\"uc_post_text\">D\u2019Joer geet op en Enn, an de Krich an der Ukrain suergt fir eng schrecklech Situatioun, d\u00e4r hir Auswierkungen och bei eis ze spiere sinn.<\/div>    <div class=\"uc_post_button\"><a class=\"uc_more_btn\" href=\"https:\/\/www.dp.lu\/esch\/newsletter-vun-der-sektioun-esch-uelzecht\/\" target=\"_self\">weiderliesen...<\/a><\/div> \t<\/div>\n  <\/div>\n<\/div>\n\n<\/div>\n\n\n\n  <div id=\"uc_post_grid_elementor_2c67584_empty_message\" class=\"ue-no-posts-found\"  style=\"display:none\" >No posts found<\/div>\n\n\n<!-- end Post Grid -->\t\t\t\t<\/div>\n\t\t\t\t<\/div>\n\t\t\t\t\t<\/div>\n\t\t<\/div>\n\t\t\t\t\t<\/div>\n\t\t<\/section>\n\t\t\t\t<\/div>\n\t\t","protected":false},"excerpt":{"rendered":"<p>\/* widget: Post Grid *\/ #uc_post_grid_elementor19929.ue-post-grid { display:grid; } #uc_post_grid_elementor19929 .ue-item { overflow:hidden; position:relative; } #uc_post_grid_elementor19929 .uc_post_image { transition:0.3s; position:relative; overflow:hidden; } #uc_post_grid_elementor19929 .uc_post_image img { width:100%; display:block; transition:0.3s; } #uc_post_grid_elementor19929 .uc_post_image_overlay { position:absolute; top:0px; left:0px; height:100%; width:100%; transition:0.3s; } #uc_post_grid_elementor19929 .uc_more_btn{ display:inline-block; text-align:center; text-decoration:none; transition:0.3s; } .ue-grid-item-category a { display:inline-block; font-size:10px; } .uc_post_title { [&hellip;]<\/p>\n","protected":false},"author":2,"featured_media":0,"parent":0,"menu_order":0,"comment_status":"closed","ping_status":"closed","template":"","meta":{"footnotes":""},"class_list":["post-226","page","type-page","status-publish","hentry","wpbf-post"],"_links":{"self":[{"href":"https:\/\/www.dp.lu\/esch\/wp-json\/wp\/v2\/pages\/226","targetHints":{"allow":["GET"]}}],"collection":[{"href":"https:\/\/www.dp.lu\/esch\/wp-json\/wp\/v2\/pages"}],"about":[{"href":"https:\/\/www.dp.lu\/esch\/wp-json\/wp\/v2\/types\/page"}],"author":[{"embeddable":true,"href":"https:\/\/www.dp.lu\/esch\/wp-json\/wp\/v2\/users\/2"}],"replies":[{"embeddable":true,"href":"https:\/\/www.dp.lu\/esch\/wp-json\/wp\/v2\/comments?post=226"}],"version-history":[{"count":5,"href":"https:\/\/www.dp.lu\/esch\/wp-json\/wp\/v2\/pages\/226\/revisions"}],"predecessor-version":[{"id":727,"href":"https:\/\/www.dp.lu\/esch\/wp-json\/wp\/v2\/pages\/226\/revisions\/727"}],"wp:attachment":[{"href":"https:\/\/www.dp.lu\/esch\/wp-json\/wp\/v2\/media?parent=226"}],"curies":[{"name":"wp","href":"https:\/\/api.w.org\/{rel}","templated":true}]}}