{"id":373,"date":"2022-11-28T16:37:09","date_gmt":"2022-11-28T16:37:09","guid":{"rendered":"https:\/\/www.dp.lu\/lenster\/?page_id=373"},"modified":"2022-12-21T16:00:12","modified_gmt":"2022-12-21T16:00:12","slug":"news","status":"publish","type":"page","link":"https:\/\/www.dp.lu\/lenster\/news\/","title":{"rendered":"News"},"content":{"rendered":"\t\t<div data-elementor-type=\"wp-page\" data-elementor-id=\"373\" class=\"elementor elementor-373\" data-elementor-post-type=\"page\">\n\t\t\t\t\t\t<section class=\"elementor-section elementor-top-section elementor-element elementor-element-f9f8d50 elementor-section-boxed elementor-section-height-default elementor-section-height-default\" data-id=\"f9f8d50\" data-element_type=\"section\" data-e-type=\"section\">\n\t\t\t\t\t\t<div class=\"elementor-container elementor-column-gap-default\">\n\t\t\t\t\t<div class=\"elementor-column elementor-col-100 elementor-top-column elementor-element elementor-element-491f6c0\" data-id=\"491f6c0\" data-element_type=\"column\" data-e-type=\"column\">\n\t\t\t<div class=\"elementor-widget-wrap elementor-element-populated\">\n\t\t\t\t\t\t<div class=\"elementor-element elementor-element-3cf82d1 result-list elementor-hidden-mobile elementor-widget elementor-widget-ucaddon_post_grid\" data-id=\"3cf82d1\" data-element_type=\"widget\" data-e-type=\"widget\" data-widget_type=\"ucaddon_post_grid.default\">\n\t\t\t\t<div class=\"elementor-widget-container\">\n\t\t\t\t\t\n<!-- start Post Grid -->\n\t\t<link id='font-awesome-css' href='https:\/\/www.dp.lu\/lenster\/wp-content\/plugins\/unlimited-elements-for-elementor-premium\/assets_libraries\/font-awesome6\/fontawesome-all.min.css' type='text\/css' rel='stylesheet' >\n\t\t<link id='font-awesome-4-shim-css' href='https:\/\/www.dp.lu\/lenster\/wp-content\/plugins\/unlimited-elements-for-elementor-premium\/assets_libraries\/font-awesome6\/fontawesome-v4-shims.min.css' type='text\/css' rel='stylesheet' >\n\n<style>\/* widget: Post Grid *\/\n\n#uc_post_grid_elementor_3cf82d1.ue-post-grid {\n   display:grid;\n}\n\n\n\n#uc_post_grid_elementor_3cf82d1 .ue-item\n{\n  overflow:hidden;\n  position:relative;\n}\n\n#uc_post_grid_elementor_3cf82d1 .uc_post_image\n{\n  transition:0.3s;\n  position:relative;\n  overflow:hidden;\n}\n\n#uc_post_grid_elementor_3cf82d1 .uc_post_image img\n{\n  width:100%;\n  display:block;\n  transition:0.3s;\n}\n\n\n\t\n\n\n\n\n\n\n#uc_post_grid_elementor_3cf82d1 .uc_post_image_overlay\n{\n  position:absolute;\n  top:0px;\n  left:0px;\n  height:100%;\n  width:100%;\n  transition:0.3s;\n}\n\n#uc_post_grid_elementor_3cf82d1 .uc_more_btn{\n\n  display:inline-block;\n  text-align:center;\n  text-decoration:none;\n  transition:0.3s;\n}\n\n.ue-grid-item-category a\n{\n  display:inline-block;\n  font-size:10px;\n  \n}\n\n.uc_post_title\n{\n  font-size:21px;\n}\n\n\n\n\n\n\n\n\n\n\n\n\t#uc_post_grid_elementor_3cf82d1 .ue-item\n    {\n      display:flex;\n    }\n\n\t#uc_post_grid_elementor_3cf82d1 .uc_content\n    {\n      display:flex;\n      justify-content:center;\n      flex-direction:column;\n    }\n\n    #uc_post_grid_elementor_3cf82d1 .uc_content \n    {\n\n      flex-shrink:0;\n      flex-grow:0;\n    }\n    #uc_post_grid_elementor_3cf82d1 .ue-post-image-wrapper\n    {\n      flex-grow:1;\n    }\n\t\n\n\n\n\n\n\n\n\n\n\n#uc_post_grid_elementor_3cf82d1 .ue-meta-data\n{\n  \n  display:flex;\n\n  flex-wrap: wrap;\n  line-height:1em;\n}\n\n#uc_post_grid_elementor_3cf82d1 .ue-grid-item-meta-data\n{\n      display:inline-flex;\n      align-items:center;\n}\n\n.ue-grid-item-meta-data\n{\n  font-size:12px;\n}\n\n#uc_post_grid_elementor_3cf82d1 .ue-grid-item-meta-data-icon\n{\n  line-height:1em;\n}\n\n#uc_post_grid_elementor_3cf82d1 .ue-grid-item-meta-data-icon svg\n{\n  width:1em;\n  height:1em;\n}\n\n#uc_post_grid_elementor_3cf82d1 .ue-debug-meta\n{\n  padding:10px;\n  border:1px solid red;\n  position:relative;\n  line-height:1.5em;\n  font-size:11px;\n  width:100%;\n}\n\n.uc-remote-parent .ue-item{\n\tcursor:pointer;\n}\n\n<\/style>\n\n<div class=\"ue-post-grid uc-items-wrapper  \" id=\"uc_post_grid_elementor_3cf82d1\"  >\n\t\t\t<div class=\"ue-item \">\n  \n   <a class=\"ue-post-image-wrapper\" href=\"https:\/\/www.dp.lu\/lenster\/lenster-demokrat-2025\/\" target=\"_self\">\n   <div class=\"uc_post_image\">\n   <img loading=\"lazy\" decoding=\"async\" src=\"https:\/\/www.dp.lu\/lenster\/wp-content\/uploads\/sites\/28\/2025\/06\/Shooting-DP-37-768x512.jpg\"  src=\"https:\/\/www.dp.lu\/lenster\/wp-content\/uploads\/sites\/28\/2025\/06\/Shooting-DP-37-768x512.jpg\" alt=\"Shooting DP-37\" width=\"768\" height=\"512\">\n   <div class=\"uc_post_image_overlay\"><\/div>\n   <\/div>\n  <\/a>\n   \n <div class=\"uc_content\">\n    <div>\n      \n           \n    \n  \n      \n      \n    <div class=\"uc_post_title\"><a href=\"https:\/\/www.dp.lu\/lenster\/lenster-demokrat-2025\/\" target=\"_self\"><div>L\u00ebnster Demokrat 2025<\/div><\/a><\/div>\t\n    \n     \n     \n          <div class=\"ue-meta-data\">\n            <div class=\"ue-grid-item-meta-data\"><span class=\"ue-grid-item-meta-data-icon\"><i class='fas fa-calendar-week'><\/i><\/span>  25 June, 2025<\/div>            \n                        \n        \n\t\t\t\n\n\n\n\n\n\n\n\n\n\n\n\n            \n                        \n                        \n                        \n                        \n                        \n            \t\t\t\n              \n            \n          <\/div>\n     \n      \n      \n      \n     <div class=\"uc_post_text\">Hei fannt dir en Auszuch vun engem Deel deen am leschte Joer \u00ebmgesat ginn ass.<\/div>    <div class=\"uc_post_button\"><a class=\"uc_more_btn\" href=\"https:\/\/www.dp.lu\/lenster\/lenster-demokrat-2025\/\" target=\"_self\">weiderliesen...<\/a><\/div> \t<\/div>\n  <\/div>\n<\/div>\n<div class=\"ue-item \">\n  \n   <a class=\"ue-post-image-wrapper\" href=\"https:\/\/www.dp.lu\/lenster\/de-lenster-demokrat-2025-versao-portuguesa\/\" target=\"_self\">\n   <div class=\"uc_post_image\">\n   <img loading=\"lazy\" decoding=\"async\" src=\"https:\/\/www.dp.lu\/lenster\/wp-content\/uploads\/sites\/28\/2025\/06\/Shooting-DP-37-768x512.jpg\"  src=\"https:\/\/www.dp.lu\/lenster\/wp-content\/uploads\/sites\/28\/2025\/06\/Shooting-DP-37-768x512.jpg\" alt=\"Shooting DP-37\" width=\"768\" height=\"512\">\n   <div class=\"uc_post_image_overlay\"><\/div>\n   <\/div>\n  <\/a>\n   \n <div class=\"uc_content\">\n    <div>\n      \n           \n    \n  \n      \n      \n    <div class=\"uc_post_title\"><a href=\"https:\/\/www.dp.lu\/lenster\/de-lenster-demokrat-2025-versao-portuguesa\/\" target=\"_self\"><div>De L\u00ebnster Demokrat 2025 - vers\u00e3o portuguesa<\/div><\/a><\/div>\t\n    \n     \n     \n          <div class=\"ue-meta-data\">\n            <div class=\"ue-grid-item-meta-data\"><span class=\"ue-grid-item-meta-data-icon\"><i class='fas fa-calendar-week'><\/i><\/span>  25 June, 2025<\/div>            \n                        \n        \n\t\t\t\n\n\n\n\n\n\n\n\n\n\n\n\n            \n                        \n                        \n                        \n                        \n                        \n            \t\t\t\n              \n            \n          <\/div>\n     \n      \n      \n      \n     <div class=\"uc_post_text\">Descubra uma parte do que realiz\u00e1mos no \u00faltimo ano.<\/div>    <div class=\"uc_post_button\"><a class=\"uc_more_btn\" href=\"https:\/\/www.dp.lu\/lenster\/de-lenster-demokrat-2025-versao-portuguesa\/\" target=\"_self\">weiderliesen...<\/a><\/div> \t<\/div>\n  <\/div>\n<\/div>\n<div class=\"ue-item \">\n  \n   <a class=\"ue-post-image-wrapper\" href=\"https:\/\/www.dp.lu\/lenster\/de-lenster-demokrat-2025-english-version\/\" target=\"_self\">\n   <div class=\"uc_post_image\">\n   <img loading=\"lazy\" decoding=\"async\" src=\"https:\/\/www.dp.lu\/lenster\/wp-content\/uploads\/sites\/28\/2025\/06\/Shooting-DP-37-768x512.jpg\"  src=\"https:\/\/www.dp.lu\/lenster\/wp-content\/uploads\/sites\/28\/2025\/06\/Shooting-DP-37-768x512.jpg\" alt=\"Shooting DP-37\" width=\"768\" height=\"512\">\n   <div class=\"uc_post_image_overlay\"><\/div>\n   <\/div>\n  <\/a>\n   \n <div class=\"uc_content\">\n    <div>\n      \n           \n    \n  \n      \n      \n    <div class=\"uc_post_title\"><a href=\"https:\/\/www.dp.lu\/lenster\/de-lenster-demokrat-2025-english-version\/\" target=\"_self\"><div>De L\u00ebnster Demokrat 2025 - english version<\/div><\/a><\/div>\t\n    \n     \n     \n          <div class=\"ue-meta-data\">\n            <div class=\"ue-grid-item-meta-data\"><span class=\"ue-grid-item-meta-data-icon\"><i class='fas fa-calendar-week'><\/i><\/span>  25 June, 2025<\/div>            \n                        \n        \n\t\t\t\n\n\n\n\n\n\n\n\n\n\n\n\n            \n                        \n                        \n                        \n                        \n                        \n            \t\t\t\n              \n            \n          <\/div>\n     \n      \n      \n      \n     <div class=\"uc_post_text\">Discover a part of what we have realised in the last year.<\/div>    <div class=\"uc_post_button\"><a class=\"uc_more_btn\" href=\"https:\/\/www.dp.lu\/lenster\/de-lenster-demokrat-2025-english-version\/\" target=\"_self\">weiderliesen...<\/a><\/div> \t<\/div>\n  <\/div>\n<\/div>\n<div class=\"ue-item \">\n  \n   <a class=\"ue-post-image-wrapper\" href=\"https:\/\/www.dp.lu\/lenster\/de-lenster-demokrat-2025\/\" target=\"_self\">\n   <div class=\"uc_post_image\">\n   <img loading=\"lazy\" decoding=\"async\" src=\"https:\/\/www.dp.lu\/lenster\/wp-content\/uploads\/sites\/28\/2025\/06\/Shooting-DP-37-768x512.jpg\"  src=\"https:\/\/www.dp.lu\/lenster\/wp-content\/uploads\/sites\/28\/2025\/06\/Shooting-DP-37-768x512.jpg\" alt=\"Shooting DP-37\" width=\"768\" height=\"512\">\n   <div class=\"uc_post_image_overlay\"><\/div>\n   <\/div>\n  <\/a>\n   \n <div class=\"uc_content\">\n    <div>\n      \n           \n    \n  \n      \n      \n    <div class=\"uc_post_title\"><a href=\"https:\/\/www.dp.lu\/lenster\/de-lenster-demokrat-2025\/\" target=\"_self\"><div>De L\u00ebnster Demokrat 2025 - version fran\u00e7aise<\/div><\/a><\/div>\t\n    \n     \n     \n          <div class=\"ue-meta-data\">\n            <div class=\"ue-grid-item-meta-data\"><span class=\"ue-grid-item-meta-data-icon\"><i class='fas fa-calendar-week'><\/i><\/span>  25 June, 2025<\/div>            \n                        \n        \n\t\t\t\n\n\n\n\n\n\n\n\n\n\n\n\n            \n                        \n                        \n                        \n                        \n                        \n            \t\t\t\n              \n            \n          <\/div>\n     \n      \n      \n      \n     <div class=\"uc_post_text\">D\u00e9couvrez quelques r\u00e9alisations de la derni\u00e8re ann\u00e9e<\/div>    <div class=\"uc_post_button\"><a class=\"uc_more_btn\" href=\"https:\/\/www.dp.lu\/lenster\/de-lenster-demokrat-2025\/\" target=\"_self\">weiderliesen...<\/a><\/div> \t<\/div>\n  <\/div>\n<\/div>\n<div class=\"ue-item \">\n  \n   <a class=\"ue-post-image-wrapper\" href=\"https:\/\/www.dp.lu\/lenster\/de-lenster-demokrat-version-francaise\/\" target=\"_self\">\n   <div class=\"uc_post_image\">\n   <img loading=\"lazy\" decoding=\"async\" src=\"https:\/\/www.dp.lu\/lenster\/wp-content\/uploads\/sites\/28\/2024\/07\/Junglenster_00001-768x512.jpg\"  src=\"https:\/\/www.dp.lu\/lenster\/wp-content\/uploads\/sites\/28\/2024\/07\/Junglenster_00001-768x512.jpg\" alt=\"Jungle\u0308nster_00001\" width=\"768\" height=\"512\">\n   <div class=\"uc_post_image_overlay\"><\/div>\n   <\/div>\n  <\/a>\n   \n <div class=\"uc_content\">\n    <div>\n      \n           \n    \n  \n      \n      \n    <div class=\"uc_post_title\"><a href=\"https:\/\/www.dp.lu\/lenster\/de-lenster-demokrat-version-francaise\/\" target=\"_self\"><div>De L\u00ebnster Demokrat 2024 - version fran\u00e7aise<\/div><\/a><\/div>\t\n    \n     \n     \n          <div class=\"ue-meta-data\">\n            <div class=\"ue-grid-item-meta-data\"><span class=\"ue-grid-item-meta-data-icon\"><i class='fas fa-calendar-week'><\/i><\/span>  11 July, 2024<\/div>            \n                        \n        \n\t\t\t\n\n\n\n\n\n\n\n\n\n\n\n\n            \n                        \n                        \n                        \n                        \n                        \n            \t\t\t\n              \n            \n          <\/div>\n     \n      \n      \n      \n     <div class=\"uc_post_text\">Qu&#8217;avons-nous mis en \u0153uvre l&#8217;ann\u00e9e derni\u00e8re ?\nD\u00e9couvre-en une partie ici !<\/div>    <div class=\"uc_post_button\"><a class=\"uc_more_btn\" href=\"https:\/\/www.dp.lu\/lenster\/de-lenster-demokrat-version-francaise\/\" target=\"_self\">weiderliesen...<\/a><\/div> \t<\/div>\n  <\/div>\n<\/div>\n<div class=\"ue-item \">\n  \n   <a class=\"ue-post-image-wrapper\" href=\"https:\/\/www.dp.lu\/lenster\/de-lenster-demokrat-english-version\/\" target=\"_self\">\n   <div class=\"uc_post_image\">\n   <img loading=\"lazy\" decoding=\"async\" src=\"https:\/\/www.dp.lu\/lenster\/wp-content\/uploads\/sites\/28\/2024\/07\/Junglenster_00001-768x512.jpg\"  src=\"https:\/\/www.dp.lu\/lenster\/wp-content\/uploads\/sites\/28\/2024\/07\/Junglenster_00001-768x512.jpg\" alt=\"Jungle\u0308nster_00001\" width=\"768\" height=\"512\">\n   <div class=\"uc_post_image_overlay\"><\/div>\n   <\/div>\n  <\/a>\n   \n <div class=\"uc_content\">\n    <div>\n      \n           \n    \n  \n      \n      \n    <div class=\"uc_post_title\"><a href=\"https:\/\/www.dp.lu\/lenster\/de-lenster-demokrat-english-version\/\" target=\"_self\"><div>De L\u00ebnster Demokrat 2024 - english version<\/div><\/a><\/div>\t\n    \n     \n     \n          <div class=\"ue-meta-data\">\n            <div class=\"ue-grid-item-meta-data\"><span class=\"ue-grid-item-meta-data-icon\"><i class='fas fa-calendar-week'><\/i><\/span>  11 July, 2024<\/div>            \n                        \n        \n\t\t\t\n\n\n\n\n\n\n\n\n\n\n\n\n            \n                        \n                        \n                        \n                        \n                        \n            \t\t\t\n              \n            \n          <\/div>\n     \n      \n      \n      \n     <div class=\"uc_post_text\">What did we realise last year?\nFind out some of it here!<\/div>    <div class=\"uc_post_button\"><a class=\"uc_more_btn\" href=\"https:\/\/www.dp.lu\/lenster\/de-lenster-demokrat-english-version\/\" target=\"_self\">weiderliesen...<\/a><\/div> \t<\/div>\n  <\/div>\n<\/div>\n<div class=\"ue-item \">\n  \n   <a class=\"ue-post-image-wrapper\" href=\"https:\/\/www.dp.lu\/lenster\/de-lenster-demokrat-versao-portuguesa\/\" target=\"_self\">\n   <div class=\"uc_post_image\">\n   <img loading=\"lazy\" decoding=\"async\" src=\"https:\/\/www.dp.lu\/lenster\/wp-content\/uploads\/sites\/28\/2024\/07\/Junglenster_00001-768x512.jpg\"  src=\"https:\/\/www.dp.lu\/lenster\/wp-content\/uploads\/sites\/28\/2024\/07\/Junglenster_00001-768x512.jpg\" alt=\"Jungle\u0308nster_00001\" width=\"768\" height=\"512\">\n   <div class=\"uc_post_image_overlay\"><\/div>\n   <\/div>\n  <\/a>\n   \n <div class=\"uc_content\">\n    <div>\n      \n           \n    \n  \n      \n      \n    <div class=\"uc_post_title\"><a href=\"https:\/\/www.dp.lu\/lenster\/de-lenster-demokrat-versao-portuguesa\/\" target=\"_self\"><div>De L\u00ebnster Demokrat 2024 - vers\u00e3o portuguesa<\/div><\/a><\/div>\t\n    \n     \n     \n          <div class=\"ue-meta-data\">\n            <div class=\"ue-grid-item-meta-data\"><span class=\"ue-grid-item-meta-data-icon\"><i class='fas fa-calendar-week'><\/i><\/span>  11 July, 2024<\/div>            \n                        \n        \n\t\t\t\n\n\n\n\n\n\n\n\n\n\n\n\n            \n                        \n                        \n                        \n                        \n                        \n            \t\t\t\n              \n            \n          <\/div>\n     \n      \n      \n      \n     <div class=\"uc_post_text\">O que \u00e9 que realiz\u00e1mos no ano passado?\nPode ler sobre algumas delas aqui!<\/div>    <div class=\"uc_post_button\"><a class=\"uc_more_btn\" href=\"https:\/\/www.dp.lu\/lenster\/de-lenster-demokrat-versao-portuguesa\/\" target=\"_self\">weiderliesen...<\/a><\/div> \t<\/div>\n  <\/div>\n<\/div>\n<div class=\"ue-item \">\n  \n   <a class=\"ue-post-image-wrapper\" href=\"https:\/\/www.dp.lu\/lenster\/de-lenster-demokrat\/\" target=\"_self\">\n   <div class=\"uc_post_image\">\n   <img loading=\"lazy\" decoding=\"async\" src=\"https:\/\/www.dp.lu\/lenster\/wp-content\/uploads\/sites\/28\/2024\/07\/Junglenster_00001-768x512.jpg\"  src=\"https:\/\/www.dp.lu\/lenster\/wp-content\/uploads\/sites\/28\/2024\/07\/Junglenster_00001-768x512.jpg\" alt=\"Jungle\u0308nster_00001\" width=\"768\" height=\"512\">\n   <div class=\"uc_post_image_overlay\"><\/div>\n   <\/div>\n  <\/a>\n   \n <div class=\"uc_content\">\n    <div>\n      \n           \n    \n  \n      \n      \n    <div class=\"uc_post_title\"><a href=\"https:\/\/www.dp.lu\/lenster\/de-lenster-demokrat\/\" target=\"_self\"><div>De L\u00ebnster Demokrat 2024<\/div><\/a><\/div>\t\n    \n     \n     \n          <div class=\"ue-meta-data\">\n            <div class=\"ue-grid-item-meta-data\"><span class=\"ue-grid-item-meta-data-icon\"><i class='fas fa-calendar-week'><\/i><\/span>  09 July, 2024<\/div>            \n                        \n        \n\t\t\t\n\n\n\n\n\n\n\n\n\n\n\n\n            \n                        \n                        \n                        \n                        \n                        \n            \t\t\t\n              \n            \n          <\/div>\n     \n      \n      \n      \n     <div class=\"uc_post_text\">Wat hu mir am \u00e9ischte Joer \u00ebmgesat?\nKuckt eran!<\/div>    <div class=\"uc_post_button\"><a class=\"uc_more_btn\" href=\"https:\/\/www.dp.lu\/lenster\/de-lenster-demokrat\/\" target=\"_self\">weiderliesen...<\/a><\/div> \t<\/div>\n  <\/div>\n<\/div>\n<div class=\"ue-item \">\n  \n   <a class=\"ue-post-image-wrapper\" href=\"https:\/\/www.dp.lu\/lenster\/de-budget-fir-2024\/\" target=\"_self\">\n   <div class=\"uc_post_image\">\n   <img loading=\"lazy\" decoding=\"async\" src=\"https:\/\/www.dp.lu\/lenster\/wp-content\/uploads\/sites\/28\/2024\/01\/IMG_5362-768x1152.jpg\"  src=\"https:\/\/www.dp.lu\/lenster\/wp-content\/uploads\/sites\/28\/2024\/01\/IMG_5362-768x1152.jpg\" alt=\"IMG_5362\" width=\"768\" height=\"1152\">\n   <div class=\"uc_post_image_overlay\"><\/div>\n   <\/div>\n  <\/a>\n   \n <div class=\"uc_content\">\n    <div>\n      \n           \n    \n  \n      \n      \n    <div class=\"uc_post_title\"><a href=\"https:\/\/www.dp.lu\/lenster\/de-budget-fir-2024\/\" target=\"_self\"><div>De Budget fir 2024<\/div><\/a><\/div>\t\n    \n     \n     \n          <div class=\"ue-meta-data\">\n            <div class=\"ue-grid-item-meta-data\"><span class=\"ue-grid-item-meta-data-icon\"><i class='fas fa-calendar-week'><\/i><\/span>  19 January, 2024<\/div>            \n                        \n        \n\t\t\t\n\n\n\n\n\n\n\n\n\n\n\n\n            \n                        \n                        \n                        \n                        \n                        \n            \t\t\t\n              \n            \n          <\/div>\n     \n      \n      \n      \n     <div class=\"uc_post_text\">Fannt hei d\u00e9i komplett Intervention zum Budget vum Ben Ries.<\/div>    <div class=\"uc_post_button\"><a class=\"uc_more_btn\" href=\"https:\/\/www.dp.lu\/lenster\/de-budget-fir-2024\/\" target=\"_self\">weiderliesen...<\/a><\/div> \t<\/div>\n  <\/div>\n<\/div>\n<div class=\"ue-item \">\n  \n   <a class=\"ue-post-image-wrapper\" href=\"https:\/\/www.dp.lu\/lenster\/1-teschebilan\/\" target=\"_self\">\n   <div class=\"uc_post_image\">\n   <img decoding=\"async\" src=\"https:\/\/www.dp.lu\/lenster\/wp-content\/uploads\/sites\/28\/ac_assets\/uc_post_grid_style_one\/\/no-image.png\"  src=\"\">\n   <div class=\"uc_post_image_overlay\"><\/div>\n   <\/div>\n  <\/a>\n   \n <div class=\"uc_content\">\n    <div>\n      \n           \n    \n  \n      \n      \n    <div class=\"uc_post_title\"><a href=\"https:\/\/www.dp.lu\/lenster\/1-teschebilan\/\" target=\"_self\"><div>1. T\u00ebschebilan<\/div><\/a><\/div>\t\n    \n     \n     \n          <div class=\"ue-meta-data\">\n            <div class=\"ue-grid-item-meta-data\"><span class=\"ue-grid-item-meta-data-icon\"><i class='fas fa-calendar-week'><\/i><\/span>  31 December, 2023<\/div>            \n                        \n        \n\t\t\t\n\n\n\n\n\n\n\n\n\n\n\n\n            \n                        \n                        \n                        \n                        \n                        \n            \t\t\t\n              \n            \n          <\/div>\n     \n      \n      \n      \n     <div class=\"uc_post_text\">Den \u00e9ischte Bilan mat engem kl\u00e9ngen Aper\u00e7u vun deem wat \u00ebmgesat ginn ass.<\/div>    <div class=\"uc_post_button\"><a class=\"uc_more_btn\" href=\"https:\/\/www.dp.lu\/lenster\/1-teschebilan\/\" target=\"_self\">weiderliesen...<\/a><\/div> \t<\/div>\n  <\/div>\n<\/div>\n<div class=\"ue-item \">\n  \n   <a class=\"ue-post-image-wrapper\" href=\"https:\/\/www.dp.lu\/lenster\/de-koalitiounsaccord-vun-der-dp-csv-fir-2023-2029\/\" target=\"_self\">\n   <div class=\"uc_post_image\">\n   <img loading=\"lazy\" decoding=\"async\" src=\"https:\/\/www.dp.lu\/lenster\/wp-content\/uploads\/sites\/28\/2023\/10\/IMG_4118-768x576.jpg\"  src=\"https:\/\/www.dp.lu\/lenster\/wp-content\/uploads\/sites\/28\/2023\/10\/IMG_4118-768x576.jpg\" alt=\"IMG_4118\" width=\"768\" height=\"576\">\n   <div class=\"uc_post_image_overlay\"><\/div>\n   <\/div>\n  <\/a>\n   \n <div class=\"uc_content\">\n    <div>\n      \n           \n    \n  \n      \n      \n    <div class=\"uc_post_title\"><a href=\"https:\/\/www.dp.lu\/lenster\/de-koalitiounsaccord-vun-der-dp-csv-fir-2023-2029\/\" target=\"_self\"><div>De Koalitiounsaccord vun der DP &amp; CSV fir 2023-2029<\/div><\/a><\/div>\t\n    \n     \n     \n          <div class=\"ue-meta-data\">\n            <div class=\"ue-grid-item-meta-data\"><span class=\"ue-grid-item-meta-data-icon\"><i class='fas fa-calendar-week'><\/i><\/span>  10 October, 2023<\/div>            \n                        \n        \n\t\t\t\n\n\n\n\n\n\n\n\n\n\n\n\n            \n                        \n                        \n                        \n                        \n                        \n            \t\t\t\n              \n            \n          <\/div>\n     \n      \n      \n      \n     <div class=\"uc_post_text\">De Koalitiounsaccord setzt de Kader fir di n\u00e4chst 6 Joren an d\u00e9ngt als roude Fuedem fir d'Koalitiounspartner. Kuckt eran!<\/div>    <div class=\"uc_post_button\"><a class=\"uc_more_btn\" href=\"https:\/\/www.dp.lu\/lenster\/de-koalitiounsaccord-vun-der-dp-csv-fir-2023-2029\/\" target=\"_self\">weiderliesen...<\/a><\/div> \t<\/div>\n  <\/div>\n<\/div>\n<div class=\"ue-item \">\n  \n   <a class=\"ue-post-image-wrapper\" href=\"https:\/\/www.dp.lu\/lenster\/as-nossas-ideias-para-a-comunidade-de-junglinster\/\" target=\"_self\">\n   <div class=\"uc_post_image\">\n   <img loading=\"lazy\" decoding=\"async\" src=\"https:\/\/www.dp.lu\/lenster\/wp-content\/uploads\/sites\/28\/2023\/03\/DP_Lenster_00001-768x512.jpg\"  src=\"https:\/\/www.dp.lu\/lenster\/wp-content\/uploads\/sites\/28\/2023\/03\/DP_Lenster_00001-768x512.jpg\" alt=\"DP_Le\u0308nster_00001\" width=\"768\" height=\"512\">\n   <div class=\"uc_post_image_overlay\"><\/div>\n   <\/div>\n  <\/a>\n   \n <div class=\"uc_content\">\n    <div>\n      \n           \n    \n  \n      \n      \n    <div class=\"uc_post_title\"><a href=\"https:\/\/www.dp.lu\/lenster\/as-nossas-ideias-para-a-comunidade-de-junglinster\/\" target=\"_self\"><div>As nossas ideias para a comunidade de Junglinster<\/div><\/a><\/div>\t\n    \n     \n     \n          <div class=\"ue-meta-data\">\n            <div class=\"ue-grid-item-meta-data\"><span class=\"ue-grid-item-meta-data-icon\"><i class='fas fa-calendar-week'><\/i><\/span>  30 May, 2023<\/div>            \n                        \n        \n\t\t\t\n\n\n\n\n\n\n\n\n\n\n\n\n            \n                        \n                        \n                        \n                        \n                        \n            \t\t\t\n              \n            \n          <\/div>\n     \n      \n      \n      \n     <div class=\"uc_post_text\">Juntamente com Ben Ries, estamos todos\nprontos para enfrentar os novos desafios a\nn\u00edvel municipal e para alargar ainda mais as\nnossas responsabilidades. Continuaremos\na manter a nossa palavra e a moldar o\nmunic\u00edpio em conjunto convosco, numa\nbase cont\u00ednua.<\/div>    <div class=\"uc_post_button\"><a class=\"uc_more_btn\" href=\"https:\/\/www.dp.lu\/lenster\/as-nossas-ideias-para-a-comunidade-de-junglinster\/\" target=\"_self\">weiderliesen...<\/a><\/div> \t<\/div>\n  <\/div>\n<\/div>\n<div class=\"ue-item \">\n  \n   <a class=\"ue-post-image-wrapper\" href=\"https:\/\/www.dp.lu\/lenster\/380kv\/\" target=\"_self\">\n   <div class=\"uc_post_image\">\n   <img loading=\"lazy\" decoding=\"async\" src=\"https:\/\/www.dp.lu\/lenster\/wp-content\/uploads\/sites\/28\/2023\/05\/Capture1-768x764.jpg\"  src=\"https:\/\/www.dp.lu\/lenster\/wp-content\/uploads\/sites\/28\/2023\/05\/Capture1-768x764.jpg\" alt=\"Capture1\" width=\"768\" height=\"764\">\n   <div class=\"uc_post_image_overlay\"><\/div>\n   <\/div>\n  <\/a>\n   \n <div class=\"uc_content\">\n    <div>\n      \n           \n    \n  \n      \n      \n    <div class=\"uc_post_title\"><a href=\"https:\/\/www.dp.lu\/lenster\/380kv\/\" target=\"_self\"><div>380kV<\/div><\/a><\/div>\t\n    \n     \n     \n          <div class=\"ue-meta-data\">\n            <div class=\"ue-grid-item-meta-data\"><span class=\"ue-grid-item-meta-data-icon\"><i class='fas fa-calendar-week'><\/i><\/span>  26 May, 2023<\/div>            \n                        \n        \n\t\t\t\n\n\n\n\n\n\n\n\n\n\n\n\n            \n                        \n                        \n                        \n                        \n                        \n            \t\t\t\n              \n            \n          <\/div>\n     \n      \n      \n      \n     <div class=\"uc_post_text\">DP setzt sech weider mat Nodrock dofir an dass d\u2019H\u00e9ichspannungsleitung duerch ons Gemeng sou weit w\u00e9i m\u00e9iglech vun de Wunnhaiser ewech k\u00ebnnt.<\/div>    <div class=\"uc_post_button\"><a class=\"uc_more_btn\" href=\"https:\/\/www.dp.lu\/lenster\/380kv\/\" target=\"_self\">weiderliesen...<\/a><\/div> \t<\/div>\n  <\/div>\n<\/div>\n<div class=\"ue-item \">\n  \n   <a class=\"ue-post-image-wrapper\" href=\"https:\/\/www.dp.lu\/lenster\/ons-iddien-fir-dgemeng-jonglenster\/\" target=\"_self\">\n   <div class=\"uc_post_image\">\n   <img loading=\"lazy\" decoding=\"async\" src=\"https:\/\/www.dp.lu\/lenster\/wp-content\/uploads\/sites\/28\/2023\/03\/DP_Lenster_00001-768x512.jpg\"  src=\"https:\/\/www.dp.lu\/lenster\/wp-content\/uploads\/sites\/28\/2023\/03\/DP_Lenster_00001-768x512.jpg\" alt=\"DP_Le\u0308nster_00001\" width=\"768\" height=\"512\">\n   <div class=\"uc_post_image_overlay\"><\/div>\n   <\/div>\n  <\/a>\n   \n <div class=\"uc_content\">\n    <div>\n      \n           \n    \n  \n      \n      \n    <div class=\"uc_post_title\"><a href=\"https:\/\/www.dp.lu\/lenster\/ons-iddien-fir-dgemeng-jonglenster\/\" target=\"_self\"><div>Ons Iddien fir d'Gemeng Jongl\u00ebnster<\/div><\/a><\/div>\t\n    \n     \n     \n          <div class=\"ue-meta-data\">\n            <div class=\"ue-grid-item-meta-data\"><span class=\"ue-grid-item-meta-data-icon\"><i class='fas fa-calendar-week'><\/i><\/span>  17 May, 2023<\/div>            \n                        \n        \n\t\t\t\n\n\n\n\n\n\n\n\n\n\n\n\n            \n                        \n                        \n                        \n                        \n                        \n            \t\t\t\n              \n            \n          <\/div>\n     \n      \n      \n      \n     <div class=\"uc_post_text\">Unser Team steht f\u00fcr eine konkrete und\nauthentische Gemeindepolitik.\nGemeinsam mit Ben Ries sind wir alle\nbereit, uns den neuen Herausforderungen\nauf Gemeindeebene zu stellen und unsere\nVerantwortung weiter auszubauen. Wir\nwerden auch weiterhin Wort halten und\nmit Ihnen gemeinsam die Gemeinde\nfortlaufend gestalten.<\/div>    <div class=\"uc_post_button\"><a class=\"uc_more_btn\" href=\"https:\/\/www.dp.lu\/lenster\/ons-iddien-fir-dgemeng-jonglenster\/\" target=\"_self\">weiderliesen...<\/a><\/div> \t<\/div>\n  <\/div>\n<\/div>\n<div class=\"ue-item \">\n  \n   <a class=\"ue-post-image-wrapper\" href=\"https:\/\/www.dp.lu\/lenster\/onse-bilan-em-portugues-in-english\/\" target=\"_self\">\n   <div class=\"uc_post_image\">\n   <img loading=\"lazy\" decoding=\"async\" src=\"https:\/\/www.dp.lu\/lenster\/wp-content\/uploads\/sites\/28\/2023\/04\/onse-bilan-768x338.jpg\"  src=\"https:\/\/www.dp.lu\/lenster\/wp-content\/uploads\/sites\/28\/2023\/04\/onse-bilan-768x338.jpg\" alt=\"onse-bilan\" width=\"768\" height=\"338\">\n   <div class=\"uc_post_image_overlay\"><\/div>\n   <\/div>\n  <\/a>\n   \n <div class=\"uc_content\">\n    <div>\n      \n           \n    \n  \n      \n      \n    <div class=\"uc_post_title\"><a href=\"https:\/\/www.dp.lu\/lenster\/onse-bilan-em-portugues-in-english\/\" target=\"_self\"><div>Onse Bilan em portugu\u00eas in english<\/div><\/a><\/div>\t\n    \n     \n     \n          <div class=\"ue-meta-data\">\n            <div class=\"ue-grid-item-meta-data\"><span class=\"ue-grid-item-meta-data-icon\"><i class='fas fa-calendar-week'><\/i><\/span>  25 April, 2023<\/div>            \n                        \n        \n\t\t\t\n\n\n\n\n\n\n\n\n\n\n\n\n            \n                        \n                        \n                        \n                        \n                        \n            \t\t\t\n              \n            \n          <\/div>\n     \n      \n      \n      \n     <div class=\"uc_post_text\">Com muito empenho, temos\nnos \u00faltimos anos para a comunidade.<\/div>    <div class=\"uc_post_button\"><a class=\"uc_more_btn\" href=\"https:\/\/www.dp.lu\/lenster\/onse-bilan-em-portugues-in-english\/\" target=\"_self\">weiderliesen...<\/a><\/div> \t<\/div>\n  <\/div>\n<\/div>\n<div class=\"ue-item \">\n  \n   <a class=\"ue-post-image-wrapper\" href=\"https:\/\/www.dp.lu\/lenster\/onse-bilan\/\" target=\"_self\">\n   <div class=\"uc_post_image\">\n   <img loading=\"lazy\" decoding=\"async\" src=\"https:\/\/www.dp.lu\/lenster\/wp-content\/uploads\/sites\/28\/2023\/04\/onse-bilan-768x338.jpg\"  src=\"https:\/\/www.dp.lu\/lenster\/wp-content\/uploads\/sites\/28\/2023\/04\/onse-bilan-768x338.jpg\" alt=\"onse-bilan\" width=\"768\" height=\"338\">\n   <div class=\"uc_post_image_overlay\"><\/div>\n   <\/div>\n  <\/a>\n   \n <div class=\"uc_content\">\n    <div>\n      \n           \n    \n  \n      \n      \n    <div class=\"uc_post_title\"><a href=\"https:\/\/www.dp.lu\/lenster\/onse-bilan\/\" target=\"_self\"><div>Onse Bilan<\/div><\/a><\/div>\t\n    \n     \n     \n          <div class=\"ue-meta-data\">\n            <div class=\"ue-grid-item-meta-data\"><span class=\"ue-grid-item-meta-data-icon\"><i class='fas fa-calendar-week'><\/i><\/span>  24 April, 2023<\/div>            \n                        \n        \n\t\t\t\n\n\n\n\n\n\n\n\n\n\n\n\n            \n                        \n                        \n                        \n                        \n                        \n            \t\t\t\n              \n            \n          <\/div>\n     \n      \n      \n      \n     <div class=\"uc_post_text\">Mit viel Engagement haben wir uns\ndie letzten Jahre f\u00fcr die Gemeinde eingesetzt.<\/div>    <div class=\"uc_post_button\"><a class=\"uc_more_btn\" href=\"https:\/\/www.dp.lu\/lenster\/onse-bilan\/\" target=\"_self\">weiderliesen...<\/a><\/div> \t<\/div>\n  <\/div>\n<\/div>\n<div class=\"ue-item \">\n  \n   <a class=\"ue-post-image-wrapper\" href=\"https:\/\/www.dp.lu\/lenster\/presentatioun-vun-onse-kandidate-fir-dgemengewalen\/\" target=\"_self\">\n   <div class=\"uc_post_image\">\n   <img loading=\"lazy\" decoding=\"async\" src=\"https:\/\/www.dp.lu\/lenster\/wp-content\/uploads\/sites\/28\/2023\/03\/DP_Lenster_00001-768x512.jpg\"  src=\"https:\/\/www.dp.lu\/lenster\/wp-content\/uploads\/sites\/28\/2023\/03\/DP_Lenster_00001-768x512.jpg\" alt=\"DP_Le\u0308nster_00001\" width=\"768\" height=\"512\">\n   <div class=\"uc_post_image_overlay\"><\/div>\n   <\/div>\n  <\/a>\n   \n <div class=\"uc_content\">\n    <div>\n      \n           \n    \n  \n      \n      \n    <div class=\"uc_post_title\"><a href=\"https:\/\/www.dp.lu\/lenster\/presentatioun-vun-onse-kandidate-fir-dgemengewalen\/\" target=\"_self\"><div>Presentatioun vun onse Kandidate fir d'Gemengewalen<\/div><\/a><\/div>\t\n    \n     \n     \n          <div class=\"ue-meta-data\">\n            <div class=\"ue-grid-item-meta-data\"><span class=\"ue-grid-item-meta-data-icon\"><i class='fas fa-calendar-week'><\/i><\/span>  20 March, 2023<\/div>            \n                        \n        \n\t\t\t\n\n\n\n\n\n\n\n\n\n\n\n\n            \n                        \n                        \n                        \n                        \n                        \n            \t\t\t\n              \n            \n          <\/div>\n     \n      \n      \n      \n     <div class=\"uc_post_text\">Ons Ekipp, dat si 7 Dammen, 6 M\u00e4nner, mat enger breeder Panoplie u Kompetenzen a Perspektiven. Mir hunn eng Visioun, de politesche W\u00ebllen, di n\u00e9ideg Kompetenzen, dat n\u00e9idegt W\u00ebssen, d\u00e9i n\u00e9ideg Energie an Entscheedungskraaft &#8211; a virun allem :Mir kennen ons Gemeng!\n\n\nIwwerzeegt&nbsp;iech selwer!\n\n\nDe Ben Ries ass Gonnerenger, 39 Joer al, Papp vun 2 Kanner an als Beruff Ekonomiesproff. 2017 an de...<\/div>    <div class=\"uc_post_button\"><a class=\"uc_more_btn\" href=\"https:\/\/www.dp.lu\/lenster\/presentatioun-vun-onse-kandidate-fir-dgemengewalen\/\" target=\"_self\">weiderliesen...<\/a><\/div> \t<\/div>\n  <\/div>\n<\/div>\n<div class=\"ue-item \">\n  \n   <a class=\"ue-post-image-wrapper\" href=\"https:\/\/www.dp.lu\/lenster\/ag-dp-jonglenster\/\" target=\"_self\">\n   <div class=\"uc_post_image\">\n   <img loading=\"lazy\" decoding=\"async\" src=\"https:\/\/www.dp.lu\/lenster\/wp-content\/uploads\/sites\/28\/2023\/03\/IMG_2535-min-768x454.jpg\"  src=\"https:\/\/www.dp.lu\/lenster\/wp-content\/uploads\/sites\/28\/2023\/03\/IMG_2535-min-768x454.jpg\" alt=\"IMG_2535-min\" width=\"768\" height=\"454\">\n   <div class=\"uc_post_image_overlay\"><\/div>\n   <\/div>\n  <\/a>\n   \n <div class=\"uc_content\">\n    <div>\n      \n           \n    \n  \n      \n      \n    <div class=\"uc_post_title\"><a href=\"https:\/\/www.dp.lu\/lenster\/ag-dp-jonglenster\/\" target=\"_self\"><div>AG DP Jongl\u00ebnster<\/div><\/a><\/div>\t\n    \n     \n     \n          <div class=\"ue-meta-data\">\n            <div class=\"ue-grid-item-meta-data\"><span class=\"ue-grid-item-meta-data-icon\"><i class='fas fa-calendar-week'><\/i><\/span>  06 March, 2023<\/div>            \n                        \n        \n\t\t\t\n\n\n\n\n\n\n\n\n\n\n\n\n            \n                        \n                        \n                        \n                        \n                        \n            \t\t\t\n              \n            \n          <\/div>\n     \n      \n      \n      \n     <div class=\"uc_post_text\">Et war eng ganz flott AG zu Jongl\u00ebnster. Och sinn d\u2019Kandidate fir d\u2019Gemengewale present\u00e9iert ginn.\nD\u2019Ekipp, dat si 7 Fraen, 6 M\u00e4nner, mat enger breeder Panoplie u Kompetenzen a Perspektiven.\nVill vun den aktuellen Erausfuerderunge ginn um kommunalen Niveau gel\u00e9ist, an DP Jongl\u00ebnster ass bereet d\u00e9i Erausfuerderungen unzehuelen.\nDP Jongl\u00ebnster huet eng Visioun, de politesche W\u00ebllen, di n\u00e9ideg Kompetenzen,...<\/div>    <div class=\"uc_post_button\"><a class=\"uc_more_btn\" href=\"https:\/\/www.dp.lu\/lenster\/ag-dp-jonglenster\/\" target=\"_self\">weiderliesen...<\/a><\/div> \t<\/div>\n  <\/div>\n<\/div>\n<div class=\"ue-item \">\n  \n   <a class=\"ue-post-image-wrapper\" href=\"https:\/\/www.dp.lu\/lenster\/423-2\/\" target=\"_self\">\n   <div class=\"uc_post_image\">\n   <img loading=\"lazy\" decoding=\"async\" src=\"https:\/\/www.dp.lu\/lenster\/wp-content\/uploads\/sites\/28\/2023\/01\/My-project-1-768x768.jpg\"  src=\"https:\/\/www.dp.lu\/lenster\/wp-content\/uploads\/sites\/28\/2023\/01\/My-project-1-768x768.jpg\" alt=\"My project-1\" width=\"768\" height=\"768\">\n   <div class=\"uc_post_image_overlay\"><\/div>\n   <\/div>\n  <\/a>\n   \n <div class=\"uc_content\">\n    <div>\n      \n           \n    \n  \n      \n      \n    <div class=\"uc_post_title\"><a href=\"https:\/\/www.dp.lu\/lenster\/423-2\/\" target=\"_self\"><div>380 kV \u2013 en\u00a0d\u00e4regen Dossier<\/div><\/a><\/div>\t\n    \n     \n     \n          <div class=\"ue-meta-data\">\n            <div class=\"ue-grid-item-meta-data\"><span class=\"ue-grid-item-meta-data-icon\"><i class='fas fa-calendar-week'><\/i><\/span>  03 January, 2023<\/div>            \n                        \n        \n\t\t\t\n\n\n\n\n\n\n\n\n\n\n\n\n            \n                        \n                        \n                        \n                        \n                        \n            \t\t\t\n              \n            \n          <\/div>\n     \n      \n      \n      \n     <div class=\"uc_post_text\">Vun Ufank un schafft de Sch\u00e4fferot enk mat der Biergerinitiativ vun Amber zesummen. D\u2019Christiane Degraux, huet sech hei als&nbsp;politesche Vertrieder ganz staark gemaach an huet de Lien t\u00ebschent de BiergerInnen&nbsp;hire Suergen an der Politik gemaach.\n\n\nDe Sch\u00e4ffen- a Gemengerot, zesumme mat der Biergerinitiativ, z\u00e9ien hei och um n\u00e4mmlechte Strang.\nD\u2019Objektiv ass kloer : di n\u00e9i Leitung soll souw\u00e4it...<\/div>    <div class=\"uc_post_button\"><a class=\"uc_more_btn\" href=\"https:\/\/www.dp.lu\/lenster\/423-2\/\" target=\"_self\">weiderliesen...<\/a><\/div> \t<\/div>\n  <\/div>\n<\/div>\n<div class=\"ue-item \">\n  \n   <a class=\"ue-post-image-wrapper\" href=\"https:\/\/www.dp.lu\/lenster\/nei-situatioun-am-kar-vu-lenster-dat-seet-ddp\/\" target=\"_self\">\n   <div class=\"uc_post_image\">\n   <img loading=\"lazy\" decoding=\"async\" src=\"https:\/\/www.dp.lu\/lenster\/wp-content\/uploads\/sites\/28\/2022\/12\/Zentrum-768x589.jpg\"  src=\"https:\/\/www.dp.lu\/lenster\/wp-content\/uploads\/sites\/28\/2022\/12\/Zentrum-768x589.jpg\" alt=\"Zentrum\" width=\"768\" height=\"589\">\n   <div class=\"uc_post_image_overlay\"><\/div>\n   <\/div>\n  <\/a>\n   \n <div class=\"uc_content\">\n    <div>\n      \n           \n    \n  \n      \n      \n    <div class=\"uc_post_title\"><a href=\"https:\/\/www.dp.lu\/lenster\/nei-situatioun-am-kar-vu-lenster-dat-seet-ddp\/\" target=\"_self\"><div>Nei Situatioun am K\u00e4r vu L\u00ebnster - dat seet d'DP<\/div><\/a><\/div>\t\n    \n     \n     \n          <div class=\"ue-meta-data\">\n            <div class=\"ue-grid-item-meta-data\"><span class=\"ue-grid-item-meta-data-icon\"><i class='fas fa-calendar-week'><\/i><\/span>  27 December, 2022<\/div>            \n                        \n        \n\t\t\t\n\n\n\n\n\n\n\n\n\n\n\n\n            \n                        \n                        \n                        \n                        \n                        \n            \t\t\t\n              \n            \n          <\/div>\n     \n      \n      \n      \n     <div class=\"uc_post_text\">Duerch de Kaf vum Domaine Schwall, dem&nbsp;fr\u00e9iere Paschtoueschhaus, mat sengen Annexen an dem Park, verdeelt op engem Terrain vu 96 Ar, erginn sech der Gemeng n\u00e9i&nbsp;M\u00e9iglechkeete wat d\u2019Gestaltung vum Zentrum ugeet.\n\n\n\n\nWat ass geplangt ?\n\n\nAn enger&nbsp;\u00e9ischter Phase soll de Park der \u00cbffentlechkeet zoug\u00e4nglech&nbsp;gemaach ginn. De Park mat sengem Bambestand&nbsp;bitt den Awunner e&nbsp;w\u00e4ertvolle...<\/div>    <div class=\"uc_post_button\"><a class=\"uc_more_btn\" href=\"https:\/\/www.dp.lu\/lenster\/nei-situatioun-am-kar-vu-lenster-dat-seet-ddp\/\" target=\"_self\">weiderliesen...<\/a><\/div> \t<\/div>\n  <\/div>\n<\/div>\n<div class=\"ue-item \">\n  \n   <a class=\"ue-post-image-wrapper\" href=\"https:\/\/www.dp.lu\/lenster\/de-budget-2023-e-kuerzen-iwwerbleck\/\" target=\"_self\">\n   <div class=\"uc_post_image\">\n   <img loading=\"lazy\" decoding=\"async\" src=\"https:\/\/www.dp.lu\/lenster\/wp-content\/uploads\/sites\/28\/2022\/12\/budget-768x341.png\"  src=\"https:\/\/www.dp.lu\/lenster\/wp-content\/uploads\/sites\/28\/2022\/12\/budget-768x341.png\" alt=\"budget\" width=\"768\" height=\"341\">\n   <div class=\"uc_post_image_overlay\"><\/div>\n   <\/div>\n  <\/a>\n   \n <div class=\"uc_content\">\n    <div>\n      \n           \n    \n  \n      \n      \n    <div class=\"uc_post_title\"><a href=\"https:\/\/www.dp.lu\/lenster\/de-budget-2023-e-kuerzen-iwwerbleck\/\" target=\"_self\"><div>De Budget 2023 - e kuerzen Iwwerbl\u00e9ck<\/div><\/a><\/div>\t\n    \n     \n     \n          <div class=\"ue-meta-data\">\n            <div class=\"ue-grid-item-meta-data\"><span class=\"ue-grid-item-meta-data-icon\"><i class='fas fa-calendar-week'><\/i><\/span>  21 December, 2022<\/div>            \n                        \n        \n\t\t\t\n\n\n\n\n\n\n\n\n\n\n\n\n            \n                        \n                        \n                        \n                        \n                        \n            \t\t\t\n              \n            \n          <\/div>\n     \n      \n      \n      \n     <div class=\"uc_post_text\">\u00c9ierg\u00e4izeg, verantwortungsvoll, virausschauend, adapt\u00e9iert, diversifi\u00e9iert \u2013 fir ons d\u00e9i passend&nbsp;Charakteristike vum&nbsp;Budget,&nbsp;dee mir am Dezember ausgeschafft hunn.\n\n\nEt&nbsp;sinn natierlech di bekannte Projeten, w\u00e9i d\u2019Maison Relais, d\u2019Museksschoul an d\u2019Cr\u00e8che d\u00e9i \u00ebmgesat ginn. D\u2019Schoul zu L\u00ebnster g\u00ebtt ausgebaut an ons Wunnengen an&nbsp;Haiser an der JongM\u00ebtt an zu Guedber gi f\u00e4erdeg...<\/div>    <div class=\"uc_post_button\"><a class=\"uc_more_btn\" href=\"https:\/\/www.dp.lu\/lenster\/de-budget-2023-e-kuerzen-iwwerbleck\/\" target=\"_self\">weiderliesen...<\/a><\/div> \t<\/div>\n  <\/div>\n<\/div>\n\n<\/div>\n\n\n\n  <div id=\"uc_post_grid_elementor_3cf82d1_empty_message\" class=\"ue-no-posts-found\"  style=\"display:none\" >No posts found<\/div>\n\n\n<!-- end Post Grid -->\t\t\t\t<\/div>\n\t\t\t\t<\/div>\n\t\t\t\t<div class=\"elementor-element elementor-element-13e7b8c result-list elementor-hidden-desktop elementor-hidden-tablet elementor-widget elementor-widget-ucaddon_post_grid\" data-id=\"13e7b8c\" data-element_type=\"widget\" data-e-type=\"widget\" data-widget_type=\"ucaddon_post_grid.default\">\n\t\t\t\t<div class=\"elementor-widget-container\">\n\t\t\t\t\t\n<!-- start Post Grid -->\n\n<style>\/* widget: Post Grid *\/\n\n#uc_post_grid_elementor_13e7b8c.ue-post-grid {\n   display:grid;\n}\n\n\n\n#uc_post_grid_elementor_13e7b8c .ue-item\n{\n  overflow:hidden;\n  position:relative;\n}\n\n#uc_post_grid_elementor_13e7b8c .uc_post_image\n{\n  transition:0.3s;\n  position:relative;\n  overflow:hidden;\n}\n\n#uc_post_grid_elementor_13e7b8c .uc_post_image img\n{\n  width:100%;\n  display:block;\n  transition:0.3s;\n}\n\n\n\t\n\n\n\n\n\n\n#uc_post_grid_elementor_13e7b8c .uc_post_image_overlay\n{\n  position:absolute;\n  top:0px;\n  left:0px;\n  height:100%;\n  width:100%;\n  transition:0.3s;\n}\n\n#uc_post_grid_elementor_13e7b8c .uc_more_btn{\n\n  display:inline-block;\n  text-align:center;\n  text-decoration:none;\n  transition:0.3s;\n}\n\n.ue-grid-item-category a\n{\n  display:inline-block;\n  font-size:10px;\n  \n}\n\n.uc_post_title\n{\n  font-size:21px;\n}\n\n\n#uc_post_grid_elementor_13e7b8c .ue_post_grid_item\n{\n  display:flex;\n  flex-direction:column;\n}\n\n#uc_post_grid_elementor_13e7b8c.ue-post-grid .uc_content{\n flex-grow:1;\n}\n\n#uc_post_grid_elementor_13e7b8c.ue-post-grid .uc_content > div\n{\n  height:100%;\n  display:flex;\n  flex-direction:column;\n}\n\n#uc_post_grid_elementor_13e7b8c .uc_post_button\n{\n  margin-top:auto;\n}\n\n\n\n\n\n\n\n\n\n\n\n\n\n\n\n\n\n\n\n\n\n#uc_post_grid_elementor_13e7b8c .ue-meta-data\n{\n  \n  display:flex;\n\n  flex-wrap: wrap;\n  line-height:1em;\n}\n\n#uc_post_grid_elementor_13e7b8c .ue-grid-item-meta-data\n{\n      display:inline-flex;\n      align-items:center;\n}\n\n.ue-grid-item-meta-data\n{\n  font-size:12px;\n}\n\n#uc_post_grid_elementor_13e7b8c .ue-grid-item-meta-data-icon\n{\n  line-height:1em;\n}\n\n#uc_post_grid_elementor_13e7b8c .ue-grid-item-meta-data-icon svg\n{\n  width:1em;\n  height:1em;\n}\n\n#uc_post_grid_elementor_13e7b8c .ue-debug-meta\n{\n  padding:10px;\n  border:1px solid red;\n  position:relative;\n  line-height:1.5em;\n  font-size:11px;\n  width:100%;\n}\n\n.uc-remote-parent .ue-item{\n\tcursor:pointer;\n}\n\n<\/style>\n\n<div class=\"ue-post-grid uc-items-wrapper  \" id=\"uc_post_grid_elementor_13e7b8c\"  >\n\t\t\t<div class=\"ue-item \">\n  \n   <a class=\"ue-post-image-wrapper\" href=\"https:\/\/www.dp.lu\/lenster\/lenster-demokrat-2025\/\" target=\"_self\">\n   <div class=\"uc_post_image\">\n   <img loading=\"lazy\" decoding=\"async\" src=\"https:\/\/www.dp.lu\/lenster\/wp-content\/uploads\/sites\/28\/2025\/06\/Shooting-DP-37-768x512.jpg\"  src=\"https:\/\/www.dp.lu\/lenster\/wp-content\/uploads\/sites\/28\/2025\/06\/Shooting-DP-37-768x512.jpg\" alt=\"Shooting DP-37\" width=\"768\" height=\"512\">\n   <div class=\"uc_post_image_overlay\"><\/div>\n   <\/div>\n  <\/a>\n   \n <div class=\"uc_content\">\n    <div>\n      \n           \n    \n  \n      \n      \n    <div class=\"uc_post_title\"><a href=\"https:\/\/www.dp.lu\/lenster\/lenster-demokrat-2025\/\" target=\"_self\"><div>L\u00ebnster Demokrat 2025<\/div><\/a><\/div>\t\n    \n     \n     \n          <div class=\"ue-meta-data\">\n            <div class=\"ue-grid-item-meta-data\"><span class=\"ue-grid-item-meta-data-icon\"><i class='fas fa-calendar-week'><\/i><\/span>  25 June, 2025<\/div>            \n                        \n        \n\t\t\t\n\n\n\n\n\n\n\n\n\n\n\n\n            \n                        \n                        \n                        \n                        \n                        \n            \t\t\t\n              \n            \n          <\/div>\n     \n      \n      \n      \n     <div class=\"uc_post_text\">Hei fannt dir en Auszuch vun engem Deel deen am leschte Joer \u00ebmgesat ginn ass.<\/div>    <div class=\"uc_post_button\"><a class=\"uc_more_btn\" href=\"https:\/\/www.dp.lu\/lenster\/lenster-demokrat-2025\/\" target=\"_self\">weiderliesen...<\/a><\/div> \t<\/div>\n  <\/div>\n<\/div>\n<div class=\"ue-item \">\n  \n   <a class=\"ue-post-image-wrapper\" href=\"https:\/\/www.dp.lu\/lenster\/de-lenster-demokrat-2025-versao-portuguesa\/\" target=\"_self\">\n   <div class=\"uc_post_image\">\n   <img loading=\"lazy\" decoding=\"async\" src=\"https:\/\/www.dp.lu\/lenster\/wp-content\/uploads\/sites\/28\/2025\/06\/Shooting-DP-37-768x512.jpg\"  src=\"https:\/\/www.dp.lu\/lenster\/wp-content\/uploads\/sites\/28\/2025\/06\/Shooting-DP-37-768x512.jpg\" alt=\"Shooting DP-37\" width=\"768\" height=\"512\">\n   <div class=\"uc_post_image_overlay\"><\/div>\n   <\/div>\n  <\/a>\n   \n <div class=\"uc_content\">\n    <div>\n      \n           \n    \n  \n      \n      \n    <div class=\"uc_post_title\"><a href=\"https:\/\/www.dp.lu\/lenster\/de-lenster-demokrat-2025-versao-portuguesa\/\" target=\"_self\"><div>De L\u00ebnster Demokrat 2025 - vers\u00e3o portuguesa<\/div><\/a><\/div>\t\n    \n     \n     \n          <div class=\"ue-meta-data\">\n            <div class=\"ue-grid-item-meta-data\"><span class=\"ue-grid-item-meta-data-icon\"><i class='fas fa-calendar-week'><\/i><\/span>  25 June, 2025<\/div>            \n                        \n        \n\t\t\t\n\n\n\n\n\n\n\n\n\n\n\n\n            \n                        \n                        \n                        \n                        \n                        \n            \t\t\t\n              \n            \n          <\/div>\n     \n      \n      \n      \n     <div class=\"uc_post_text\">Descubra uma parte do que realiz\u00e1mos no \u00faltimo ano.<\/div>    <div class=\"uc_post_button\"><a class=\"uc_more_btn\" href=\"https:\/\/www.dp.lu\/lenster\/de-lenster-demokrat-2025-versao-portuguesa\/\" target=\"_self\">weiderliesen...<\/a><\/div> \t<\/div>\n  <\/div>\n<\/div>\n<div class=\"ue-item \">\n  \n   <a class=\"ue-post-image-wrapper\" href=\"https:\/\/www.dp.lu\/lenster\/de-lenster-demokrat-2025-english-version\/\" target=\"_self\">\n   <div class=\"uc_post_image\">\n   <img loading=\"lazy\" decoding=\"async\" src=\"https:\/\/www.dp.lu\/lenster\/wp-content\/uploads\/sites\/28\/2025\/06\/Shooting-DP-37-768x512.jpg\"  src=\"https:\/\/www.dp.lu\/lenster\/wp-content\/uploads\/sites\/28\/2025\/06\/Shooting-DP-37-768x512.jpg\" alt=\"Shooting DP-37\" width=\"768\" height=\"512\">\n   <div class=\"uc_post_image_overlay\"><\/div>\n   <\/div>\n  <\/a>\n   \n <div class=\"uc_content\">\n    <div>\n      \n           \n    \n  \n      \n      \n    <div class=\"uc_post_title\"><a href=\"https:\/\/www.dp.lu\/lenster\/de-lenster-demokrat-2025-english-version\/\" target=\"_self\"><div>De L\u00ebnster Demokrat 2025 - english version<\/div><\/a><\/div>\t\n    \n     \n     \n          <div class=\"ue-meta-data\">\n            <div class=\"ue-grid-item-meta-data\"><span class=\"ue-grid-item-meta-data-icon\"><i class='fas fa-calendar-week'><\/i><\/span>  25 June, 2025<\/div>            \n                        \n        \n\t\t\t\n\n\n\n\n\n\n\n\n\n\n\n\n            \n                        \n                        \n                        \n                        \n                        \n            \t\t\t\n              \n            \n          <\/div>\n     \n      \n      \n      \n     <div class=\"uc_post_text\">Discover a part of what we have realised in the last year.<\/div>    <div class=\"uc_post_button\"><a class=\"uc_more_btn\" href=\"https:\/\/www.dp.lu\/lenster\/de-lenster-demokrat-2025-english-version\/\" target=\"_self\">weiderliesen...<\/a><\/div> \t<\/div>\n  <\/div>\n<\/div>\n<div class=\"ue-item \">\n  \n   <a class=\"ue-post-image-wrapper\" href=\"https:\/\/www.dp.lu\/lenster\/de-lenster-demokrat-2025\/\" target=\"_self\">\n   <div class=\"uc_post_image\">\n   <img loading=\"lazy\" decoding=\"async\" src=\"https:\/\/www.dp.lu\/lenster\/wp-content\/uploads\/sites\/28\/2025\/06\/Shooting-DP-37-768x512.jpg\"  src=\"https:\/\/www.dp.lu\/lenster\/wp-content\/uploads\/sites\/28\/2025\/06\/Shooting-DP-37-768x512.jpg\" alt=\"Shooting DP-37\" width=\"768\" height=\"512\">\n   <div class=\"uc_post_image_overlay\"><\/div>\n   <\/div>\n  <\/a>\n   \n <div class=\"uc_content\">\n    <div>\n      \n           \n    \n  \n      \n      \n    <div class=\"uc_post_title\"><a href=\"https:\/\/www.dp.lu\/lenster\/de-lenster-demokrat-2025\/\" target=\"_self\"><div>De L\u00ebnster Demokrat 2025 - version fran\u00e7aise<\/div><\/a><\/div>\t\n    \n     \n     \n          <div class=\"ue-meta-data\">\n            <div class=\"ue-grid-item-meta-data\"><span class=\"ue-grid-item-meta-data-icon\"><i class='fas fa-calendar-week'><\/i><\/span>  25 June, 2025<\/div>            \n                        \n        \n\t\t\t\n\n\n\n\n\n\n\n\n\n\n\n\n            \n                        \n                        \n                        \n                        \n                        \n            \t\t\t\n              \n            \n          <\/div>\n     \n      \n      \n      \n     <div class=\"uc_post_text\">D\u00e9couvrez quelques r\u00e9alisations de la derni\u00e8re ann\u00e9e<\/div>    <div class=\"uc_post_button\"><a class=\"uc_more_btn\" href=\"https:\/\/www.dp.lu\/lenster\/de-lenster-demokrat-2025\/\" target=\"_self\">weiderliesen...<\/a><\/div> \t<\/div>\n  <\/div>\n<\/div>\n<div class=\"ue-item \">\n  \n   <a class=\"ue-post-image-wrapper\" href=\"https:\/\/www.dp.lu\/lenster\/de-lenster-demokrat-version-francaise\/\" target=\"_self\">\n   <div class=\"uc_post_image\">\n   <img loading=\"lazy\" decoding=\"async\" src=\"https:\/\/www.dp.lu\/lenster\/wp-content\/uploads\/sites\/28\/2024\/07\/Junglenster_00001-768x512.jpg\"  src=\"https:\/\/www.dp.lu\/lenster\/wp-content\/uploads\/sites\/28\/2024\/07\/Junglenster_00001-768x512.jpg\" alt=\"Jungle\u0308nster_00001\" width=\"768\" height=\"512\">\n   <div class=\"uc_post_image_overlay\"><\/div>\n   <\/div>\n  <\/a>\n   \n <div class=\"uc_content\">\n    <div>\n      \n           \n    \n  \n      \n      \n    <div class=\"uc_post_title\"><a href=\"https:\/\/www.dp.lu\/lenster\/de-lenster-demokrat-version-francaise\/\" target=\"_self\"><div>De L\u00ebnster Demokrat 2024 - version fran\u00e7aise<\/div><\/a><\/div>\t\n    \n     \n     \n          <div class=\"ue-meta-data\">\n            <div class=\"ue-grid-item-meta-data\"><span class=\"ue-grid-item-meta-data-icon\"><i class='fas fa-calendar-week'><\/i><\/span>  11 July, 2024<\/div>            \n                        \n        \n\t\t\t\n\n\n\n\n\n\n\n\n\n\n\n\n            \n                        \n                        \n                        \n                        \n                        \n            \t\t\t\n              \n            \n          <\/div>\n     \n      \n      \n      \n     <div class=\"uc_post_text\">Qu&#8217;avons-nous mis en \u0153uvre l&#8217;ann\u00e9e derni\u00e8re ?\nD\u00e9couvre-en une partie ici !<\/div>    <div class=\"uc_post_button\"><a class=\"uc_more_btn\" href=\"https:\/\/www.dp.lu\/lenster\/de-lenster-demokrat-version-francaise\/\" target=\"_self\">weiderliesen...<\/a><\/div> \t<\/div>\n  <\/div>\n<\/div>\n<div class=\"ue-item \">\n  \n   <a class=\"ue-post-image-wrapper\" href=\"https:\/\/www.dp.lu\/lenster\/de-lenster-demokrat-english-version\/\" target=\"_self\">\n   <div class=\"uc_post_image\">\n   <img loading=\"lazy\" decoding=\"async\" src=\"https:\/\/www.dp.lu\/lenster\/wp-content\/uploads\/sites\/28\/2024\/07\/Junglenster_00001-768x512.jpg\"  src=\"https:\/\/www.dp.lu\/lenster\/wp-content\/uploads\/sites\/28\/2024\/07\/Junglenster_00001-768x512.jpg\" alt=\"Jungle\u0308nster_00001\" width=\"768\" height=\"512\">\n   <div class=\"uc_post_image_overlay\"><\/div>\n   <\/div>\n  <\/a>\n   \n <div class=\"uc_content\">\n    <div>\n      \n           \n    \n  \n      \n      \n    <div class=\"uc_post_title\"><a href=\"https:\/\/www.dp.lu\/lenster\/de-lenster-demokrat-english-version\/\" target=\"_self\"><div>De L\u00ebnster Demokrat 2024 - english version<\/div><\/a><\/div>\t\n    \n     \n     \n          <div class=\"ue-meta-data\">\n            <div class=\"ue-grid-item-meta-data\"><span class=\"ue-grid-item-meta-data-icon\"><i class='fas fa-calendar-week'><\/i><\/span>  11 July, 2024<\/div>            \n                        \n        \n\t\t\t\n\n\n\n\n\n\n\n\n\n\n\n\n            \n                        \n                        \n                        \n                        \n                        \n            \t\t\t\n              \n            \n          <\/div>\n     \n      \n      \n      \n     <div class=\"uc_post_text\">What did we realise last year?\nFind out some of it here!<\/div>    <div class=\"uc_post_button\"><a class=\"uc_more_btn\" href=\"https:\/\/www.dp.lu\/lenster\/de-lenster-demokrat-english-version\/\" target=\"_self\">weiderliesen...<\/a><\/div> \t<\/div>\n  <\/div>\n<\/div>\n<div class=\"ue-item \">\n  \n   <a class=\"ue-post-image-wrapper\" href=\"https:\/\/www.dp.lu\/lenster\/de-lenster-demokrat-versao-portuguesa\/\" target=\"_self\">\n   <div class=\"uc_post_image\">\n   <img loading=\"lazy\" decoding=\"async\" src=\"https:\/\/www.dp.lu\/lenster\/wp-content\/uploads\/sites\/28\/2024\/07\/Junglenster_00001-768x512.jpg\"  src=\"https:\/\/www.dp.lu\/lenster\/wp-content\/uploads\/sites\/28\/2024\/07\/Junglenster_00001-768x512.jpg\" alt=\"Jungle\u0308nster_00001\" width=\"768\" height=\"512\">\n   <div class=\"uc_post_image_overlay\"><\/div>\n   <\/div>\n  <\/a>\n   \n <div class=\"uc_content\">\n    <div>\n      \n           \n    \n  \n      \n      \n    <div class=\"uc_post_title\"><a href=\"https:\/\/www.dp.lu\/lenster\/de-lenster-demokrat-versao-portuguesa\/\" target=\"_self\"><div>De L\u00ebnster Demokrat 2024 - vers\u00e3o portuguesa<\/div><\/a><\/div>\t\n    \n     \n     \n          <div class=\"ue-meta-data\">\n            <div class=\"ue-grid-item-meta-data\"><span class=\"ue-grid-item-meta-data-icon\"><i class='fas fa-calendar-week'><\/i><\/span>  11 July, 2024<\/div>            \n                        \n        \n\t\t\t\n\n\n\n\n\n\n\n\n\n\n\n\n            \n                        \n                        \n                        \n                        \n                        \n            \t\t\t\n              \n            \n          <\/div>\n     \n      \n      \n      \n     <div class=\"uc_post_text\">O que \u00e9 que realiz\u00e1mos no ano passado?\nPode ler sobre algumas delas aqui!<\/div>    <div class=\"uc_post_button\"><a class=\"uc_more_btn\" href=\"https:\/\/www.dp.lu\/lenster\/de-lenster-demokrat-versao-portuguesa\/\" target=\"_self\">weiderliesen...<\/a><\/div> \t<\/div>\n  <\/div>\n<\/div>\n<div class=\"ue-item \">\n  \n   <a class=\"ue-post-image-wrapper\" href=\"https:\/\/www.dp.lu\/lenster\/de-lenster-demokrat\/\" target=\"_self\">\n   <div class=\"uc_post_image\">\n   <img loading=\"lazy\" decoding=\"async\" src=\"https:\/\/www.dp.lu\/lenster\/wp-content\/uploads\/sites\/28\/2024\/07\/Junglenster_00001-768x512.jpg\"  src=\"https:\/\/www.dp.lu\/lenster\/wp-content\/uploads\/sites\/28\/2024\/07\/Junglenster_00001-768x512.jpg\" alt=\"Jungle\u0308nster_00001\" width=\"768\" height=\"512\">\n   <div class=\"uc_post_image_overlay\"><\/div>\n   <\/div>\n  <\/a>\n   \n <div class=\"uc_content\">\n    <div>\n      \n           \n    \n  \n      \n      \n    <div class=\"uc_post_title\"><a href=\"https:\/\/www.dp.lu\/lenster\/de-lenster-demokrat\/\" target=\"_self\"><div>De L\u00ebnster Demokrat 2024<\/div><\/a><\/div>\t\n    \n     \n     \n          <div class=\"ue-meta-data\">\n            <div class=\"ue-grid-item-meta-data\"><span class=\"ue-grid-item-meta-data-icon\"><i class='fas fa-calendar-week'><\/i><\/span>  09 July, 2024<\/div>            \n                        \n        \n\t\t\t\n\n\n\n\n\n\n\n\n\n\n\n\n            \n                        \n                        \n                        \n                        \n                        \n            \t\t\t\n              \n            \n          <\/div>\n     \n      \n      \n      \n     <div class=\"uc_post_text\">Wat hu mir am \u00e9ischte Joer \u00ebmgesat?\nKuckt eran!<\/div>    <div class=\"uc_post_button\"><a class=\"uc_more_btn\" href=\"https:\/\/www.dp.lu\/lenster\/de-lenster-demokrat\/\" target=\"_self\">weiderliesen...<\/a><\/div> \t<\/div>\n  <\/div>\n<\/div>\n<div class=\"ue-item \">\n  \n   <a class=\"ue-post-image-wrapper\" href=\"https:\/\/www.dp.lu\/lenster\/de-budget-fir-2024\/\" target=\"_self\">\n   <div class=\"uc_post_image\">\n   <img loading=\"lazy\" decoding=\"async\" src=\"https:\/\/www.dp.lu\/lenster\/wp-content\/uploads\/sites\/28\/2024\/01\/IMG_5362-768x1152.jpg\"  src=\"https:\/\/www.dp.lu\/lenster\/wp-content\/uploads\/sites\/28\/2024\/01\/IMG_5362-768x1152.jpg\" alt=\"IMG_5362\" width=\"768\" height=\"1152\">\n   <div class=\"uc_post_image_overlay\"><\/div>\n   <\/div>\n  <\/a>\n   \n <div class=\"uc_content\">\n    <div>\n      \n           \n    \n  \n      \n      \n    <div class=\"uc_post_title\"><a href=\"https:\/\/www.dp.lu\/lenster\/de-budget-fir-2024\/\" target=\"_self\"><div>De Budget fir 2024<\/div><\/a><\/div>\t\n    \n     \n     \n          <div class=\"ue-meta-data\">\n            <div class=\"ue-grid-item-meta-data\"><span class=\"ue-grid-item-meta-data-icon\"><i class='fas fa-calendar-week'><\/i><\/span>  19 January, 2024<\/div>            \n                        \n        \n\t\t\t\n\n\n\n\n\n\n\n\n\n\n\n\n            \n                        \n                        \n                        \n                        \n                        \n            \t\t\t\n              \n            \n          <\/div>\n     \n      \n      \n      \n     <div class=\"uc_post_text\">Fannt hei d\u00e9i komplett Intervention zum Budget vum Ben Ries.<\/div>    <div class=\"uc_post_button\"><a class=\"uc_more_btn\" href=\"https:\/\/www.dp.lu\/lenster\/de-budget-fir-2024\/\" target=\"_self\">weiderliesen...<\/a><\/div> \t<\/div>\n  <\/div>\n<\/div>\n<div class=\"ue-item \">\n  \n   <a class=\"ue-post-image-wrapper\" href=\"https:\/\/www.dp.lu\/lenster\/1-teschebilan\/\" target=\"_self\">\n   <div class=\"uc_post_image\">\n   <img decoding=\"async\" src=\"https:\/\/www.dp.lu\/lenster\/wp-content\/uploads\/sites\/28\/ac_assets\/uc_post_grid_style_one\/\/no-image.png\"  src=\"\">\n   <div class=\"uc_post_image_overlay\"><\/div>\n   <\/div>\n  <\/a>\n   \n <div class=\"uc_content\">\n    <div>\n      \n           \n    \n  \n      \n      \n    <div class=\"uc_post_title\"><a href=\"https:\/\/www.dp.lu\/lenster\/1-teschebilan\/\" target=\"_self\"><div>1. T\u00ebschebilan<\/div><\/a><\/div>\t\n    \n     \n     \n          <div class=\"ue-meta-data\">\n            <div class=\"ue-grid-item-meta-data\"><span class=\"ue-grid-item-meta-data-icon\"><i class='fas fa-calendar-week'><\/i><\/span>  31 December, 2023<\/div>            \n                        \n        \n\t\t\t\n\n\n\n\n\n\n\n\n\n\n\n\n            \n                        \n                        \n                        \n                        \n                        \n            \t\t\t\n              \n            \n          <\/div>\n     \n      \n      \n      \n     <div class=\"uc_post_text\">Den \u00e9ischte Bilan mat engem kl\u00e9ngen Aper\u00e7u vun deem wat \u00ebmgesat ginn ass.<\/div>    <div class=\"uc_post_button\"><a class=\"uc_more_btn\" href=\"https:\/\/www.dp.lu\/lenster\/1-teschebilan\/\" target=\"_self\">weiderliesen...<\/a><\/div> \t<\/div>\n  <\/div>\n<\/div>\n<div class=\"ue-item \">\n  \n   <a class=\"ue-post-image-wrapper\" href=\"https:\/\/www.dp.lu\/lenster\/de-koalitiounsaccord-vun-der-dp-csv-fir-2023-2029\/\" target=\"_self\">\n   <div class=\"uc_post_image\">\n   <img loading=\"lazy\" decoding=\"async\" src=\"https:\/\/www.dp.lu\/lenster\/wp-content\/uploads\/sites\/28\/2023\/10\/IMG_4118-768x576.jpg\"  src=\"https:\/\/www.dp.lu\/lenster\/wp-content\/uploads\/sites\/28\/2023\/10\/IMG_4118-768x576.jpg\" alt=\"IMG_4118\" width=\"768\" height=\"576\">\n   <div class=\"uc_post_image_overlay\"><\/div>\n   <\/div>\n  <\/a>\n   \n <div class=\"uc_content\">\n    <div>\n      \n           \n    \n  \n      \n      \n    <div class=\"uc_post_title\"><a href=\"https:\/\/www.dp.lu\/lenster\/de-koalitiounsaccord-vun-der-dp-csv-fir-2023-2029\/\" target=\"_self\"><div>De Koalitiounsaccord vun der DP &amp; CSV fir 2023-2029<\/div><\/a><\/div>\t\n    \n     \n     \n          <div class=\"ue-meta-data\">\n            <div class=\"ue-grid-item-meta-data\"><span class=\"ue-grid-item-meta-data-icon\"><i class='fas fa-calendar-week'><\/i><\/span>  10 October, 2023<\/div>            \n                        \n        \n\t\t\t\n\n\n\n\n\n\n\n\n\n\n\n\n            \n                        \n                        \n                        \n                        \n                        \n            \t\t\t\n              \n            \n          <\/div>\n     \n      \n      \n      \n     <div class=\"uc_post_text\">De Koalitiounsaccord setzt de Kader fir di n\u00e4chst 6 Joren an d\u00e9ngt als roude Fuedem fir d'Koalitiounspartner. Kuckt eran!<\/div>    <div class=\"uc_post_button\"><a class=\"uc_more_btn\" href=\"https:\/\/www.dp.lu\/lenster\/de-koalitiounsaccord-vun-der-dp-csv-fir-2023-2029\/\" target=\"_self\">weiderliesen...<\/a><\/div> \t<\/div>\n  <\/div>\n<\/div>\n<div class=\"ue-item \">\n  \n   <a class=\"ue-post-image-wrapper\" href=\"https:\/\/www.dp.lu\/lenster\/as-nossas-ideias-para-a-comunidade-de-junglinster\/\" target=\"_self\">\n   <div class=\"uc_post_image\">\n   <img loading=\"lazy\" decoding=\"async\" src=\"https:\/\/www.dp.lu\/lenster\/wp-content\/uploads\/sites\/28\/2023\/03\/DP_Lenster_00001-768x512.jpg\"  src=\"https:\/\/www.dp.lu\/lenster\/wp-content\/uploads\/sites\/28\/2023\/03\/DP_Lenster_00001-768x512.jpg\" alt=\"DP_Le\u0308nster_00001\" width=\"768\" height=\"512\">\n   <div class=\"uc_post_image_overlay\"><\/div>\n   <\/div>\n  <\/a>\n   \n <div class=\"uc_content\">\n    <div>\n      \n           \n    \n  \n      \n      \n    <div class=\"uc_post_title\"><a href=\"https:\/\/www.dp.lu\/lenster\/as-nossas-ideias-para-a-comunidade-de-junglinster\/\" target=\"_self\"><div>As nossas ideias para a comunidade de Junglinster<\/div><\/a><\/div>\t\n    \n     \n     \n          <div class=\"ue-meta-data\">\n            <div class=\"ue-grid-item-meta-data\"><span class=\"ue-grid-item-meta-data-icon\"><i class='fas fa-calendar-week'><\/i><\/span>  30 May, 2023<\/div>            \n                        \n        \n\t\t\t\n\n\n\n\n\n\n\n\n\n\n\n\n            \n                        \n                        \n                        \n                        \n                        \n            \t\t\t\n              \n            \n          <\/div>\n     \n      \n      \n      \n     <div class=\"uc_post_text\">Juntamente com Ben Ries, estamos todos\nprontos para enfrentar os novos desafios a\nn\u00edvel municipal e para alargar ainda mais as\nnossas responsabilidades. Continuaremos\na manter a nossa palavra e a moldar o\nmunic\u00edpio em conjunto convosco, numa\nbase cont\u00ednua.<\/div>    <div class=\"uc_post_button\"><a class=\"uc_more_btn\" href=\"https:\/\/www.dp.lu\/lenster\/as-nossas-ideias-para-a-comunidade-de-junglinster\/\" target=\"_self\">weiderliesen...<\/a><\/div> \t<\/div>\n  <\/div>\n<\/div>\n<div class=\"ue-item \">\n  \n   <a class=\"ue-post-image-wrapper\" href=\"https:\/\/www.dp.lu\/lenster\/380kv\/\" target=\"_self\">\n   <div class=\"uc_post_image\">\n   <img loading=\"lazy\" decoding=\"async\" src=\"https:\/\/www.dp.lu\/lenster\/wp-content\/uploads\/sites\/28\/2023\/05\/Capture1-768x764.jpg\"  src=\"https:\/\/www.dp.lu\/lenster\/wp-content\/uploads\/sites\/28\/2023\/05\/Capture1-768x764.jpg\" alt=\"Capture1\" width=\"768\" height=\"764\">\n   <div class=\"uc_post_image_overlay\"><\/div>\n   <\/div>\n  <\/a>\n   \n <div class=\"uc_content\">\n    <div>\n      \n           \n    \n  \n      \n      \n    <div class=\"uc_post_title\"><a href=\"https:\/\/www.dp.lu\/lenster\/380kv\/\" target=\"_self\"><div>380kV<\/div><\/a><\/div>\t\n    \n     \n     \n          <div class=\"ue-meta-data\">\n            <div class=\"ue-grid-item-meta-data\"><span class=\"ue-grid-item-meta-data-icon\"><i class='fas fa-calendar-week'><\/i><\/span>  26 May, 2023<\/div>            \n                        \n        \n\t\t\t\n\n\n\n\n\n\n\n\n\n\n\n\n            \n                        \n                        \n                        \n                        \n                        \n            \t\t\t\n              \n            \n          <\/div>\n     \n      \n      \n      \n     <div class=\"uc_post_text\">DP setzt sech weider mat Nodrock dofir an dass d\u2019H\u00e9ichspannungsleitung duerch ons Gemeng sou weit w\u00e9i m\u00e9iglech vun de Wunnhaiser ewech k\u00ebnnt.<\/div>    <div class=\"uc_post_button\"><a class=\"uc_more_btn\" href=\"https:\/\/www.dp.lu\/lenster\/380kv\/\" target=\"_self\">weiderliesen...<\/a><\/div> \t<\/div>\n  <\/div>\n<\/div>\n<div class=\"ue-item \">\n  \n   <a class=\"ue-post-image-wrapper\" href=\"https:\/\/www.dp.lu\/lenster\/ons-iddien-fir-dgemeng-jonglenster\/\" target=\"_self\">\n   <div class=\"uc_post_image\">\n   <img loading=\"lazy\" decoding=\"async\" src=\"https:\/\/www.dp.lu\/lenster\/wp-content\/uploads\/sites\/28\/2023\/03\/DP_Lenster_00001-768x512.jpg\"  src=\"https:\/\/www.dp.lu\/lenster\/wp-content\/uploads\/sites\/28\/2023\/03\/DP_Lenster_00001-768x512.jpg\" alt=\"DP_Le\u0308nster_00001\" width=\"768\" height=\"512\">\n   <div class=\"uc_post_image_overlay\"><\/div>\n   <\/div>\n  <\/a>\n   \n <div class=\"uc_content\">\n    <div>\n      \n           \n    \n  \n      \n      \n    <div class=\"uc_post_title\"><a href=\"https:\/\/www.dp.lu\/lenster\/ons-iddien-fir-dgemeng-jonglenster\/\" target=\"_self\"><div>Ons Iddien fir d'Gemeng Jongl\u00ebnster<\/div><\/a><\/div>\t\n    \n     \n     \n          <div class=\"ue-meta-data\">\n            <div class=\"ue-grid-item-meta-data\"><span class=\"ue-grid-item-meta-data-icon\"><i class='fas fa-calendar-week'><\/i><\/span>  17 May, 2023<\/div>            \n                        \n        \n\t\t\t\n\n\n\n\n\n\n\n\n\n\n\n\n            \n                        \n                        \n                        \n                        \n                        \n            \t\t\t\n              \n            \n          <\/div>\n     \n      \n      \n      \n     <div class=\"uc_post_text\">Unser Team steht f\u00fcr eine konkrete und\nauthentische Gemeindepolitik.\nGemeinsam mit Ben Ries sind wir alle\nbereit, uns den neuen Herausforderungen\nauf Gemeindeebene zu stellen und unsere\nVerantwortung weiter auszubauen. Wir\nwerden auch weiterhin Wort halten und\nmit Ihnen gemeinsam die Gemeinde\nfortlaufend gestalten.<\/div>    <div class=\"uc_post_button\"><a class=\"uc_more_btn\" href=\"https:\/\/www.dp.lu\/lenster\/ons-iddien-fir-dgemeng-jonglenster\/\" target=\"_self\">weiderliesen...<\/a><\/div> \t<\/div>\n  <\/div>\n<\/div>\n<div class=\"ue-item \">\n  \n   <a class=\"ue-post-image-wrapper\" href=\"https:\/\/www.dp.lu\/lenster\/onse-bilan-em-portugues-in-english\/\" target=\"_self\">\n   <div class=\"uc_post_image\">\n   <img loading=\"lazy\" decoding=\"async\" src=\"https:\/\/www.dp.lu\/lenster\/wp-content\/uploads\/sites\/28\/2023\/04\/onse-bilan-768x338.jpg\"  src=\"https:\/\/www.dp.lu\/lenster\/wp-content\/uploads\/sites\/28\/2023\/04\/onse-bilan-768x338.jpg\" alt=\"onse-bilan\" width=\"768\" height=\"338\">\n   <div class=\"uc_post_image_overlay\"><\/div>\n   <\/div>\n  <\/a>\n   \n <div class=\"uc_content\">\n    <div>\n      \n           \n    \n  \n      \n      \n    <div class=\"uc_post_title\"><a href=\"https:\/\/www.dp.lu\/lenster\/onse-bilan-em-portugues-in-english\/\" target=\"_self\"><div>Onse Bilan em portugu\u00eas in english<\/div><\/a><\/div>\t\n    \n     \n     \n          <div class=\"ue-meta-data\">\n            <div class=\"ue-grid-item-meta-data\"><span class=\"ue-grid-item-meta-data-icon\"><i class='fas fa-calendar-week'><\/i><\/span>  25 April, 2023<\/div>            \n                        \n        \n\t\t\t\n\n\n\n\n\n\n\n\n\n\n\n\n            \n                        \n                        \n                        \n                        \n                        \n            \t\t\t\n              \n            \n          <\/div>\n     \n      \n      \n      \n     <div class=\"uc_post_text\">Com muito empenho, temos\nnos \u00faltimos anos para a comunidade.<\/div>    <div class=\"uc_post_button\"><a class=\"uc_more_btn\" href=\"https:\/\/www.dp.lu\/lenster\/onse-bilan-em-portugues-in-english\/\" target=\"_self\">weiderliesen...<\/a><\/div> \t<\/div>\n  <\/div>\n<\/div>\n<div class=\"ue-item \">\n  \n   <a class=\"ue-post-image-wrapper\" href=\"https:\/\/www.dp.lu\/lenster\/onse-bilan\/\" target=\"_self\">\n   <div class=\"uc_post_image\">\n   <img loading=\"lazy\" decoding=\"async\" src=\"https:\/\/www.dp.lu\/lenster\/wp-content\/uploads\/sites\/28\/2023\/04\/onse-bilan-768x338.jpg\"  src=\"https:\/\/www.dp.lu\/lenster\/wp-content\/uploads\/sites\/28\/2023\/04\/onse-bilan-768x338.jpg\" alt=\"onse-bilan\" width=\"768\" height=\"338\">\n   <div class=\"uc_post_image_overlay\"><\/div>\n   <\/div>\n  <\/a>\n   \n <div class=\"uc_content\">\n    <div>\n      \n           \n    \n  \n      \n      \n    <div class=\"uc_post_title\"><a href=\"https:\/\/www.dp.lu\/lenster\/onse-bilan\/\" target=\"_self\"><div>Onse Bilan<\/div><\/a><\/div>\t\n    \n     \n     \n          <div class=\"ue-meta-data\">\n            <div class=\"ue-grid-item-meta-data\"><span class=\"ue-grid-item-meta-data-icon\"><i class='fas fa-calendar-week'><\/i><\/span>  24 April, 2023<\/div>            \n                        \n        \n\t\t\t\n\n\n\n\n\n\n\n\n\n\n\n\n            \n                        \n                        \n                        \n                        \n                        \n            \t\t\t\n              \n            \n          <\/div>\n     \n      \n      \n      \n     <div class=\"uc_post_text\">Mit viel Engagement haben wir uns\ndie letzten Jahre f\u00fcr die Gemeinde eingesetzt.<\/div>    <div class=\"uc_post_button\"><a class=\"uc_more_btn\" href=\"https:\/\/www.dp.lu\/lenster\/onse-bilan\/\" target=\"_self\">weiderliesen...<\/a><\/div> \t<\/div>\n  <\/div>\n<\/div>\n<div class=\"ue-item \">\n  \n   <a class=\"ue-post-image-wrapper\" href=\"https:\/\/www.dp.lu\/lenster\/presentatioun-vun-onse-kandidate-fir-dgemengewalen\/\" target=\"_self\">\n   <div class=\"uc_post_image\">\n   <img loading=\"lazy\" decoding=\"async\" src=\"https:\/\/www.dp.lu\/lenster\/wp-content\/uploads\/sites\/28\/2023\/03\/DP_Lenster_00001-768x512.jpg\"  src=\"https:\/\/www.dp.lu\/lenster\/wp-content\/uploads\/sites\/28\/2023\/03\/DP_Lenster_00001-768x512.jpg\" alt=\"DP_Le\u0308nster_00001\" width=\"768\" height=\"512\">\n   <div class=\"uc_post_image_overlay\"><\/div>\n   <\/div>\n  <\/a>\n   \n <div class=\"uc_content\">\n    <div>\n      \n           \n    \n  \n      \n      \n    <div class=\"uc_post_title\"><a href=\"https:\/\/www.dp.lu\/lenster\/presentatioun-vun-onse-kandidate-fir-dgemengewalen\/\" target=\"_self\"><div>Presentatioun vun onse Kandidate fir d'Gemengewalen<\/div><\/a><\/div>\t\n    \n     \n     \n          <div class=\"ue-meta-data\">\n            <div class=\"ue-grid-item-meta-data\"><span class=\"ue-grid-item-meta-data-icon\"><i class='fas fa-calendar-week'><\/i><\/span>  20 March, 2023<\/div>            \n                        \n        \n\t\t\t\n\n\n\n\n\n\n\n\n\n\n\n\n            \n                        \n                        \n                        \n                        \n                        \n            \t\t\t\n              \n            \n          <\/div>\n     \n      \n      \n      \n     <div class=\"uc_post_text\">Ons Ekipp, dat si 7 Dammen, 6 M\u00e4nner, mat enger breeder Panoplie u Kompetenzen a Perspektiven. Mir hunn eng Visioun, de politesche W\u00ebllen, di n\u00e9ideg Kompetenzen, dat n\u00e9idegt W\u00ebssen, d\u00e9i n\u00e9ideg Energie an Entscheedungskraaft &#8211; a virun allem :Mir kennen ons Gemeng!\n\n\nIwwerzeegt&nbsp;iech selwer!\n\n\nDe Ben Ries ass Gonnerenger, 39 Joer al, Papp vun 2 Kanner an als Beruff Ekonomiesproff. 2017 an de...<\/div>    <div class=\"uc_post_button\"><a class=\"uc_more_btn\" href=\"https:\/\/www.dp.lu\/lenster\/presentatioun-vun-onse-kandidate-fir-dgemengewalen\/\" target=\"_self\">weiderliesen...<\/a><\/div> \t<\/div>\n  <\/div>\n<\/div>\n<div class=\"ue-item \">\n  \n   <a class=\"ue-post-image-wrapper\" href=\"https:\/\/www.dp.lu\/lenster\/ag-dp-jonglenster\/\" target=\"_self\">\n   <div class=\"uc_post_image\">\n   <img loading=\"lazy\" decoding=\"async\" src=\"https:\/\/www.dp.lu\/lenster\/wp-content\/uploads\/sites\/28\/2023\/03\/IMG_2535-min-768x454.jpg\"  src=\"https:\/\/www.dp.lu\/lenster\/wp-content\/uploads\/sites\/28\/2023\/03\/IMG_2535-min-768x454.jpg\" alt=\"IMG_2535-min\" width=\"768\" height=\"454\">\n   <div class=\"uc_post_image_overlay\"><\/div>\n   <\/div>\n  <\/a>\n   \n <div class=\"uc_content\">\n    <div>\n      \n           \n    \n  \n      \n      \n    <div class=\"uc_post_title\"><a href=\"https:\/\/www.dp.lu\/lenster\/ag-dp-jonglenster\/\" target=\"_self\"><div>AG DP Jongl\u00ebnster<\/div><\/a><\/div>\t\n    \n     \n     \n          <div class=\"ue-meta-data\">\n            <div class=\"ue-grid-item-meta-data\"><span class=\"ue-grid-item-meta-data-icon\"><i class='fas fa-calendar-week'><\/i><\/span>  06 March, 2023<\/div>            \n                        \n        \n\t\t\t\n\n\n\n\n\n\n\n\n\n\n\n\n            \n                        \n                        \n                        \n                        \n                        \n            \t\t\t\n              \n            \n          <\/div>\n     \n      \n      \n      \n     <div class=\"uc_post_text\">Et war eng ganz flott AG zu Jongl\u00ebnster. Och sinn d\u2019Kandidate fir d\u2019Gemengewale present\u00e9iert ginn.\nD\u2019Ekipp, dat si 7 Fraen, 6 M\u00e4nner, mat enger breeder Panoplie u Kompetenzen a Perspektiven.\nVill vun den aktuellen Erausfuerderunge ginn um kommunalen Niveau gel\u00e9ist, an DP Jongl\u00ebnster ass bereet d\u00e9i Erausfuerderungen unzehuelen.\nDP Jongl\u00ebnster huet eng Visioun, de politesche W\u00ebllen, di n\u00e9ideg Kompetenzen,...<\/div>    <div class=\"uc_post_button\"><a class=\"uc_more_btn\" href=\"https:\/\/www.dp.lu\/lenster\/ag-dp-jonglenster\/\" target=\"_self\">weiderliesen...<\/a><\/div> \t<\/div>\n  <\/div>\n<\/div>\n<div class=\"ue-item \">\n  \n   <a class=\"ue-post-image-wrapper\" href=\"https:\/\/www.dp.lu\/lenster\/423-2\/\" target=\"_self\">\n   <div class=\"uc_post_image\">\n   <img loading=\"lazy\" decoding=\"async\" src=\"https:\/\/www.dp.lu\/lenster\/wp-content\/uploads\/sites\/28\/2023\/01\/My-project-1-768x768.jpg\"  src=\"https:\/\/www.dp.lu\/lenster\/wp-content\/uploads\/sites\/28\/2023\/01\/My-project-1-768x768.jpg\" alt=\"My project-1\" width=\"768\" height=\"768\">\n   <div class=\"uc_post_image_overlay\"><\/div>\n   <\/div>\n  <\/a>\n   \n <div class=\"uc_content\">\n    <div>\n      \n           \n    \n  \n      \n      \n    <div class=\"uc_post_title\"><a href=\"https:\/\/www.dp.lu\/lenster\/423-2\/\" target=\"_self\"><div>380 kV \u2013 en\u00a0d\u00e4regen Dossier<\/div><\/a><\/div>\t\n    \n     \n     \n          <div class=\"ue-meta-data\">\n            <div class=\"ue-grid-item-meta-data\"><span class=\"ue-grid-item-meta-data-icon\"><i class='fas fa-calendar-week'><\/i><\/span>  03 January, 2023<\/div>            \n                        \n        \n\t\t\t\n\n\n\n\n\n\n\n\n\n\n\n\n            \n                        \n                        \n                        \n                        \n                        \n            \t\t\t\n              \n            \n          <\/div>\n     \n      \n      \n      \n     <div class=\"uc_post_text\">Vun Ufank un schafft de Sch\u00e4fferot enk mat der Biergerinitiativ vun Amber zesummen. D\u2019Christiane Degraux, huet sech hei als&nbsp;politesche Vertrieder ganz staark gemaach an huet de Lien t\u00ebschent de BiergerInnen&nbsp;hire Suergen an der Politik gemaach.\n\n\nDe Sch\u00e4ffen- a Gemengerot, zesumme mat der Biergerinitiativ, z\u00e9ien hei och um n\u00e4mmlechte Strang.\nD\u2019Objektiv ass kloer : di n\u00e9i Leitung soll souw\u00e4it...<\/div>    <div class=\"uc_post_button\"><a class=\"uc_more_btn\" href=\"https:\/\/www.dp.lu\/lenster\/423-2\/\" target=\"_self\">weiderliesen...<\/a><\/div> \t<\/div>\n  <\/div>\n<\/div>\n<div class=\"ue-item \">\n  \n   <a class=\"ue-post-image-wrapper\" href=\"https:\/\/www.dp.lu\/lenster\/nei-situatioun-am-kar-vu-lenster-dat-seet-ddp\/\" target=\"_self\">\n   <div class=\"uc_post_image\">\n   <img loading=\"lazy\" decoding=\"async\" src=\"https:\/\/www.dp.lu\/lenster\/wp-content\/uploads\/sites\/28\/2022\/12\/Zentrum-768x589.jpg\"  src=\"https:\/\/www.dp.lu\/lenster\/wp-content\/uploads\/sites\/28\/2022\/12\/Zentrum-768x589.jpg\" alt=\"Zentrum\" width=\"768\" height=\"589\">\n   <div class=\"uc_post_image_overlay\"><\/div>\n   <\/div>\n  <\/a>\n   \n <div class=\"uc_content\">\n    <div>\n      \n           \n    \n  \n      \n      \n    <div class=\"uc_post_title\"><a href=\"https:\/\/www.dp.lu\/lenster\/nei-situatioun-am-kar-vu-lenster-dat-seet-ddp\/\" target=\"_self\"><div>Nei Situatioun am K\u00e4r vu L\u00ebnster - dat seet d'DP<\/div><\/a><\/div>\t\n    \n     \n     \n          <div class=\"ue-meta-data\">\n            <div class=\"ue-grid-item-meta-data\"><span class=\"ue-grid-item-meta-data-icon\"><i class='fas fa-calendar-week'><\/i><\/span>  27 December, 2022<\/div>            \n                        \n        \n\t\t\t\n\n\n\n\n\n\n\n\n\n\n\n\n            \n                        \n                        \n                        \n                        \n                        \n            \t\t\t\n              \n            \n          <\/div>\n     \n      \n      \n      \n     <div class=\"uc_post_text\">Duerch de Kaf vum Domaine Schwall, dem&nbsp;fr\u00e9iere Paschtoueschhaus, mat sengen Annexen an dem Park, verdeelt op engem Terrain vu 96 Ar, erginn sech der Gemeng n\u00e9i&nbsp;M\u00e9iglechkeete wat d\u2019Gestaltung vum Zentrum ugeet.\n\n\n\n\nWat ass geplangt ?\n\n\nAn enger&nbsp;\u00e9ischter Phase soll de Park der \u00cbffentlechkeet zoug\u00e4nglech&nbsp;gemaach ginn. De Park mat sengem Bambestand&nbsp;bitt den Awunner e&nbsp;w\u00e4ertvolle...<\/div>    <div class=\"uc_post_button\"><a class=\"uc_more_btn\" href=\"https:\/\/www.dp.lu\/lenster\/nei-situatioun-am-kar-vu-lenster-dat-seet-ddp\/\" target=\"_self\">weiderliesen...<\/a><\/div> \t<\/div>\n  <\/div>\n<\/div>\n<div class=\"ue-item \">\n  \n   <a class=\"ue-post-image-wrapper\" href=\"https:\/\/www.dp.lu\/lenster\/de-budget-2023-e-kuerzen-iwwerbleck\/\" target=\"_self\">\n   <div class=\"uc_post_image\">\n   <img loading=\"lazy\" decoding=\"async\" src=\"https:\/\/www.dp.lu\/lenster\/wp-content\/uploads\/sites\/28\/2022\/12\/budget-768x341.png\"  src=\"https:\/\/www.dp.lu\/lenster\/wp-content\/uploads\/sites\/28\/2022\/12\/budget-768x341.png\" alt=\"budget\" width=\"768\" height=\"341\">\n   <div class=\"uc_post_image_overlay\"><\/div>\n   <\/div>\n  <\/a>\n   \n <div class=\"uc_content\">\n    <div>\n      \n           \n    \n  \n      \n      \n    <div class=\"uc_post_title\"><a href=\"https:\/\/www.dp.lu\/lenster\/de-budget-2023-e-kuerzen-iwwerbleck\/\" target=\"_self\"><div>De Budget 2023 - e kuerzen Iwwerbl\u00e9ck<\/div><\/a><\/div>\t\n    \n     \n     \n          <div class=\"ue-meta-data\">\n            <div class=\"ue-grid-item-meta-data\"><span class=\"ue-grid-item-meta-data-icon\"><i class='fas fa-calendar-week'><\/i><\/span>  21 December, 2022<\/div>            \n                        \n        \n\t\t\t\n\n\n\n\n\n\n\n\n\n\n\n\n            \n                        \n                        \n                        \n                        \n                        \n            \t\t\t\n              \n            \n          <\/div>\n     \n      \n      \n      \n     <div class=\"uc_post_text\">\u00c9ierg\u00e4izeg, verantwortungsvoll, virausschauend, adapt\u00e9iert, diversifi\u00e9iert \u2013 fir ons d\u00e9i passend&nbsp;Charakteristike vum&nbsp;Budget,&nbsp;dee mir am Dezember ausgeschafft hunn.\n\n\nEt&nbsp;sinn natierlech di bekannte Projeten, w\u00e9i d\u2019Maison Relais, d\u2019Museksschoul an d\u2019Cr\u00e8che d\u00e9i \u00ebmgesat ginn. D\u2019Schoul zu L\u00ebnster g\u00ebtt ausgebaut an ons Wunnengen an&nbsp;Haiser an der JongM\u00ebtt an zu Guedber gi f\u00e4erdeg...<\/div>    <div class=\"uc_post_button\"><a class=\"uc_more_btn\" href=\"https:\/\/www.dp.lu\/lenster\/de-budget-2023-e-kuerzen-iwwerbleck\/\" target=\"_self\">weiderliesen...<\/a><\/div> \t<\/div>\n  <\/div>\n<\/div>\n\n<\/div>\n\n\n\n  <div id=\"uc_post_grid_elementor_13e7b8c_empty_message\" class=\"ue-no-posts-found\"  style=\"display:none\" >No posts found<\/div>\n\n\n<!-- end Post Grid -->\t\t\t\t<\/div>\n\t\t\t\t<\/div>\n\t\t\t\t\t<\/div>\n\t\t<\/div>\n\t\t\t\t\t<\/div>\n\t\t<\/section>\n\t\t\t\t<\/div>\n\t\t","protected":false},"excerpt":{"rendered":"<p>De Budget 2023 &#8211; e kuerzen Iwwerbl\u00e9ck 21 December, 2022 \u00c9ierg\u00e4izeg, verantwortungsvoll, virausschauend, adapt\u00e9iert, diversifi\u00e9iert \u2013 fir ons d\u00e9i passend&nbsp;Charakteristike vum&nbsp;Budget,&nbsp;dee mir am Dezember ausgeschafft hunn. Et&nbsp;sinn natierlech di bekannte Projeten, w\u00e9i d\u2019Maison Relais, d\u2019Museksschoul an d\u2019Cr\u00e8che d\u00e9i \u00ebmgesat ginn. D\u2019Schoul zu L\u00ebnster g\u00ebtt ausgebaut an ons Wunnengen an&nbsp;Haiser an der JongM\u00ebtt an zu Guedber [&hellip;]<\/p>\n","protected":false},"author":55,"featured_media":0,"parent":0,"menu_order":0,"comment_status":"closed","ping_status":"closed","template":"","meta":{"footnotes":""},"class_list":["post-373","page","type-page","status-publish","hentry","wpbf-post"],"_links":{"self":[{"href":"https:\/\/www.dp.lu\/lenster\/wp-json\/wp\/v2\/pages\/373","targetHints":{"allow":["GET"]}}],"collection":[{"href":"https:\/\/www.dp.lu\/lenster\/wp-json\/wp\/v2\/pages"}],"about":[{"href":"https:\/\/www.dp.lu\/lenster\/wp-json\/wp\/v2\/types\/page"}],"author":[{"embeddable":true,"href":"https:\/\/www.dp.lu\/lenster\/wp-json\/wp\/v2\/users\/55"}],"replies":[{"embeddable":true,"href":"https:\/\/www.dp.lu\/lenster\/wp-json\/wp\/v2\/comments?post=373"}],"version-history":[{"count":14,"href":"https:\/\/www.dp.lu\/lenster\/wp-json\/wp\/v2\/pages\/373\/revisions"}],"predecessor-version":[{"id":407,"href":"https:\/\/www.dp.lu\/lenster\/wp-json\/wp\/v2\/pages\/373\/revisions\/407"}],"wp:attachment":[{"href":"https:\/\/www.dp.lu\/lenster\/wp-json\/wp\/v2\/media?parent=373"}],"curies":[{"name":"wp","href":"https:\/\/api.w.org\/{rel}","templated":true}]}}