{"id":18,"date":"2022-08-04T13:24:31","date_gmt":"2022-08-04T13:24:31","guid":{"rendered":"https:\/\/www.dp.lu\/miersch\/?page_id=18"},"modified":"2023-06-07T12:47:29","modified_gmt":"2023-06-07T12:47:29","slug":"home","status":"publish","type":"page","link":"https:\/\/www.dp.lu\/miersch\/","title":{"rendered":"Home"},"content":{"rendered":"\t\t<div data-elementor-type=\"wp-page\" data-elementor-id=\"18\" class=\"elementor elementor-18\" data-elementor-post-type=\"page\">\n\t\t\t\t\t\t<section class=\"elementor-section elementor-top-section elementor-element elementor-element-5f22b36 elementor-section-full_width elementor-section-height-default elementor-section-height-default\" data-id=\"5f22b36\" data-element_type=\"section\" data-e-type=\"section\" data-settings=\"{&quot;background_background&quot;:&quot;classic&quot;}\">\n\t\t\t\t\t\t<div class=\"elementor-container elementor-column-gap-default\">\n\t\t\t\t\t<div class=\"elementor-column elementor-col-100 elementor-top-column elementor-element elementor-element-bda205e\" data-id=\"bda205e\" data-element_type=\"column\" data-e-type=\"column\">\n\t\t\t<div class=\"elementor-widget-wrap elementor-element-populated\">\n\t\t\t\t\t\t<div class=\"elementor-element elementor-element-d3691f1 elementor-widget elementor-widget-image\" data-id=\"d3691f1\" data-element_type=\"widget\" data-e-type=\"widget\" data-widget_type=\"image.default\">\n\t\t\t\t<div class=\"elementor-widget-container\">\n\t\t\t\t\t\t\t\t\t\t\t\t\t\t\t<img fetchpriority=\"high\" decoding=\"async\" width=\"2500\" height=\"1100\" src=\"https:\/\/www.dp.lu\/miersch\/wp-content\/uploads\/sites\/45\/2023\/03\/home-title.jpg\" class=\"attachment-full size-full wp-image-505\" alt=\"\" srcset=\"https:\/\/www.dp.lu\/miersch\/wp-content\/uploads\/sites\/45\/2023\/03\/home-title.jpg 2500w, https:\/\/www.dp.lu\/miersch\/wp-content\/uploads\/sites\/45\/2023\/03\/home-title-300x132.jpg 300w, https:\/\/www.dp.lu\/miersch\/wp-content\/uploads\/sites\/45\/2023\/03\/home-title-1024x451.jpg 1024w, https:\/\/www.dp.lu\/miersch\/wp-content\/uploads\/sites\/45\/2023\/03\/home-title-768x338.jpg 768w, https:\/\/www.dp.lu\/miersch\/wp-content\/uploads\/sites\/45\/2023\/03\/home-title-1536x676.jpg 1536w, https:\/\/www.dp.lu\/miersch\/wp-content\/uploads\/sites\/45\/2023\/03\/home-title-2048x901.jpg 2048w\" sizes=\"(max-width: 2500px) 100vw, 2500px\" \/>\t\t\t\t\t\t\t\t\t\t\t\t\t\t\t<\/div>\n\t\t\t\t<\/div>\n\t\t\t\t\t<\/div>\n\t\t<\/div>\n\t\t\t\t\t<\/div>\n\t\t<\/section>\n\t\t\t\t<section class=\"elementor-section elementor-top-section elementor-element elementor-element-b439da3 elementor-hidden-phone elementor-section-full_width elementor-hidden-tablet elementor-section-height-default elementor-section-height-default\" data-id=\"b439da3\" data-element_type=\"section\" data-e-type=\"section\" data-settings=\"{&quot;background_background&quot;:&quot;classic&quot;}\">\n\t\t\t\t\t\t<div class=\"elementor-container elementor-column-gap-default\">\n\t\t\t\t\t<div class=\"elementor-column elementor-col-100 elementor-top-column elementor-element elementor-element-5bb5808\" data-id=\"5bb5808\" data-element_type=\"column\" data-e-type=\"column\">\n\t\t\t<div class=\"elementor-widget-wrap elementor-element-populated\">\n\t\t\t\t\t\t<div class=\"elementor-element elementor-element-2c2bd78 elementor-posts--align-left elementor-grid-3 elementor-grid-tablet-2 elementor-grid-mobile-1 elementor-posts--thumbnail-top elementor-posts__hover-gradient elementor-widget elementor-widget-posts\" data-id=\"2c2bd78\" data-element_type=\"widget\" data-e-type=\"widget\" data-settings=\"{&quot;cards_row_gap&quot;:{&quot;unit&quot;:&quot;px&quot;,&quot;size&quot;:&quot;0&quot;,&quot;sizes&quot;:[]},&quot;cards_columns&quot;:&quot;3&quot;,&quot;cards_columns_tablet&quot;:&quot;2&quot;,&quot;cards_columns_mobile&quot;:&quot;1&quot;,&quot;cards_row_gap_tablet&quot;:{&quot;unit&quot;:&quot;px&quot;,&quot;size&quot;:&quot;&quot;,&quot;sizes&quot;:[]},&quot;cards_row_gap_mobile&quot;:{&quot;unit&quot;:&quot;px&quot;,&quot;size&quot;:&quot;&quot;,&quot;sizes&quot;:[]}}\" data-widget_type=\"posts.cards\">\n\t\t\t\t<div class=\"elementor-widget-container\">\n\t\t\t\t\t\t\t<div class=\"elementor-posts-container elementor-posts elementor-posts--skin-cards elementor-grid\" role=\"list\">\n\t\t\t\t<article class=\"elementor-post elementor-grid-item post-657 post type-post status-publish format-standard hentry category-news wpbf-post\" role=\"listitem\">\n\t\t\t<div class=\"elementor-post__card\">\n\t\t\t\t<div class=\"elementor-post__text\">\n\t\t\t\t<h2 class=\"elementor-post__title\">\n\t\t\t<a href=\"https:\/\/www.dp.lu\/miersch\/accord-de-principe-tescht-der-dp-an-der-csv\/\" >\n\t\t\t\tAccord de Principe t\u00ebscht der DP an der CSV.\t\t\t<\/a>\n\t\t<\/h2>\n\t\t\t\t<div class=\"elementor-post__excerpt\">\n\t\t\t<p>Communiqu\u00e9 DP Miersch an CSV Miersch deele mat, dass si den Owend no fairen Verhandlungen en accord de principe fonnt hunn fir och d\u00e9i kommend 6 Joer zesummen d&#8217;Gesch\u00e9cker vun der Gemeng Miersch ze leeden. B\u00e9id Walprogrammer iwwerschneiden, respektiv erg\u00e4nze sech a ville Ber\u00e4icher, sou dass an de n\u00e4chsten Deeg, op Basis vun den Diskussiounen, de Koalitiounsaccord finalis\u00e9iert ka ginn. De Sch\u00e4fferot w\u00e4ert sech folgendermoossen zesummesetzen: Buergermeeschter: Michel MALHERBE (DP) 1. Sch\u00e4ffen: Abby TOUSSAINT (CSV) 2. Sch\u00e4ffen: Henri KRIER (DP) 3. Sch\u00e4ffen: Michel REILAND (CSV) 2023-2025 3. Sch\u00e4ffen: Willy VULLERS (DP) 2025-2029 De finale Koalitiounsaccord muss nach duerch d\u00e9i jeweileg Parteigremien valid\u00e9iert ginn. Matgedeelt zu Miersch, de 15. Juni 2023<\/p>\n\t\t<\/div>\n\t\t\n\t\t<a class=\"elementor-post__read-more\" href=\"https:\/\/www.dp.lu\/miersch\/accord-de-principe-tescht-der-dp-an-der-csv\/\" aria-label=\"Read more about Accord de Principe t\u00ebscht der DP an der CSV.\" tabindex=\"-1\" >\n\t\t\tweiderliesen...\t\t<\/a>\n\n\t\t\t\t<\/div>\n\t\t\t\t<div class=\"elementor-post__meta-data\">\n\t\t\t\t\t<span class=\"elementor-post-date\">\n\t\t\t16. June 2023\t\t<\/span>\n\t\t\t\t<\/div>\n\t\t\t\t\t<\/div>\n\t\t<\/article>\n\t\t\t\t<article class=\"elementor-post elementor-grid-item post-638 post type-post status-publish format-standard has-post-thumbnail hentry category-news wpbf-post\" role=\"listitem\">\n\t\t\t<div class=\"elementor-post__card\">\n\t\t\t\t<a class=\"elementor-post__thumbnail__link\" href=\"https:\/\/www.dp.lu\/miersch\/wahlprogramm-2023\/\" tabindex=\"-1\" ><div class=\"elementor-post__thumbnail\"><img decoding=\"async\" width=\"649\" height=\"454\" src=\"https:\/\/www.dp.lu\/miersch\/wp-content\/uploads\/sites\/45\/2023\/05\/Wahlproramm-Tittelbild-1.jpg\" class=\"attachment-full size-full wp-image-642\" alt=\"\" srcset=\"https:\/\/www.dp.lu\/miersch\/wp-content\/uploads\/sites\/45\/2023\/05\/Wahlproramm-Tittelbild-1.jpg 649w, https:\/\/www.dp.lu\/miersch\/wp-content\/uploads\/sites\/45\/2023\/05\/Wahlproramm-Tittelbild-1-300x210.jpg 300w, https:\/\/www.dp.lu\/miersch\/wp-content\/uploads\/sites\/45\/2023\/05\/Wahlproramm-Tittelbild-1-330x230.jpg 330w\" sizes=\"(max-width: 649px) 100vw, 649px\" \/><\/div><\/a>\n\t\t\t\t<div class=\"elementor-post__text\">\n\t\t\t\t<h2 class=\"elementor-post__title\">\n\t\t\t<a href=\"https:\/\/www.dp.lu\/miersch\/wahlprogramm-2023\/\" >\n\t\t\t\tWAHLPROGRAMM 2023\t\t\t<\/a>\n\t\t<\/h2>\n\t\t\t\t<div class=\"elementor-post__excerpt\">\n\t\t\t\t\t<\/div>\n\t\t\n\t\t<a class=\"elementor-post__read-more\" href=\"https:\/\/www.dp.lu\/miersch\/wahlprogramm-2023\/\" aria-label=\"Read more about WAHLPROGRAMM 2023\" tabindex=\"-1\" >\n\t\t\tweiderliesen...\t\t<\/a>\n\n\t\t\t\t<\/div>\n\t\t\t\t<div class=\"elementor-post__meta-data\">\n\t\t\t\t\t<span class=\"elementor-post-date\">\n\t\t\t17. May 2023\t\t<\/span>\n\t\t\t\t<\/div>\n\t\t\t\t\t<\/div>\n\t\t<\/article>\n\t\t\t\t<article class=\"elementor-post elementor-grid-item post-634 post type-post status-publish format-standard has-post-thumbnail hentry category-news wpbf-post\" role=\"listitem\">\n\t\t\t<div class=\"elementor-post__card\">\n\t\t\t\t<a class=\"elementor-post__thumbnail__link\" href=\"https:\/\/www.dp.lu\/miersch\/bilan-2017-2023\/\" tabindex=\"-1\" ><div class=\"elementor-post__thumbnail\"><img decoding=\"async\" width=\"639\" height=\"413\" src=\"https:\/\/www.dp.lu\/miersch\/wp-content\/uploads\/sites\/45\/2023\/05\/BILAN-DP-2017-2023_2-1.png\" class=\"attachment-full size-full wp-image-632\" alt=\"\" srcset=\"https:\/\/www.dp.lu\/miersch\/wp-content\/uploads\/sites\/45\/2023\/05\/BILAN-DP-2017-2023_2-1.png 639w, https:\/\/www.dp.lu\/miersch\/wp-content\/uploads\/sites\/45\/2023\/05\/BILAN-DP-2017-2023_2-1-300x194.png 300w\" sizes=\"(max-width: 639px) 100vw, 639px\" \/><\/div><\/a>\n\t\t\t\t<div class=\"elementor-post__text\">\n\t\t\t\t<h2 class=\"elementor-post__title\">\n\t\t\t<a href=\"https:\/\/www.dp.lu\/miersch\/bilan-2017-2023\/\" >\n\t\t\t\tBILAN 2017-2023\t\t\t<\/a>\n\t\t<\/h2>\n\t\t\t\t<div class=\"elementor-post__excerpt\">\n\t\t\t\t\t<\/div>\n\t\t\n\t\t<a class=\"elementor-post__read-more\" href=\"https:\/\/www.dp.lu\/miersch\/bilan-2017-2023\/\" aria-label=\"Read more about BILAN 2017-2023\" tabindex=\"-1\" >\n\t\t\tweiderliesen...\t\t<\/a>\n\n\t\t\t\t<\/div>\n\t\t\t\t<div class=\"elementor-post__meta-data\">\n\t\t\t\t\t<span class=\"elementor-post-date\">\n\t\t\t7. May 2023\t\t<\/span>\n\t\t\t\t<\/div>\n\t\t\t\t\t<\/div>\n\t\t<\/article>\n\t\t\t\t<\/div>\n\t\t\n\t\t\t\t\t\t<\/div>\n\t\t\t\t<\/div>\n\t\t\t\t\t<\/div>\n\t\t<\/div>\n\t\t\t\t\t<\/div>\n\t\t<\/section>\n\t\t\t\t<section class=\"elementor-section elementor-top-section elementor-element elementor-element-a495b4f elementor-hidden-phone elementor-section-full_width elementor-hidden-desktop elementor-section-height-default elementor-section-height-default\" data-id=\"a495b4f\" data-element_type=\"section\" data-e-type=\"section\" data-settings=\"{&quot;background_background&quot;:&quot;classic&quot;}\">\n\t\t\t\t\t\t<div class=\"elementor-container elementor-column-gap-default\">\n\t\t\t\t\t<div class=\"elementor-column elementor-col-100 elementor-top-column elementor-element elementor-element-c9955ed\" data-id=\"c9955ed\" data-element_type=\"column\" data-e-type=\"column\">\n\t\t\t<div class=\"elementor-widget-wrap elementor-element-populated\">\n\t\t\t\t\t\t<div class=\"elementor-element elementor-element-92b0bdf elementor-posts--align-left elementor-grid-3 elementor-grid-tablet-2 elementor-grid-mobile-1 elementor-posts--thumbnail-top elementor-posts__hover-gradient elementor-widget elementor-widget-posts\" data-id=\"92b0bdf\" data-element_type=\"widget\" data-e-type=\"widget\" data-settings=\"{&quot;cards_row_gap&quot;:{&quot;unit&quot;:&quot;px&quot;,&quot;size&quot;:&quot;0&quot;,&quot;sizes&quot;:[]},&quot;cards_columns&quot;:&quot;3&quot;,&quot;cards_columns_tablet&quot;:&quot;2&quot;,&quot;cards_columns_mobile&quot;:&quot;1&quot;,&quot;cards_row_gap_tablet&quot;:{&quot;unit&quot;:&quot;px&quot;,&quot;size&quot;:&quot;&quot;,&quot;sizes&quot;:[]},&quot;cards_row_gap_mobile&quot;:{&quot;unit&quot;:&quot;px&quot;,&quot;size&quot;:&quot;&quot;,&quot;sizes&quot;:[]}}\" data-widget_type=\"posts.cards\">\n\t\t\t\t<div class=\"elementor-widget-container\">\n\t\t\t\t\t\t\t<div class=\"elementor-posts-container elementor-posts elementor-posts--skin-cards elementor-grid\" role=\"list\">\n\t\t\t\t<article class=\"elementor-post elementor-grid-item post-657 post type-post status-publish format-standard hentry category-news wpbf-post\" role=\"listitem\">\n\t\t\t<div class=\"elementor-post__card\">\n\t\t\t\t<div class=\"elementor-post__text\">\n\t\t\t\t<h2 class=\"elementor-post__title\">\n\t\t\t<a href=\"https:\/\/www.dp.lu\/miersch\/accord-de-principe-tescht-der-dp-an-der-csv\/\" >\n\t\t\t\tAccord de Principe t\u00ebscht der DP an der CSV.\t\t\t<\/a>\n\t\t<\/h2>\n\t\t\t\t<div class=\"elementor-post__excerpt\">\n\t\t\t<p>Communiqu\u00e9 DP Miersch an CSV Miersch deele mat, dass si den Owend no fairen Verhandlungen en accord de principe fonnt hunn fir och d\u00e9i kommend 6 Joer zesummen d&#8217;Gesch\u00e9cker vun der Gemeng Miersch ze leeden. B\u00e9id Walprogrammer iwwerschneiden, respektiv erg\u00e4nze sech a ville Ber\u00e4icher, sou dass an de n\u00e4chsten Deeg, op Basis vun den Diskussiounen, de Koalitiounsaccord finalis\u00e9iert ka ginn. De Sch\u00e4fferot w\u00e4ert sech folgendermoossen zesummesetzen: Buergermeeschter: Michel MALHERBE (DP) 1. Sch\u00e4ffen: Abby TOUSSAINT (CSV) 2. Sch\u00e4ffen: Henri KRIER (DP) 3. Sch\u00e4ffen: Michel REILAND (CSV) 2023-2025 3. Sch\u00e4ffen: Willy VULLERS (DP) 2025-2029 De finale Koalitiounsaccord muss nach duerch d\u00e9i jeweileg Parteigremien valid\u00e9iert ginn. Matgedeelt zu Miersch, de 15. Juni 2023<\/p>\n\t\t<\/div>\n\t\t\n\t\t<a class=\"elementor-post__read-more\" href=\"https:\/\/www.dp.lu\/miersch\/accord-de-principe-tescht-der-dp-an-der-csv\/\" aria-label=\"Read more about Accord de Principe t\u00ebscht der DP an der CSV.\" tabindex=\"-1\" >\n\t\t\tweiderliesen...\t\t<\/a>\n\n\t\t\t\t<\/div>\n\t\t\t\t<div class=\"elementor-post__meta-data\">\n\t\t\t\t\t<span class=\"elementor-post-date\">\n\t\t\t16. June 2023\t\t<\/span>\n\t\t\t\t<\/div>\n\t\t\t\t\t<\/div>\n\t\t<\/article>\n\t\t\t\t<article class=\"elementor-post elementor-grid-item post-638 post type-post status-publish format-standard has-post-thumbnail hentry category-news wpbf-post\" role=\"listitem\">\n\t\t\t<div class=\"elementor-post__card\">\n\t\t\t\t<a class=\"elementor-post__thumbnail__link\" href=\"https:\/\/www.dp.lu\/miersch\/wahlprogramm-2023\/\" tabindex=\"-1\" ><div class=\"elementor-post__thumbnail\"><img decoding=\"async\" width=\"649\" height=\"454\" src=\"https:\/\/www.dp.lu\/miersch\/wp-content\/uploads\/sites\/45\/2023\/05\/Wahlproramm-Tittelbild-1.jpg\" class=\"attachment-full size-full wp-image-642\" alt=\"\" srcset=\"https:\/\/www.dp.lu\/miersch\/wp-content\/uploads\/sites\/45\/2023\/05\/Wahlproramm-Tittelbild-1.jpg 649w, https:\/\/www.dp.lu\/miersch\/wp-content\/uploads\/sites\/45\/2023\/05\/Wahlproramm-Tittelbild-1-300x210.jpg 300w, https:\/\/www.dp.lu\/miersch\/wp-content\/uploads\/sites\/45\/2023\/05\/Wahlproramm-Tittelbild-1-330x230.jpg 330w\" sizes=\"(max-width: 649px) 100vw, 649px\" \/><\/div><\/a>\n\t\t\t\t<div class=\"elementor-post__text\">\n\t\t\t\t<h2 class=\"elementor-post__title\">\n\t\t\t<a href=\"https:\/\/www.dp.lu\/miersch\/wahlprogramm-2023\/\" >\n\t\t\t\tWAHLPROGRAMM 2023\t\t\t<\/a>\n\t\t<\/h2>\n\t\t\t\t<div class=\"elementor-post__excerpt\">\n\t\t\t\t\t<\/div>\n\t\t\n\t\t<a class=\"elementor-post__read-more\" href=\"https:\/\/www.dp.lu\/miersch\/wahlprogramm-2023\/\" aria-label=\"Read more about WAHLPROGRAMM 2023\" tabindex=\"-1\" >\n\t\t\tweiderliesen...\t\t<\/a>\n\n\t\t\t\t<\/div>\n\t\t\t\t<div class=\"elementor-post__meta-data\">\n\t\t\t\t\t<span class=\"elementor-post-date\">\n\t\t\t17. May 2023\t\t<\/span>\n\t\t\t\t<\/div>\n\t\t\t\t\t<\/div>\n\t\t<\/article>\n\t\t\t\t<\/div>\n\t\t\n\t\t\t\t\t\t<\/div>\n\t\t\t\t<\/div>\n\t\t\t\t\t<\/div>\n\t\t<\/div>\n\t\t\t\t\t<\/div>\n\t\t<\/section>\n\t\t\t\t<section class=\"elementor-section elementor-top-section elementor-element elementor-element-fe89bb5 elementor-section-full_width elementor-hidden-desktop elementor-hidden-tablet elementor-section-height-default elementor-section-height-default\" data-id=\"fe89bb5\" data-element_type=\"section\" data-e-type=\"section\" data-settings=\"{&quot;background_background&quot;:&quot;classic&quot;}\">\n\t\t\t\t\t\t<div class=\"elementor-container elementor-column-gap-default\">\n\t\t\t\t\t<div class=\"elementor-column elementor-col-100 elementor-top-column elementor-element elementor-element-377b5d9\" data-id=\"377b5d9\" data-element_type=\"column\" data-e-type=\"column\">\n\t\t\t<div class=\"elementor-widget-wrap elementor-element-populated\">\n\t\t\t\t\t\t<div class=\"elementor-element elementor-element-d12b843 elementor-posts--align-left elementor-grid-tablet-1 elementor-hidden-desktop elementor-hidden-tablet elementor-grid-3 elementor-grid-mobile-1 elementor-posts--thumbnail-top elementor-posts__hover-gradient elementor-widget elementor-widget-posts\" data-id=\"d12b843\" data-element_type=\"widget\" data-e-type=\"widget\" data-settings=\"{&quot;cards_row_gap&quot;:{&quot;unit&quot;:&quot;px&quot;,&quot;size&quot;:&quot;0&quot;,&quot;sizes&quot;:[]},&quot;cards_columns_tablet&quot;:&quot;1&quot;,&quot;cards_columns&quot;:&quot;3&quot;,&quot;cards_columns_mobile&quot;:&quot;1&quot;,&quot;cards_row_gap_tablet&quot;:{&quot;unit&quot;:&quot;px&quot;,&quot;size&quot;:&quot;&quot;,&quot;sizes&quot;:[]},&quot;cards_row_gap_mobile&quot;:{&quot;unit&quot;:&quot;px&quot;,&quot;size&quot;:&quot;&quot;,&quot;sizes&quot;:[]}}\" data-widget_type=\"posts.cards\">\n\t\t\t\t<div class=\"elementor-widget-container\">\n\t\t\t\t\t\t\t<div class=\"elementor-posts-container elementor-posts elementor-posts--skin-cards elementor-grid\" role=\"list\">\n\t\t\t\t<article class=\"elementor-post elementor-grid-item post-657 post type-post status-publish format-standard hentry category-news wpbf-post\" role=\"listitem\">\n\t\t\t<div class=\"elementor-post__card\">\n\t\t\t\t<div class=\"elementor-post__text\">\n\t\t\t\t<h2 class=\"elementor-post__title\">\n\t\t\t<a href=\"https:\/\/www.dp.lu\/miersch\/accord-de-principe-tescht-der-dp-an-der-csv\/\" >\n\t\t\t\tAccord de Principe t\u00ebscht der DP an der CSV.\t\t\t<\/a>\n\t\t<\/h2>\n\t\t\t\t<div class=\"elementor-post__excerpt\">\n\t\t\t<p>Communiqu\u00e9 DP Miersch an CSV Miersch deele mat, dass si den Owend no fairen Verhandlungen en accord de principe fonnt hunn fir och d\u00e9i kommend 6 Joer zesummen d&#8217;Gesch\u00e9cker vun der Gemeng Miersch ze leeden. B\u00e9id Walprogrammer iwwerschneiden, respektiv erg\u00e4nze sech a ville Ber\u00e4icher, sou dass an de n\u00e4chsten Deeg, op Basis vun den Diskussiounen, de Koalitiounsaccord finalis\u00e9iert ka ginn. De Sch\u00e4fferot w\u00e4ert sech folgendermoossen zesummesetzen: Buergermeeschter: Michel MALHERBE (DP) 1. Sch\u00e4ffen: Abby TOUSSAINT (CSV) 2. Sch\u00e4ffen: Henri KRIER (DP) 3. Sch\u00e4ffen: Michel REILAND (CSV) 2023-2025 3. Sch\u00e4ffen: Willy VULLERS (DP) 2025-2029 De finale Koalitiounsaccord muss nach duerch d\u00e9i jeweileg Parteigremien valid\u00e9iert ginn. Matgedeelt zu Miersch, de 15. Juni 2023<\/p>\n\t\t<\/div>\n\t\t\n\t\t<a class=\"elementor-post__read-more\" href=\"https:\/\/www.dp.lu\/miersch\/accord-de-principe-tescht-der-dp-an-der-csv\/\" aria-label=\"Read more about Accord de Principe t\u00ebscht der DP an der CSV.\" tabindex=\"-1\" >\n\t\t\tweiderliesen...\t\t<\/a>\n\n\t\t\t\t<\/div>\n\t\t\t\t<div class=\"elementor-post__meta-data\">\n\t\t\t\t\t<span class=\"elementor-post-date\">\n\t\t\t16. June 2023\t\t<\/span>\n\t\t\t\t<\/div>\n\t\t\t\t\t<\/div>\n\t\t<\/article>\n\t\t\t\t<\/div>\n\t\t\n\t\t\t\t\t\t<\/div>\n\t\t\t\t<\/div>\n\t\t\t\t\t<\/div>\n\t\t<\/div>\n\t\t\t\t\t<\/div>\n\t\t<\/section>\n\t\t\t\t<section class=\"elementor-section elementor-top-section elementor-element elementor-element-5ab578c elementor-section-boxed elementor-section-height-default elementor-section-height-default\" data-id=\"5ab578c\" data-element_type=\"section\" data-e-type=\"section\" data-settings=\"{&quot;background_background&quot;:&quot;classic&quot;}\">\n\t\t\t\t\t\t<div class=\"elementor-container elementor-column-gap-default\">\n\t\t\t\t\t<div class=\"elementor-column elementor-col-100 elementor-top-column elementor-element elementor-element-1ad306e\" data-id=\"1ad306e\" data-element_type=\"column\" data-e-type=\"column\">\n\t\t\t<div class=\"elementor-widget-wrap elementor-element-populated\">\n\t\t\t\t\t\t<div class=\"elementor-element elementor-element-5628e22 elementor-align-center elementor-widget elementor-widget-button\" data-id=\"5628e22\" data-element_type=\"widget\" data-e-type=\"widget\" data-widget_type=\"button.default\">\n\t\t\t\t<div class=\"elementor-widget-container\">\n\t\t\t\t\t\t\t\t\t<div class=\"elementor-button-wrapper\">\n\t\t\t\t\t<a class=\"elementor-button elementor-button-link elementor-size-md\" href=\"https:\/\/www.dp.lu\/miersch\/news\/\">\n\t\t\t\t\t\t<span class=\"elementor-button-content-wrapper\">\n\t\t\t\t\t\t\t\t\t<span class=\"elementor-button-text\">M\u00e9i Aktualit\u00e9iten<\/span>\n\t\t\t\t\t<\/span>\n\t\t\t\t\t<\/a>\n\t\t\t\t<\/div>\n\t\t\t\t\t\t\t\t<\/div>\n\t\t\t\t<\/div>\n\t\t\t\t\t<\/div>\n\t\t<\/div>\n\t\t\t\t\t<\/div>\n\t\t<\/section>\n\t\t\t\t<section class=\"elementor-section elementor-top-section elementor-element elementor-element-3755f02 elementor-section-full_width elementor-section-height-default elementor-section-height-default\" data-id=\"3755f02\" data-element_type=\"section\" data-e-type=\"section\" data-settings=\"{&quot;background_background&quot;:&quot;classic&quot;}\">\n\t\t\t\t\t\t<div class=\"elementor-container elementor-column-gap-default\">\n\t\t\t\t\t<div class=\"elementor-column elementor-col-33 elementor-top-column elementor-element elementor-element-9fa4670\" data-id=\"9fa4670\" data-element_type=\"column\" data-e-type=\"column\">\n\t\t\t<div class=\"elementor-widget-wrap elementor-element-populated\">\n\t\t\t\t\t\t<div class=\"elementor-element elementor-element-5c76b5e elementor-hidden-phone elementor-widget elementor-widget-image\" data-id=\"5c76b5e\" data-element_type=\"widget\" data-e-type=\"widget\" data-widget_type=\"image.default\">\n\t\t\t\t<div class=\"elementor-widget-container\">\n\t\t\t\t\t\t\t\t\t\t\t\t\t\t\t\t<a href=\"https:\/\/www.dp.lu\/miersch\/eis-kandidaten-fir-dgemengewalen-2023\/\">\n\t\t\t\t\t\t\t<img loading=\"lazy\" decoding=\"async\" width=\"2500\" height=\"1406\" src=\"https:\/\/www.dp.lu\/miersch\/wp-content\/uploads\/sites\/45\/2023\/06\/Kandidaten-Miersch1.jpg\" class=\"attachment-full size-full wp-image-648\" alt=\"\" srcset=\"https:\/\/www.dp.lu\/miersch\/wp-content\/uploads\/sites\/45\/2023\/06\/Kandidaten-Miersch1.jpg 2500w, https:\/\/www.dp.lu\/miersch\/wp-content\/uploads\/sites\/45\/2023\/06\/Kandidaten-Miersch1-300x169.jpg 300w, https:\/\/www.dp.lu\/miersch\/wp-content\/uploads\/sites\/45\/2023\/06\/Kandidaten-Miersch1-1024x576.jpg 1024w, https:\/\/www.dp.lu\/miersch\/wp-content\/uploads\/sites\/45\/2023\/06\/Kandidaten-Miersch1-768x432.jpg 768w, https:\/\/www.dp.lu\/miersch\/wp-content\/uploads\/sites\/45\/2023\/06\/Kandidaten-Miersch1-1536x864.jpg 1536w, https:\/\/www.dp.lu\/miersch\/wp-content\/uploads\/sites\/45\/2023\/06\/Kandidaten-Miersch1-2048x1152.jpg 2048w\" sizes=\"(max-width: 2500px) 100vw, 2500px\" \/>\t\t\t\t\t\t\t\t<\/a>\n\t\t\t\t\t\t\t\t\t\t\t\t\t\t\t<\/div>\n\t\t\t\t<\/div>\n\t\t\t\t\t<\/div>\n\t\t<\/div>\n\t\t\t\t<div class=\"elementor-column elementor-col-66 elementor-top-column elementor-element elementor-element-d7f60c2\" data-id=\"d7f60c2\" data-element_type=\"column\" data-e-type=\"column\">\n\t\t\t<div class=\"elementor-widget-wrap elementor-element-populated\">\n\t\t\t\t\t\t<div class=\"elementor-element elementor-element-1882f92 elementor-widget elementor-widget-heading\" data-id=\"1882f92\" data-element_type=\"widget\" data-e-type=\"widget\" data-widget_type=\"heading.default\">\n\t\t\t\t<div class=\"elementor-widget-container\">\n\t\t\t\t\t<h1 class=\"elementor-heading-title elementor-size-default\">Eis Kandidate fir d'Gemengewalen 2023<\/h1>\t\t\t\t<\/div>\n\t\t\t\t<\/div>\n\t\t\t\t<div class=\"elementor-element elementor-element-53645b3 elementor-hidden-desktop elementor-hidden-tablet elementor-widget elementor-widget-image\" data-id=\"53645b3\" data-element_type=\"widget\" data-e-type=\"widget\" data-widget_type=\"image.default\">\n\t\t\t\t<div class=\"elementor-widget-container\">\n\t\t\t\t\t\t\t\t\t\t\t\t\t\t\t\t<a href=\"https:\/\/www.dp.lu\/miersch\/eis-kandidaten-fir-dgemengewalen-2023\/\">\n\t\t\t\t\t\t\t<img loading=\"lazy\" decoding=\"async\" width=\"2500\" height=\"1406\" src=\"https:\/\/www.dp.lu\/miersch\/wp-content\/uploads\/sites\/45\/2023\/06\/Kandidaten-Miersch1.jpg\" class=\"attachment-full size-full wp-image-648\" alt=\"\" srcset=\"https:\/\/www.dp.lu\/miersch\/wp-content\/uploads\/sites\/45\/2023\/06\/Kandidaten-Miersch1.jpg 2500w, https:\/\/www.dp.lu\/miersch\/wp-content\/uploads\/sites\/45\/2023\/06\/Kandidaten-Miersch1-300x169.jpg 300w, https:\/\/www.dp.lu\/miersch\/wp-content\/uploads\/sites\/45\/2023\/06\/Kandidaten-Miersch1-1024x576.jpg 1024w, https:\/\/www.dp.lu\/miersch\/wp-content\/uploads\/sites\/45\/2023\/06\/Kandidaten-Miersch1-768x432.jpg 768w, https:\/\/www.dp.lu\/miersch\/wp-content\/uploads\/sites\/45\/2023\/06\/Kandidaten-Miersch1-1536x864.jpg 1536w, https:\/\/www.dp.lu\/miersch\/wp-content\/uploads\/sites\/45\/2023\/06\/Kandidaten-Miersch1-2048x1152.jpg 2048w\" sizes=\"(max-width: 2500px) 100vw, 2500px\" \/>\t\t\t\t\t\t\t\t<\/a>\n\t\t\t\t\t\t\t\t\t\t\t\t\t\t\t<\/div>\n\t\t\t\t<\/div>\n\t\t\t\t<div class=\"elementor-element elementor-element-86ebe55 elementor-align-left elementor-widget elementor-widget-button\" data-id=\"86ebe55\" data-element_type=\"widget\" data-e-type=\"widget\" data-widget_type=\"button.default\">\n\t\t\t\t<div class=\"elementor-widget-container\">\n\t\t\t\t\t\t\t\t\t<div class=\"elementor-button-wrapper\">\n\t\t\t\t\t<a class=\"elementor-button elementor-button-link elementor-size-md\" href=\"https:\/\/www.dp.lu\/miersch\/eis-kandidaten-fir-dgemengewalen-2023\/\">\n\t\t\t\t\t\t<span class=\"elementor-button-content-wrapper\">\n\t\t\t\t\t\t\t\t\t<span class=\"elementor-button-text\">M\u00e9i...<\/span>\n\t\t\t\t\t<\/span>\n\t\t\t\t\t<\/a>\n\t\t\t\t<\/div>\n\t\t\t\t\t\t\t\t<\/div>\n\t\t\t\t<\/div>\n\t\t\t\t\t<\/div>\n\t\t<\/div>\n\t\t\t\t\t<\/div>\n\t\t<\/section>\n\t\t\t\t<section class=\"elementor-section elementor-top-section elementor-element elementor-element-1b64cae elementor-section-full_width elementor-section-height-default elementor-section-height-default\" data-id=\"1b64cae\" data-element_type=\"section\" data-e-type=\"section\" data-settings=\"{&quot;background_background&quot;:&quot;classic&quot;}\">\n\t\t\t\t\t\t<div class=\"elementor-container elementor-column-gap-default\">\n\t\t\t\t\t<div class=\"elementor-column elementor-col-33 elementor-top-column elementor-element elementor-element-e6df242\" data-id=\"e6df242\" data-element_type=\"column\" data-e-type=\"column\">\n\t\t\t<div class=\"elementor-widget-wrap elementor-element-populated\">\n\t\t\t\t\t\t<div class=\"elementor-element elementor-element-ea58322 elementor-widget elementor-widget-heading\" data-id=\"ea58322\" data-element_type=\"widget\" data-e-type=\"widget\" data-widget_type=\"heading.default\">\n\t\t\t\t<div class=\"elementor-widget-container\">\n\t\t\t\t\t<h1 class=\"elementor-heading-title elementor-size-default\">Eis Memberen am Gemengerot<\/h1>\t\t\t\t<\/div>\n\t\t\t\t<\/div>\n\t\t\t\t<div class=\"elementor-element elementor-element-0b27f40 elementor-hidden-desktop elementor-hidden-tablet elementor-widget elementor-widget-image\" data-id=\"0b27f40\" data-element_type=\"widget\" data-e-type=\"widget\" data-widget_type=\"image.default\">\n\t\t\t\t<div class=\"elementor-widget-container\">\n\t\t\t\t\t\t\t\t\t\t\t\t\t\t\t\t<a href=\"https:\/\/www.dp.lu\/miersch\/gemengerot\/\">\n\t\t\t\t\t\t\t<img loading=\"lazy\" decoding=\"async\" width=\"1773\" height=\"1182\" src=\"https:\/\/www.dp.lu\/miersch\/wp-content\/uploads\/sites\/45\/2023\/03\/Assermentation-Marques-Daniel.jpg\" class=\"attachment-full size-full wp-image-570\" alt=\"\" srcset=\"https:\/\/www.dp.lu\/miersch\/wp-content\/uploads\/sites\/45\/2023\/03\/Assermentation-Marques-Daniel.jpg 1773w, https:\/\/www.dp.lu\/miersch\/wp-content\/uploads\/sites\/45\/2023\/03\/Assermentation-Marques-Daniel-300x200.jpg 300w, https:\/\/www.dp.lu\/miersch\/wp-content\/uploads\/sites\/45\/2023\/03\/Assermentation-Marques-Daniel-1024x683.jpg 1024w, https:\/\/www.dp.lu\/miersch\/wp-content\/uploads\/sites\/45\/2023\/03\/Assermentation-Marques-Daniel-768x512.jpg 768w, https:\/\/www.dp.lu\/miersch\/wp-content\/uploads\/sites\/45\/2023\/03\/Assermentation-Marques-Daniel-1536x1024.jpg 1536w\" sizes=\"(max-width: 1773px) 100vw, 1773px\" \/>\t\t\t\t\t\t\t\t<\/a>\n\t\t\t\t\t\t\t\t\t\t\t\t\t\t\t<\/div>\n\t\t\t\t<\/div>\n\t\t\t\t<div class=\"elementor-element elementor-element-2198d29 elementor-align-right elementor-mobile-align-left elementor-widget elementor-widget-button\" data-id=\"2198d29\" data-element_type=\"widget\" data-e-type=\"widget\" data-widget_type=\"button.default\">\n\t\t\t\t<div class=\"elementor-widget-container\">\n\t\t\t\t\t\t\t\t\t<div class=\"elementor-button-wrapper\">\n\t\t\t\t\t<a class=\"elementor-button elementor-button-link elementor-size-md\" href=\"https:\/\/www.dp.lu\/miersch\/gemengerot\/\">\n\t\t\t\t\t\t<span class=\"elementor-button-content-wrapper\">\n\t\t\t\t\t\t\t\t\t<span class=\"elementor-button-text\">M\u00e9i...<\/span>\n\t\t\t\t\t<\/span>\n\t\t\t\t\t<\/a>\n\t\t\t\t<\/div>\n\t\t\t\t\t\t\t\t<\/div>\n\t\t\t\t<\/div>\n\t\t\t\t\t<\/div>\n\t\t<\/div>\n\t\t\t\t<div class=\"elementor-column elementor-col-66 elementor-top-column elementor-element elementor-element-e24cfd4 elementor-hidden-phone\" data-id=\"e24cfd4\" data-element_type=\"column\" data-e-type=\"column\">\n\t\t\t<div class=\"elementor-widget-wrap elementor-element-populated\">\n\t\t\t\t\t\t<div class=\"elementor-element elementor-element-1e3d4db elementor-widget elementor-widget-image\" data-id=\"1e3d4db\" data-element_type=\"widget\" data-e-type=\"widget\" data-widget_type=\"image.default\">\n\t\t\t\t<div class=\"elementor-widget-container\">\n\t\t\t\t\t\t\t\t\t\t\t\t\t\t\t\t<a href=\"https:\/\/www.dp.lu\/miersch\/gemengerot\/\">\n\t\t\t\t\t\t\t<img loading=\"lazy\" decoding=\"async\" width=\"1773\" height=\"1182\" src=\"https:\/\/www.dp.lu\/miersch\/wp-content\/uploads\/sites\/45\/2023\/03\/Assermentation-Marques-Daniel.jpg\" class=\"attachment-full size-full wp-image-570\" alt=\"\" srcset=\"https:\/\/www.dp.lu\/miersch\/wp-content\/uploads\/sites\/45\/2023\/03\/Assermentation-Marques-Daniel.jpg 1773w, https:\/\/www.dp.lu\/miersch\/wp-content\/uploads\/sites\/45\/2023\/03\/Assermentation-Marques-Daniel-300x200.jpg 300w, https:\/\/www.dp.lu\/miersch\/wp-content\/uploads\/sites\/45\/2023\/03\/Assermentation-Marques-Daniel-1024x683.jpg 1024w, https:\/\/www.dp.lu\/miersch\/wp-content\/uploads\/sites\/45\/2023\/03\/Assermentation-Marques-Daniel-768x512.jpg 768w, https:\/\/www.dp.lu\/miersch\/wp-content\/uploads\/sites\/45\/2023\/03\/Assermentation-Marques-Daniel-1536x1024.jpg 1536w\" sizes=\"(max-width: 1773px) 100vw, 1773px\" \/>\t\t\t\t\t\t\t\t<\/a>\n\t\t\t\t\t\t\t\t\t\t\t\t\t\t\t<\/div>\n\t\t\t\t<\/div>\n\t\t\t\t\t<\/div>\n\t\t<\/div>\n\t\t\t\t\t<\/div>\n\t\t<\/section>\n\t\t\t\t<section class=\"elementor-section elementor-top-section elementor-element elementor-element-2d1a662 elementor-section-full_width elementor-section-height-default elementor-section-height-default\" data-id=\"2d1a662\" data-element_type=\"section\" data-e-type=\"section\" data-settings=\"{&quot;background_background&quot;:&quot;classic&quot;}\">\n\t\t\t\t\t\t<div class=\"elementor-container elementor-column-gap-default\">\n\t\t\t\t\t<div class=\"elementor-column elementor-col-33 elementor-top-column elementor-element elementor-element-b998030\" data-id=\"b998030\" data-element_type=\"column\" data-e-type=\"column\">\n\t\t\t<div class=\"elementor-widget-wrap elementor-element-populated\">\n\t\t\t\t\t\t<div class=\"elementor-element elementor-element-a5360a6 elementor-hidden-phone elementor-widget elementor-widget-image\" data-id=\"a5360a6\" data-element_type=\"widget\" data-e-type=\"widget\" data-widget_type=\"image.default\">\n\t\t\t\t<div class=\"elementor-widget-container\">\n\t\t\t\t\t\t\t\t\t\t\t\t\t\t\t\t<a href=\"https:\/\/www.dp.lu\/miersch\/comite\/\">\n\t\t\t\t\t\t\t<img loading=\"lazy\" decoding=\"async\" width=\"2500\" height=\"1667\" src=\"https:\/\/www.dp.lu\/miersch\/wp-content\/uploads\/sites\/45\/2023\/03\/comite-miersch.jpg\" class=\"attachment-full size-full wp-image-495\" alt=\"\" srcset=\"https:\/\/www.dp.lu\/miersch\/wp-content\/uploads\/sites\/45\/2023\/03\/comite-miersch.jpg 2500w, https:\/\/www.dp.lu\/miersch\/wp-content\/uploads\/sites\/45\/2023\/03\/comite-miersch-300x200.jpg 300w, https:\/\/www.dp.lu\/miersch\/wp-content\/uploads\/sites\/45\/2023\/03\/comite-miersch-1024x683.jpg 1024w, https:\/\/www.dp.lu\/miersch\/wp-content\/uploads\/sites\/45\/2023\/03\/comite-miersch-768x512.jpg 768w, https:\/\/www.dp.lu\/miersch\/wp-content\/uploads\/sites\/45\/2023\/03\/comite-miersch-1536x1024.jpg 1536w, https:\/\/www.dp.lu\/miersch\/wp-content\/uploads\/sites\/45\/2023\/03\/comite-miersch-2048x1366.jpg 2048w\" sizes=\"(max-width: 2500px) 100vw, 2500px\" \/>\t\t\t\t\t\t\t\t<\/a>\n\t\t\t\t\t\t\t\t\t\t\t\t\t\t\t<\/div>\n\t\t\t\t<\/div>\n\t\t\t\t\t<\/div>\n\t\t<\/div>\n\t\t\t\t<div class=\"elementor-column elementor-col-66 elementor-top-column elementor-element elementor-element-d904698\" data-id=\"d904698\" data-element_type=\"column\" data-e-type=\"column\">\n\t\t\t<div class=\"elementor-widget-wrap elementor-element-populated\">\n\t\t\t\t\t\t<div class=\"elementor-element elementor-element-33292a9 elementor-widget elementor-widget-heading\" data-id=\"33292a9\" data-element_type=\"widget\" data-e-type=\"widget\" data-widget_type=\"heading.default\">\n\t\t\t\t<div class=\"elementor-widget-container\">\n\t\t\t\t\t<h1 class=\"elementor-heading-title elementor-size-default\">Eise Comit\u00e9<\/h1>\t\t\t\t<\/div>\n\t\t\t\t<\/div>\n\t\t\t\t<div class=\"elementor-element elementor-element-4355095 elementor-hidden-desktop elementor-hidden-tablet elementor-widget elementor-widget-image\" data-id=\"4355095\" data-element_type=\"widget\" data-e-type=\"widget\" data-widget_type=\"image.default\">\n\t\t\t\t<div class=\"elementor-widget-container\">\n\t\t\t\t\t\t\t\t\t\t\t\t\t\t\t\t<a href=\"https:\/\/www.dp.lu\/miersch\/comite\/\">\n\t\t\t\t\t\t\t<img loading=\"lazy\" decoding=\"async\" width=\"2500\" height=\"1667\" src=\"https:\/\/www.dp.lu\/miersch\/wp-content\/uploads\/sites\/45\/2023\/03\/comite-miersch.jpg\" class=\"attachment-full size-full wp-image-495\" alt=\"\" srcset=\"https:\/\/www.dp.lu\/miersch\/wp-content\/uploads\/sites\/45\/2023\/03\/comite-miersch.jpg 2500w, https:\/\/www.dp.lu\/miersch\/wp-content\/uploads\/sites\/45\/2023\/03\/comite-miersch-300x200.jpg 300w, https:\/\/www.dp.lu\/miersch\/wp-content\/uploads\/sites\/45\/2023\/03\/comite-miersch-1024x683.jpg 1024w, https:\/\/www.dp.lu\/miersch\/wp-content\/uploads\/sites\/45\/2023\/03\/comite-miersch-768x512.jpg 768w, https:\/\/www.dp.lu\/miersch\/wp-content\/uploads\/sites\/45\/2023\/03\/comite-miersch-1536x1024.jpg 1536w, https:\/\/www.dp.lu\/miersch\/wp-content\/uploads\/sites\/45\/2023\/03\/comite-miersch-2048x1366.jpg 2048w\" sizes=\"(max-width: 2500px) 100vw, 2500px\" \/>\t\t\t\t\t\t\t\t<\/a>\n\t\t\t\t\t\t\t\t\t\t\t\t\t\t\t<\/div>\n\t\t\t\t<\/div>\n\t\t\t\t<div class=\"elementor-element elementor-element-55cb0a4 elementor-align-left elementor-widget elementor-widget-button\" data-id=\"55cb0a4\" data-element_type=\"widget\" data-e-type=\"widget\" data-widget_type=\"button.default\">\n\t\t\t\t<div class=\"elementor-widget-container\">\n\t\t\t\t\t\t\t\t\t<div class=\"elementor-button-wrapper\">\n\t\t\t\t\t<a class=\"elementor-button elementor-button-link elementor-size-md\" href=\"https:\/\/www.dp.lu\/miersch\/comite\/\">\n\t\t\t\t\t\t<span class=\"elementor-button-content-wrapper\">\n\t\t\t\t\t\t\t\t\t<span class=\"elementor-button-text\">M\u00e9i...<\/span>\n\t\t\t\t\t<\/span>\n\t\t\t\t\t<\/a>\n\t\t\t\t<\/div>\n\t\t\t\t\t\t\t\t<\/div>\n\t\t\t\t<\/div>\n\t\t\t\t\t<\/div>\n\t\t<\/div>\n\t\t\t\t\t<\/div>\n\t\t<\/section>\n\t\t\t\t<\/div>\n\t\t","protected":false},"excerpt":{"rendered":"<p>M\u00e9i Aktualit\u00e9iten Eis Kandidate fir d&#8217;Gemengewalen 2023 M\u00e9i&#8230; Eis Memberen am Gemengerot M\u00e9i&#8230; Eise Comit\u00e9 M\u00e9i&#8230;<\/p>\n","protected":false},"author":2,"featured_media":0,"parent":0,"menu_order":0,"comment_status":"closed","ping_status":"closed","template":"","meta":{"footnotes":""},"class_list":["post-18","page","type-page","status-publish","hentry","wpbf-post"],"_links":{"self":[{"href":"https:\/\/www.dp.lu\/miersch\/wp-json\/wp\/v2\/pages\/18","targetHints":{"allow":["GET"]}}],"collection":[{"href":"https:\/\/www.dp.lu\/miersch\/wp-json\/wp\/v2\/pages"}],"about":[{"href":"https:\/\/www.dp.lu\/miersch\/wp-json\/wp\/v2\/types\/page"}],"author":[{"embeddable":true,"href":"https:\/\/www.dp.lu\/miersch\/wp-json\/wp\/v2\/users\/2"}],"replies":[{"embeddable":true,"href":"https:\/\/www.dp.lu\/miersch\/wp-json\/wp\/v2\/comments?post=18"}],"version-history":[{"count":85,"href":"https:\/\/www.dp.lu\/miersch\/wp-json\/wp\/v2\/pages\/18\/revisions"}],"predecessor-version":[{"id":652,"href":"https:\/\/www.dp.lu\/miersch\/wp-json\/wp\/v2\/pages\/18\/revisions\/652"}],"wp:attachment":[{"href":"https:\/\/www.dp.lu\/miersch\/wp-json\/wp\/v2\/media?parent=18"}],"curies":[{"name":"wp","href":"https:\/\/api.w.org\/{rel}","templated":true}]}}