{"id":224,"date":"2022-12-09T14:59:03","date_gmt":"2022-12-09T14:59:03","guid":{"rendered":"https:\/\/www.dp.lu\/miersch\/?page_id=224"},"modified":"2023-05-25T11:32:20","modified_gmt":"2023-05-25T11:32:20","slug":"news","status":"publish","type":"page","link":"https:\/\/www.dp.lu\/miersch\/news\/","title":{"rendered":"News"},"content":{"rendered":"\t\t<div data-elementor-type=\"wp-page\" data-elementor-id=\"224\" class=\"elementor elementor-224\" data-elementor-post-type=\"page\">\n\t\t\t\t\t\t<section class=\"elementor-section elementor-top-section elementor-element elementor-element-94c998d elementor-section-boxed elementor-section-height-default elementor-section-height-default\" data-id=\"94c998d\" data-element_type=\"section\" data-e-type=\"section\">\n\t\t\t\t\t\t<div class=\"elementor-container elementor-column-gap-default\">\n\t\t\t\t\t<div class=\"elementor-column elementor-col-100 elementor-top-column elementor-element elementor-element-c845802\" data-id=\"c845802\" data-element_type=\"column\" data-e-type=\"column\">\n\t\t\t<div class=\"elementor-widget-wrap elementor-element-populated\">\n\t\t\t\t\t\t<div class=\"elementor-element elementor-element-8a57d9a result-list elementor-hidden-mobile elementor-widget elementor-widget-ucaddon_post_grid\" data-id=\"8a57d9a\" data-element_type=\"widget\" data-e-type=\"widget\" data-widget_type=\"ucaddon_post_grid.default\">\n\t\t\t\t<div class=\"elementor-widget-container\">\n\t\t\t\t\t\n<!-- start Post Grid -->\n\t\t<link id='font-awesome-css' href='https:\/\/www.dp.lu\/miersch\/wp-content\/plugins\/unlimited-elements-for-elementor-premium\/assets_libraries\/font-awesome6\/fontawesome-all.min.css' type='text\/css' rel='stylesheet' >\n\t\t<link id='font-awesome-4-shim-css' href='https:\/\/www.dp.lu\/miersch\/wp-content\/plugins\/unlimited-elements-for-elementor-premium\/assets_libraries\/font-awesome6\/fontawesome-v4-shims.min.css' type='text\/css' rel='stylesheet' >\n\n<style>\/* widget: Post Grid *\/\n\n#uc_post_grid_elementor_8a57d9a.ue-post-grid {\n   display:grid;\n}\n\n\n\n#uc_post_grid_elementor_8a57d9a .ue-item\n{\n  overflow:hidden;\n  position:relative;\n}\n\n#uc_post_grid_elementor_8a57d9a .uc_post_image\n{\n  transition:0.3s;\n  position:relative;\n  overflow:hidden;\n}\n\n#uc_post_grid_elementor_8a57d9a .uc_post_image img\n{\n  width:100%;\n  display:block;\n  transition:0.3s;\n}\n\n\n\t\n\n\n\n\n\n\n#uc_post_grid_elementor_8a57d9a .uc_post_image_overlay\n{\n  position:absolute;\n  top:0px;\n  left:0px;\n  height:100%;\n  width:100%;\n  transition:0.3s;\n}\n\n#uc_post_grid_elementor_8a57d9a .uc_more_btn{\n\n  display:inline-block;\n  text-align:center;\n  text-decoration:none;\n  transition:0.3s;\n}\n\n.ue-grid-item-category a\n{\n  display:inline-block;\n  font-size:10px;\n  \n}\n\n.uc_post_title\n{\n  font-size:21px;\n}\n\n\n\n\n\n\n\n\n\n\n\n\t#uc_post_grid_elementor_8a57d9a .ue-item\n    {\n      display:flex;\n    }\n\n\t#uc_post_grid_elementor_8a57d9a .uc_content\n    {\n      display:flex;\n      justify-content:center;\n      flex-direction:column;\n    }\n\n    #uc_post_grid_elementor_8a57d9a .uc_content \n    {\n\n      flex-shrink:0;\n      flex-grow:0;\n    }\n    #uc_post_grid_elementor_8a57d9a .ue-post-image-wrapper\n    {\n      flex-grow:1;\n    }\n\t\n\n\n\n\n\n\n\n\n\n\n#uc_post_grid_elementor_8a57d9a .ue-meta-data\n{\n  \n  display:flex;\n\n  flex-wrap: wrap;\n  line-height:1em;\n}\n\n#uc_post_grid_elementor_8a57d9a .ue-grid-item-meta-data\n{\n      display:inline-flex;\n      align-items:center;\n}\n\n.ue-grid-item-meta-data\n{\n  font-size:12px;\n}\n\n#uc_post_grid_elementor_8a57d9a .ue-grid-item-meta-data-icon\n{\n  line-height:1em;\n}\n\n#uc_post_grid_elementor_8a57d9a .ue-grid-item-meta-data-icon svg\n{\n  width:1em;\n  height:1em;\n}\n\n#uc_post_grid_elementor_8a57d9a .ue-debug-meta\n{\n  padding:10px;\n  border:1px solid red;\n  position:relative;\n  line-height:1.5em;\n  font-size:11px;\n  width:100%;\n}\n\n.uc-remote-parent .ue-item{\n\tcursor:pointer;\n}\n\n<\/style>\n\n<div class=\"ue-post-grid uc-items-wrapper  \" id=\"uc_post_grid_elementor_8a57d9a\"  >\n\t\t\t<div class=\"ue-item \">\n  \n   <a class=\"ue-post-image-wrapper\" href=\"https:\/\/www.dp.lu\/miersch\/accord-de-principe-tescht-der-dp-an-der-csv\/\" target=\"_self\">\n   <div class=\"uc_post_image\">\n   <img decoding=\"async\" src=\"https:\/\/www.dp.lu\/miersch\/wp-content\/uploads\/sites\/45\/ac_assets\/uc_post_grid_style_one\/\/no-image.png\" >\n   <div class=\"uc_post_image_overlay\"><\/div>\n   <\/div>\n  <\/a>\n   \n <div class=\"uc_content\">\n    <div>\n      \n           \n    \n  \n      \n      \n    <div class=\"uc_post_title\"><a href=\"https:\/\/www.dp.lu\/miersch\/accord-de-principe-tescht-der-dp-an-der-csv\/\" target=\"_self\"><div>Accord de Principe t\u00ebscht der DP an der CSV.<\/div><\/a><\/div>\t\n    \n     \n     \n          <div class=\"ue-meta-data\">\n            <div class=\"ue-grid-item-meta-data\"><span class=\"ue-grid-item-meta-data-icon\"><i class='fas fa-calendar-week'><\/i><\/span>  16 June, 2023<\/div>            \n                        \n        \n\t\t\t\n\n\n\n\n\n\n\n\n\n\n\n\n            \n                        \n                        \n                        \n                        \n                        \n            \t\t\t\n              \n            \n          <\/div>\n     \n      \n      \n      \n     <div class=\"uc_post_text\">Communiqu\u00e9\n\n\nDP Miersch an CSV Miersch deele mat, dass si den Owend no fairen Verhandlungen en accord de principe fonnt hunn fir och d\u00e9i kommend 6 Joer zesummen d&#8217;Gesch\u00e9cker vun der Gemeng Miersch ze leeden.\n\n\nB\u00e9id Walprogrammer iwwerschneiden, respektiv erg\u00e4nze sech a ville Ber\u00e4icher, sou dass an de n\u00e4chsten Deeg, op Basis vun den Diskussiounen, de Koalitiounsaccord finalis\u00e9iert ka ginn.\n\n\nDe...<\/div>    <div class=\"uc_post_button\"><a class=\"uc_more_btn\" href=\"https:\/\/www.dp.lu\/miersch\/accord-de-principe-tescht-der-dp-an-der-csv\/\" target=\"_self\">weiderliesen...<\/a><\/div> \t<\/div>\n  <\/div>\n<\/div>\n<div class=\"ue-item \">\n  \n   <a class=\"ue-post-image-wrapper\" href=\"https:\/\/www.dp.lu\/miersch\/wahlprogramm-2023\/\" target=\"_self\">\n   <div class=\"uc_post_image\">\n   <img loading=\"lazy\" decoding=\"async\" src=\"https:\/\/www.dp.lu\/miersch\/wp-content\/uploads\/sites\/45\/2023\/05\/Wahlproramm-Tittelbild-1.jpg\"  src=\"https:\/\/www.dp.lu\/miersch\/wp-content\/uploads\/sites\/45\/2023\/05\/Wahlproramm-Tittelbild-1.jpg\" alt=\"Wahlproramm Tittelbild\" width=\"649\" height=\"454\">\n   <div class=\"uc_post_image_overlay\"><\/div>\n   <\/div>\n  <\/a>\n   \n <div class=\"uc_content\">\n    <div>\n      \n           \n    \n  \n      \n      \n    <div class=\"uc_post_title\"><a href=\"https:\/\/www.dp.lu\/miersch\/wahlprogramm-2023\/\" target=\"_self\"><div>WAHLPROGRAMM 2023<\/div><\/a><\/div>\t\n    \n     \n     \n          <div class=\"ue-meta-data\">\n            <div class=\"ue-grid-item-meta-data\"><span class=\"ue-grid-item-meta-data-icon\"><i class='fas fa-calendar-week'><\/i><\/span>  17 May, 2023<\/div>            \n                        \n        \n\t\t\t\n\n\n\n\n\n\n\n\n\n\n\n\n            \n                        \n                        \n                        \n                        \n                        \n            \t\t\t\n              \n            \n          <\/div>\n     \n      \n      \n      \n     <div class=\"uc_post_text\">DP_Wahlprogramm-2023_25_05-WebHerunterladen<\/div>    <div class=\"uc_post_button\"><a class=\"uc_more_btn\" href=\"https:\/\/www.dp.lu\/miersch\/wahlprogramm-2023\/\" target=\"_self\">weiderliesen...<\/a><\/div> \t<\/div>\n  <\/div>\n<\/div>\n<div class=\"ue-item \">\n  \n   <a class=\"ue-post-image-wrapper\" href=\"https:\/\/www.dp.lu\/miersch\/bilan-2017-2023\/\" target=\"_self\">\n   <div class=\"uc_post_image\">\n   <img loading=\"lazy\" decoding=\"async\" src=\"https:\/\/www.dp.lu\/miersch\/wp-content\/uploads\/sites\/45\/2023\/05\/BILAN-DP-2017-2023_2-1.png\"  src=\"https:\/\/www.dp.lu\/miersch\/wp-content\/uploads\/sites\/45\/2023\/05\/BILAN-DP-2017-2023_2-1.png\" alt=\"BILAN-DP-2017-2023_2-1\" width=\"639\" height=\"413\">\n   <div class=\"uc_post_image_overlay\"><\/div>\n   <\/div>\n  <\/a>\n   \n <div class=\"uc_content\">\n    <div>\n      \n           \n    \n  \n      \n      \n    <div class=\"uc_post_title\"><a href=\"https:\/\/www.dp.lu\/miersch\/bilan-2017-2023\/\" target=\"_self\"><div>BILAN 2017-2023<\/div><\/a><\/div>\t\n    \n     \n     \n          <div class=\"ue-meta-data\">\n            <div class=\"ue-grid-item-meta-data\"><span class=\"ue-grid-item-meta-data-icon\"><i class='fas fa-calendar-week'><\/i><\/span>  07 May, 2023<\/div>            \n                        \n        \n\t\t\t\n\n\n\n\n\n\n\n\n\n\n\n\n            \n                        \n                        \n                        \n                        \n                        \n            \t\t\t\n              \n            \n          <\/div>\n     \n      \n      \n      \n     <div class=\"uc_post_text\">DP_Bilan-2017-2023_brochure_Web-170905-2Herunterladen<\/div>    <div class=\"uc_post_button\"><a class=\"uc_more_btn\" href=\"https:\/\/www.dp.lu\/miersch\/bilan-2017-2023\/\" target=\"_self\">weiderliesen...<\/a><\/div> \t<\/div>\n  <\/div>\n<\/div>\n<div class=\"ue-item \">\n  \n   <a class=\"ue-post-image-wrapper\" href=\"https:\/\/www.dp.lu\/miersch\/gemengewalen-rtl\/\" target=\"_self\">\n   <div class=\"uc_post_image\">\n   <img loading=\"lazy\" decoding=\"async\" src=\"https:\/\/www.dp.lu\/miersch\/wp-content\/uploads\/sites\/45\/2023\/03\/Titelbild-Miersch-Site-768x338.jpg\"  src=\"https:\/\/www.dp.lu\/miersch\/wp-content\/uploads\/sites\/45\/2023\/03\/Titelbild-Miersch-Site-768x338.jpg\" alt=\"Titelbild-Miersch-Site\" width=\"768\" height=\"338\">\n   <div class=\"uc_post_image_overlay\"><\/div>\n   <\/div>\n  <\/a>\n   \n <div class=\"uc_content\">\n    <div>\n      \n           \n    \n  \n      \n      \n    <div class=\"uc_post_title\"><a href=\"https:\/\/www.dp.lu\/miersch\/gemengewalen-rtl\/\" target=\"_self\"><div>Gemengewalen RTL<\/div><\/a><\/div>\t\n    \n     \n     \n          <div class=\"ue-meta-data\">\n            <div class=\"ue-grid-item-meta-data\"><span class=\"ue-grid-item-meta-data-icon\"><i class='fas fa-calendar-week'><\/i><\/span>  20 March, 2023<\/div>            \n                        \n        \n\t\t\t\n\n\n\n\n\n\n\n\n\n\n\n\n            \n                        \n                        \n                        \n                        \n                        \n            \t\t\t\n              \n            \n          <\/div>\n     \n      \n      \n      \n     <div class=\"uc_post_text\">De Buergermeeschter Michel Malherbe ass Sp\u00ebtzekandidat<\/div>    <div class=\"uc_post_button\"><a class=\"uc_more_btn\" href=\"https:\/\/www.dp.lu\/miersch\/gemengewalen-rtl\/\" target=\"_self\">weiderliesen...<\/a><\/div> \t<\/div>\n  <\/div>\n<\/div>\n<div class=\"ue-item \">\n  \n   <a class=\"ue-post-image-wrapper\" href=\"https:\/\/www.dp.lu\/miersch\/workshop-kandidaten-fir-dwalen-2023-walprogramm\/\" target=\"_self\">\n   <div class=\"uc_post_image\">\n   <img loading=\"lazy\" decoding=\"async\" src=\"https:\/\/www.dp.lu\/miersch\/wp-content\/uploads\/sites\/45\/2023\/03\/Kandidaten-Walen-2023-Mechel-768x341.jpg\"  src=\"https:\/\/www.dp.lu\/miersch\/wp-content\/uploads\/sites\/45\/2023\/03\/Kandidaten-Walen-2023-Mechel-768x341.jpg\" alt=\"Kandidaten Walen 2023 Mechel\" width=\"768\" height=\"341\">\n   <div class=\"uc_post_image_overlay\"><\/div>\n   <\/div>\n  <\/a>\n   \n <div class=\"uc_content\">\n    <div>\n      \n           \n    \n  \n      \n      \n    <div class=\"uc_post_title\"><a href=\"https:\/\/www.dp.lu\/miersch\/workshop-kandidaten-fir-dwalen-2023-walprogramm\/\" target=\"_self\"><div>Workshop #Kandidaten fir d'Walen 2023 # Walprogramm<\/div><\/a><\/div>\t\n    \n     \n     \n          <div class=\"ue-meta-data\">\n            <div class=\"ue-grid-item-meta-data\"><span class=\"ue-grid-item-meta-data-icon\"><i class='fas fa-calendar-week'><\/i><\/span>  17 March, 2023<\/div>            \n                        \n        \n\t\t\t\n\n\n\n\n\n\n\n\n\n\n\n\n            \n                        \n                        \n                        \n                        \n                        \n            \t\t\t\n              \n            \n          <\/div>\n     \n      \n      \n      \n     <div class=\"uc_post_text\"><\/div>    <div class=\"uc_post_button\"><a class=\"uc_more_btn\" href=\"https:\/\/www.dp.lu\/miersch\/workshop-kandidaten-fir-dwalen-2023-walprogramm\/\" target=\"_self\">weiderliesen...<\/a><\/div> \t<\/div>\n  <\/div>\n<\/div>\n<div class=\"ue-item \">\n  \n   <a class=\"ue-post-image-wrapper\" href=\"https:\/\/www.dp.lu\/miersch\/dp-gemengewalkongress-2023\/\" target=\"_self\">\n   <div class=\"uc_post_image\">\n   <img loading=\"lazy\" decoding=\"async\" src=\"https:\/\/www.dp.lu\/miersch\/wp-content\/uploads\/sites\/45\/2023\/03\/Walkongress-2023.jpg\"  src=\"https:\/\/www.dp.lu\/miersch\/wp-content\/uploads\/sites\/45\/2023\/03\/Walkongress-2023.jpg\" alt=\"Walkongress 2023\" width=\"450\" height=\"600\">\n   <div class=\"uc_post_image_overlay\"><\/div>\n   <\/div>\n  <\/a>\n   \n <div class=\"uc_content\">\n    <div>\n      \n           \n    \n  \n      \n      \n    <div class=\"uc_post_title\"><a href=\"https:\/\/www.dp.lu\/miersch\/dp-gemengewalkongress-2023\/\" target=\"_self\"><div>DP-Gemengewalkongress 2023<\/div><\/a><\/div>\t\n    \n     \n     \n          <div class=\"ue-meta-data\">\n            <div class=\"ue-grid-item-meta-data\"><span class=\"ue-grid-item-meta-data-icon\"><i class='fas fa-calendar-week'><\/i><\/span>  04 March, 2023<\/div>            \n                        \n        \n\t\t\t\n\n\n\n\n\n\n\n\n\n\n\n\n            \n                        \n                        \n                        \n                        \n                        \n            \t\t\t\n              \n            \n          <\/div>\n     \n      \n      \n      \n     <div class=\"uc_post_text\">Sektioun Miersch<\/div>    <div class=\"uc_post_button\"><a class=\"uc_more_btn\" href=\"https:\/\/www.dp.lu\/miersch\/dp-gemengewalkongress-2023\/\" target=\"_self\">weiderliesen...<\/a><\/div> \t<\/div>\n  <\/div>\n<\/div>\n<div class=\"ue-item \">\n  \n   <a class=\"ue-post-image-wrapper\" href=\"https:\/\/www.dp.lu\/miersch\/assermentation-du-nouveau-conseiller-communal-daniel-marques\/\" target=\"_self\">\n   <div class=\"uc_post_image\">\n   <img loading=\"lazy\" decoding=\"async\" src=\"https:\/\/www.dp.lu\/miersch\/wp-content\/uploads\/sites\/45\/2023\/03\/Daniel-Marques0007-768x1152.jpg\"  src=\"https:\/\/www.dp.lu\/miersch\/wp-content\/uploads\/sites\/45\/2023\/03\/Daniel-Marques0007-768x1152.jpg\" alt=\"Daniel Marques0007\" width=\"768\" height=\"1152\">\n   <div class=\"uc_post_image_overlay\"><\/div>\n   <\/div>\n  <\/a>\n   \n <div class=\"uc_content\">\n    <div>\n      \n           \n    \n  \n      \n      \n    <div class=\"uc_post_title\"><a href=\"https:\/\/www.dp.lu\/miersch\/assermentation-du-nouveau-conseiller-communal-daniel-marques\/\" target=\"_self\"><div>Assermentation du nouveau conseiller communal Daniel Marques<\/div><\/a><\/div>\t\n    \n     \n     \n          <div class=\"ue-meta-data\">\n            <div class=\"ue-grid-item-meta-data\"><span class=\"ue-grid-item-meta-data-icon\"><i class='fas fa-calendar-week'><\/i><\/span>  25 January, 2023<\/div>            \n                        \n        \n\t\t\t\n\n\n\n\n\n\n\n\n\n\n\n\n            \n                        \n                        \n                        \n                        \n                        \n            \t\t\t\n              \n            \n          <\/div>\n     \n      \n      \n      \n     <div class=\"uc_post_text\">MARQUES Daniel\n\n\n\n\n\n\n\n\n\n\n\n\n\n\n&#8220;Assermentation du nouveau conseiller communal Daniel Marques.&#8221;\n\n\nDann present\u00e9iere mer Iech dei Aktuell Member aus der DP am Conseil zu Miersch.\n\n\nUn der Sp\u00ebtzt den Michel Malherbe als Buergermeeschter\n\n\nden Kreier Heng als 1. Sch\u00e4ffen,\n\n\nd&#8217;Feller-Wilmes, de Vullers Willy an de Marques Daniel als Member vum Conseil.\n\n\nAlle 5 free\u00ebn sech d&#8217;Walen...<\/div>    <div class=\"uc_post_button\"><a class=\"uc_more_btn\" href=\"https:\/\/www.dp.lu\/miersch\/assermentation-du-nouveau-conseiller-communal-daniel-marques\/\" target=\"_self\">weiderliesen...<\/a><\/div> \t<\/div>\n  <\/div>\n<\/div>\n<div class=\"ue-item \">\n  \n   <a class=\"ue-post-image-wrapper\" href=\"https:\/\/www.dp.lu\/miersch\/newsletter-juli-2022\/\" target=\"_self\">\n   <div class=\"uc_post_image\">\n   <img loading=\"lazy\" decoding=\"async\" src=\"https:\/\/www.dp.lu\/miersch\/wp-content\/uploads\/sites\/45\/2022\/07\/DP-Fraktioun_012328-768x512.jpg\"  src=\"https:\/\/www.dp.lu\/miersch\/wp-content\/uploads\/sites\/45\/2022\/07\/DP-Fraktioun_012328-768x512.jpg\" alt=\"DP-Fraktioun_012328\" width=\"768\" height=\"512\">\n   <div class=\"uc_post_image_overlay\"><\/div>\n   <\/div>\n  <\/a>\n   \n <div class=\"uc_content\">\n    <div>\n      \n           \n    \n  \n      \n      \n    <div class=\"uc_post_title\"><a href=\"https:\/\/www.dp.lu\/miersch\/newsletter-juli-2022\/\" target=\"_self\"><div>Newsletter Juli 2022<\/div><\/a><\/div>\t\n    \n     \n     \n          <div class=\"ue-meta-data\">\n            <div class=\"ue-grid-item-meta-data\"><span class=\"ue-grid-item-meta-data-icon\"><i class='fas fa-calendar-week'><\/i><\/span>  16 July, 2022<\/div>            \n                        \n        \n\t\t\t\n\n\n\n\n\n\n\n\n\n\n\n\n            \n                        \n                        \n                        \n                        \n                        \n            \t\t\t\n              \n            \n          <\/div>\n     \n      \n      \n      \n     <div class=\"uc_post_text\">Wat mir bis elo \u00ebmgesat hunn a wat nach geplangt ass.<\/div>    <div class=\"uc_post_button\"><a class=\"uc_more_btn\" href=\"https:\/\/www.dp.lu\/miersch\/newsletter-juli-2022\/\" target=\"_self\">weiderliesen...<\/a><\/div> \t<\/div>\n  <\/div>\n<\/div>\n<div class=\"ue-item \">\n  \n   <a class=\"ue-post-image-wrapper\" href=\"https:\/\/www.dp.lu\/miersch\/halbzeit-bilanz-2017-2023\/\" target=\"_self\">\n   <div class=\"uc_post_image\">\n   <img loading=\"lazy\" decoding=\"async\" src=\"https:\/\/www.dp.lu\/miersch\/wp-content\/uploads\/sites\/45\/2023\/03\/Halbzeitbilanz-768x520.jpeg\"  src=\"https:\/\/www.dp.lu\/miersch\/wp-content\/uploads\/sites\/45\/2023\/03\/Halbzeitbilanz-768x520.jpeg\" alt=\"Halbzeitbilanz\" width=\"768\" height=\"520\">\n   <div class=\"uc_post_image_overlay\"><\/div>\n   <\/div>\n  <\/a>\n   \n <div class=\"uc_content\">\n    <div>\n      \n           \n    \n  \n      \n      \n    <div class=\"uc_post_title\"><a href=\"https:\/\/www.dp.lu\/miersch\/halbzeit-bilanz-2017-2023\/\" target=\"_self\"><div>Halbzeit-Bilanz 2017-2023<\/div><\/a><\/div>\t\n    \n     \n     \n          <div class=\"ue-meta-data\">\n            <div class=\"ue-grid-item-meta-data\"><span class=\"ue-grid-item-meta-data-icon\"><i class='fas fa-calendar-week'><\/i><\/span>  23 December, 2020<\/div>            \n                        \n        \n\t\t\t\n\n\n\n\n\n\n\n\n\n\n\n\n            \n                        \n                        \n                        \n                        \n                        \n            \t\t\t\n              \n            \n          <\/div>\n     \n      \n      \n      \n     <div class=\"uc_post_text\"><\/div>    <div class=\"uc_post_button\"><a class=\"uc_more_btn\" href=\"https:\/\/www.dp.lu\/miersch\/halbzeit-bilanz-2017-2023\/\" target=\"_self\">weiderliesen...<\/a><\/div> \t<\/div>\n  <\/div>\n<\/div>\n\n<\/div>\n\n\n\n  <div id=\"uc_post_grid_elementor_8a57d9a_empty_message\" class=\"ue-no-posts-found\"  style=\"display:none\" >No posts found<\/div>\n\n\n<!-- end Post Grid -->\t\t\t\t<\/div>\n\t\t\t\t<\/div>\n\t\t\t\t<div class=\"elementor-element elementor-element-e8a2c15 result-list elementor-hidden-desktop elementor-hidden-tablet elementor-widget elementor-widget-ucaddon_post_grid\" data-id=\"e8a2c15\" data-element_type=\"widget\" data-e-type=\"widget\" data-widget_type=\"ucaddon_post_grid.default\">\n\t\t\t\t<div class=\"elementor-widget-container\">\n\t\t\t\t\t\n<!-- start Post Grid -->\n\n<style>\/* widget: Post Grid *\/\n\n#uc_post_grid_elementor_e8a2c15.ue-post-grid {\n   display:grid;\n}\n\n\n\n#uc_post_grid_elementor_e8a2c15 .ue-item\n{\n  overflow:hidden;\n  position:relative;\n}\n\n#uc_post_grid_elementor_e8a2c15 .uc_post_image\n{\n  transition:0.3s;\n  position:relative;\n  overflow:hidden;\n}\n\n#uc_post_grid_elementor_e8a2c15 .uc_post_image img\n{\n  width:100%;\n  display:block;\n  transition:0.3s;\n}\n\n\n\t\n\n\n\n\n\n\n#uc_post_grid_elementor_e8a2c15 .uc_post_image_overlay\n{\n  position:absolute;\n  top:0px;\n  left:0px;\n  height:100%;\n  width:100%;\n  transition:0.3s;\n}\n\n#uc_post_grid_elementor_e8a2c15 .uc_more_btn{\n\n  display:inline-block;\n  text-align:center;\n  text-decoration:none;\n  transition:0.3s;\n}\n\n.ue-grid-item-category a\n{\n  display:inline-block;\n  font-size:10px;\n  \n}\n\n.uc_post_title\n{\n  font-size:21px;\n}\n\n\n#uc_post_grid_elementor_e8a2c15 .ue_post_grid_item\n{\n  display:flex;\n  flex-direction:column;\n}\n\n#uc_post_grid_elementor_e8a2c15.ue-post-grid .uc_content{\n flex-grow:1;\n}\n\n#uc_post_grid_elementor_e8a2c15.ue-post-grid .uc_content > div\n{\n  height:100%;\n  display:flex;\n  flex-direction:column;\n}\n\n#uc_post_grid_elementor_e8a2c15 .uc_post_button\n{\n  margin-top:auto;\n}\n\n\n\n\n\n\n\n\n\n\n\n\n\n\n\n\n\n\n\n\n\n#uc_post_grid_elementor_e8a2c15 .ue-meta-data\n{\n  \n  display:flex;\n\n  flex-wrap: wrap;\n  line-height:1em;\n}\n\n#uc_post_grid_elementor_e8a2c15 .ue-grid-item-meta-data\n{\n      display:inline-flex;\n      align-items:center;\n}\n\n.ue-grid-item-meta-data\n{\n  font-size:12px;\n}\n\n#uc_post_grid_elementor_e8a2c15 .ue-grid-item-meta-data-icon\n{\n  line-height:1em;\n}\n\n#uc_post_grid_elementor_e8a2c15 .ue-grid-item-meta-data-icon svg\n{\n  width:1em;\n  height:1em;\n}\n\n#uc_post_grid_elementor_e8a2c15 .ue-debug-meta\n{\n  padding:10px;\n  border:1px solid red;\n  position:relative;\n  line-height:1.5em;\n  font-size:11px;\n  width:100%;\n}\n\n.uc-remote-parent .ue-item{\n\tcursor:pointer;\n}\n\n<\/style>\n\n<div class=\"ue-post-grid uc-items-wrapper  \" id=\"uc_post_grid_elementor_e8a2c15\"  >\n\t\t\t<div class=\"ue-item \">\n  \n   <a class=\"ue-post-image-wrapper\" href=\"https:\/\/www.dp.lu\/miersch\/accord-de-principe-tescht-der-dp-an-der-csv\/\" target=\"_self\">\n   <div class=\"uc_post_image\">\n   <img decoding=\"async\" src=\"https:\/\/www.dp.lu\/miersch\/wp-content\/uploads\/sites\/45\/ac_assets\/uc_post_grid_style_one\/\/no-image.png\" >\n   <div class=\"uc_post_image_overlay\"><\/div>\n   <\/div>\n  <\/a>\n   \n <div class=\"uc_content\">\n    <div>\n      \n           \n    \n  \n      \n      \n    <div class=\"uc_post_title\"><a href=\"https:\/\/www.dp.lu\/miersch\/accord-de-principe-tescht-der-dp-an-der-csv\/\" target=\"_self\"><div>Accord de Principe t\u00ebscht der DP an der CSV.<\/div><\/a><\/div>\t\n    \n     \n     \n          <div class=\"ue-meta-data\">\n            <div class=\"ue-grid-item-meta-data\"><span class=\"ue-grid-item-meta-data-icon\"><i class='fas fa-calendar-week'><\/i><\/span>  16 June, 2023<\/div>            \n                        \n        \n\t\t\t\n\n\n\n\n\n\n\n\n\n\n\n\n            \n                        \n                        \n                        \n                        \n                        \n            \t\t\t\n              \n            \n          <\/div>\n     \n      \n      \n      \n     <div class=\"uc_post_text\">Communiqu\u00e9\n\n\nDP Miersch an CSV Miersch deele mat, dass si den Owend no fairen Verhandlungen en accord de principe fonnt hunn fir och d\u00e9i kommend 6 Joer zesummen d&#8217;Gesch\u00e9cker vun der Gemeng Miersch ze leeden.\n\n\nB\u00e9id Walprogrammer iwwerschneiden, respektiv erg\u00e4nze sech a ville Ber\u00e4icher, sou dass an de n\u00e4chsten Deeg, op Basis vun den Diskussiounen, de Koalitiounsaccord finalis\u00e9iert ka ginn.\n\n\nDe...<\/div>    <div class=\"uc_post_button\"><a class=\"uc_more_btn\" href=\"https:\/\/www.dp.lu\/miersch\/accord-de-principe-tescht-der-dp-an-der-csv\/\" target=\"_self\">weiderliesen...<\/a><\/div> \t<\/div>\n  <\/div>\n<\/div>\n<div class=\"ue-item \">\n  \n   <a class=\"ue-post-image-wrapper\" href=\"https:\/\/www.dp.lu\/miersch\/wahlprogramm-2023\/\" target=\"_self\">\n   <div class=\"uc_post_image\">\n   <img loading=\"lazy\" decoding=\"async\" src=\"https:\/\/www.dp.lu\/miersch\/wp-content\/uploads\/sites\/45\/2023\/05\/Wahlproramm-Tittelbild-1.jpg\"  src=\"https:\/\/www.dp.lu\/miersch\/wp-content\/uploads\/sites\/45\/2023\/05\/Wahlproramm-Tittelbild-1.jpg\" alt=\"Wahlproramm Tittelbild\" width=\"649\" height=\"454\">\n   <div class=\"uc_post_image_overlay\"><\/div>\n   <\/div>\n  <\/a>\n   \n <div class=\"uc_content\">\n    <div>\n      \n           \n    \n  \n      \n      \n    <div class=\"uc_post_title\"><a href=\"https:\/\/www.dp.lu\/miersch\/wahlprogramm-2023\/\" target=\"_self\"><div>WAHLPROGRAMM 2023<\/div><\/a><\/div>\t\n    \n     \n     \n          <div class=\"ue-meta-data\">\n            <div class=\"ue-grid-item-meta-data\"><span class=\"ue-grid-item-meta-data-icon\"><i class='fas fa-calendar-week'><\/i><\/span>  17 May, 2023<\/div>            \n                        \n        \n\t\t\t\n\n\n\n\n\n\n\n\n\n\n\n\n            \n                        \n                        \n                        \n                        \n                        \n            \t\t\t\n              \n            \n          <\/div>\n     \n      \n      \n      \n     <div class=\"uc_post_text\">DP_Wahlprogramm-2023_25_05-WebHerunterladen<\/div>    <div class=\"uc_post_button\"><a class=\"uc_more_btn\" href=\"https:\/\/www.dp.lu\/miersch\/wahlprogramm-2023\/\" target=\"_self\">weiderliesen...<\/a><\/div> \t<\/div>\n  <\/div>\n<\/div>\n<div class=\"ue-item \">\n  \n   <a class=\"ue-post-image-wrapper\" href=\"https:\/\/www.dp.lu\/miersch\/bilan-2017-2023\/\" target=\"_self\">\n   <div class=\"uc_post_image\">\n   <img loading=\"lazy\" decoding=\"async\" src=\"https:\/\/www.dp.lu\/miersch\/wp-content\/uploads\/sites\/45\/2023\/05\/BILAN-DP-2017-2023_2-1.png\"  src=\"https:\/\/www.dp.lu\/miersch\/wp-content\/uploads\/sites\/45\/2023\/05\/BILAN-DP-2017-2023_2-1.png\" alt=\"BILAN-DP-2017-2023_2-1\" width=\"639\" height=\"413\">\n   <div class=\"uc_post_image_overlay\"><\/div>\n   <\/div>\n  <\/a>\n   \n <div class=\"uc_content\">\n    <div>\n      \n           \n    \n  \n      \n      \n    <div class=\"uc_post_title\"><a href=\"https:\/\/www.dp.lu\/miersch\/bilan-2017-2023\/\" target=\"_self\"><div>BILAN 2017-2023<\/div><\/a><\/div>\t\n    \n     \n     \n          <div class=\"ue-meta-data\">\n            <div class=\"ue-grid-item-meta-data\"><span class=\"ue-grid-item-meta-data-icon\"><i class='fas fa-calendar-week'><\/i><\/span>  07 May, 2023<\/div>            \n                        \n        \n\t\t\t\n\n\n\n\n\n\n\n\n\n\n\n\n            \n                        \n                        \n                        \n                        \n                        \n            \t\t\t\n              \n            \n          <\/div>\n     \n      \n      \n      \n     <div class=\"uc_post_text\">DP_Bilan-2017-2023_brochure_Web-170905-2Herunterladen<\/div>    <div class=\"uc_post_button\"><a class=\"uc_more_btn\" href=\"https:\/\/www.dp.lu\/miersch\/bilan-2017-2023\/\" target=\"_self\">weiderliesen...<\/a><\/div> \t<\/div>\n  <\/div>\n<\/div>\n<div class=\"ue-item \">\n  \n   <a class=\"ue-post-image-wrapper\" href=\"https:\/\/www.dp.lu\/miersch\/gemengewalen-rtl\/\" target=\"_self\">\n   <div class=\"uc_post_image\">\n   <img loading=\"lazy\" decoding=\"async\" src=\"https:\/\/www.dp.lu\/miersch\/wp-content\/uploads\/sites\/45\/2023\/03\/Titelbild-Miersch-Site-768x338.jpg\"  src=\"https:\/\/www.dp.lu\/miersch\/wp-content\/uploads\/sites\/45\/2023\/03\/Titelbild-Miersch-Site-768x338.jpg\" alt=\"Titelbild-Miersch-Site\" width=\"768\" height=\"338\">\n   <div class=\"uc_post_image_overlay\"><\/div>\n   <\/div>\n  <\/a>\n   \n <div class=\"uc_content\">\n    <div>\n      \n           \n    \n  \n      \n      \n    <div class=\"uc_post_title\"><a href=\"https:\/\/www.dp.lu\/miersch\/gemengewalen-rtl\/\" target=\"_self\"><div>Gemengewalen RTL<\/div><\/a><\/div>\t\n    \n     \n     \n          <div class=\"ue-meta-data\">\n            <div class=\"ue-grid-item-meta-data\"><span class=\"ue-grid-item-meta-data-icon\"><i class='fas fa-calendar-week'><\/i><\/span>  20 March, 2023<\/div>            \n                        \n        \n\t\t\t\n\n\n\n\n\n\n\n\n\n\n\n\n            \n                        \n                        \n                        \n                        \n                        \n            \t\t\t\n              \n            \n          <\/div>\n     \n      \n      \n      \n     <div class=\"uc_post_text\">De Buergermeeschter Michel Malherbe ass Sp\u00ebtzekandidat<\/div>    <div class=\"uc_post_button\"><a class=\"uc_more_btn\" href=\"https:\/\/www.dp.lu\/miersch\/gemengewalen-rtl\/\" target=\"_self\">weiderliesen...<\/a><\/div> \t<\/div>\n  <\/div>\n<\/div>\n<div class=\"ue-item \">\n  \n   <a class=\"ue-post-image-wrapper\" href=\"https:\/\/www.dp.lu\/miersch\/workshop-kandidaten-fir-dwalen-2023-walprogramm\/\" target=\"_self\">\n   <div class=\"uc_post_image\">\n   <img loading=\"lazy\" decoding=\"async\" src=\"https:\/\/www.dp.lu\/miersch\/wp-content\/uploads\/sites\/45\/2023\/03\/Kandidaten-Walen-2023-Mechel-768x341.jpg\"  src=\"https:\/\/www.dp.lu\/miersch\/wp-content\/uploads\/sites\/45\/2023\/03\/Kandidaten-Walen-2023-Mechel-768x341.jpg\" alt=\"Kandidaten Walen 2023 Mechel\" width=\"768\" height=\"341\">\n   <div class=\"uc_post_image_overlay\"><\/div>\n   <\/div>\n  <\/a>\n   \n <div class=\"uc_content\">\n    <div>\n      \n           \n    \n  \n      \n      \n    <div class=\"uc_post_title\"><a href=\"https:\/\/www.dp.lu\/miersch\/workshop-kandidaten-fir-dwalen-2023-walprogramm\/\" target=\"_self\"><div>Workshop #Kandidaten fir d'Walen 2023 # Walprogramm<\/div><\/a><\/div>\t\n    \n     \n     \n          <div class=\"ue-meta-data\">\n            <div class=\"ue-grid-item-meta-data\"><span class=\"ue-grid-item-meta-data-icon\"><i class='fas fa-calendar-week'><\/i><\/span>  17 March, 2023<\/div>            \n                        \n        \n\t\t\t\n\n\n\n\n\n\n\n\n\n\n\n\n            \n                        \n                        \n                        \n                        \n                        \n            \t\t\t\n              \n            \n          <\/div>\n     \n      \n      \n      \n     <div class=\"uc_post_text\"><\/div>    <div class=\"uc_post_button\"><a class=\"uc_more_btn\" href=\"https:\/\/www.dp.lu\/miersch\/workshop-kandidaten-fir-dwalen-2023-walprogramm\/\" target=\"_self\">weiderliesen...<\/a><\/div> \t<\/div>\n  <\/div>\n<\/div>\n<div class=\"ue-item \">\n  \n   <a class=\"ue-post-image-wrapper\" href=\"https:\/\/www.dp.lu\/miersch\/dp-gemengewalkongress-2023\/\" target=\"_self\">\n   <div class=\"uc_post_image\">\n   <img loading=\"lazy\" decoding=\"async\" src=\"https:\/\/www.dp.lu\/miersch\/wp-content\/uploads\/sites\/45\/2023\/03\/Walkongress-2023.jpg\"  src=\"https:\/\/www.dp.lu\/miersch\/wp-content\/uploads\/sites\/45\/2023\/03\/Walkongress-2023.jpg\" alt=\"Walkongress 2023\" width=\"450\" height=\"600\">\n   <div class=\"uc_post_image_overlay\"><\/div>\n   <\/div>\n  <\/a>\n   \n <div class=\"uc_content\">\n    <div>\n      \n           \n    \n  \n      \n      \n    <div class=\"uc_post_title\"><a href=\"https:\/\/www.dp.lu\/miersch\/dp-gemengewalkongress-2023\/\" target=\"_self\"><div>DP-Gemengewalkongress 2023<\/div><\/a><\/div>\t\n    \n     \n     \n          <div class=\"ue-meta-data\">\n            <div class=\"ue-grid-item-meta-data\"><span class=\"ue-grid-item-meta-data-icon\"><i class='fas fa-calendar-week'><\/i><\/span>  04 March, 2023<\/div>            \n                        \n        \n\t\t\t\n\n\n\n\n\n\n\n\n\n\n\n\n            \n                        \n                        \n                        \n                        \n                        \n            \t\t\t\n              \n            \n          <\/div>\n     \n      \n      \n      \n     <div class=\"uc_post_text\">Sektioun Miersch<\/div>    <div class=\"uc_post_button\"><a class=\"uc_more_btn\" href=\"https:\/\/www.dp.lu\/miersch\/dp-gemengewalkongress-2023\/\" target=\"_self\">weiderliesen...<\/a><\/div> \t<\/div>\n  <\/div>\n<\/div>\n<div class=\"ue-item \">\n  \n   <a class=\"ue-post-image-wrapper\" href=\"https:\/\/www.dp.lu\/miersch\/assermentation-du-nouveau-conseiller-communal-daniel-marques\/\" target=\"_self\">\n   <div class=\"uc_post_image\">\n   <img loading=\"lazy\" decoding=\"async\" src=\"https:\/\/www.dp.lu\/miersch\/wp-content\/uploads\/sites\/45\/2023\/03\/Daniel-Marques0007-768x1152.jpg\"  src=\"https:\/\/www.dp.lu\/miersch\/wp-content\/uploads\/sites\/45\/2023\/03\/Daniel-Marques0007-768x1152.jpg\" alt=\"Daniel Marques0007\" width=\"768\" height=\"1152\">\n   <div class=\"uc_post_image_overlay\"><\/div>\n   <\/div>\n  <\/a>\n   \n <div class=\"uc_content\">\n    <div>\n      \n           \n    \n  \n      \n      \n    <div class=\"uc_post_title\"><a href=\"https:\/\/www.dp.lu\/miersch\/assermentation-du-nouveau-conseiller-communal-daniel-marques\/\" target=\"_self\"><div>Assermentation du nouveau conseiller communal Daniel Marques<\/div><\/a><\/div>\t\n    \n     \n     \n          <div class=\"ue-meta-data\">\n            <div class=\"ue-grid-item-meta-data\"><span class=\"ue-grid-item-meta-data-icon\"><i class='fas fa-calendar-week'><\/i><\/span>  25 January, 2023<\/div>            \n                        \n        \n\t\t\t\n\n\n\n\n\n\n\n\n\n\n\n\n            \n                        \n                        \n                        \n                        \n                        \n            \t\t\t\n              \n            \n          <\/div>\n     \n      \n      \n      \n     <div class=\"uc_post_text\">MARQUES Daniel\n\n\n\n\n\n\n\n\n\n\n\n\n\n\n&#8220;Assermentation du nouveau conseiller communal Daniel Marques.&#8221;\n\n\nDann present\u00e9iere mer Iech dei Aktuell Member aus der DP am Conseil zu Miersch.\n\n\nUn der Sp\u00ebtzt den Michel Malherbe als Buergermeeschter\n\n\nden Kreier Heng als 1. Sch\u00e4ffen,\n\n\nd&#8217;Feller-Wilmes, de Vullers Willy an de Marques Daniel als Member vum Conseil.\n\n\nAlle 5 free\u00ebn sech d&#8217;Walen...<\/div>    <div class=\"uc_post_button\"><a class=\"uc_more_btn\" href=\"https:\/\/www.dp.lu\/miersch\/assermentation-du-nouveau-conseiller-communal-daniel-marques\/\" target=\"_self\">weiderliesen...<\/a><\/div> \t<\/div>\n  <\/div>\n<\/div>\n<div class=\"ue-item \">\n  \n   <a class=\"ue-post-image-wrapper\" href=\"https:\/\/www.dp.lu\/miersch\/newsletter-juli-2022\/\" target=\"_self\">\n   <div class=\"uc_post_image\">\n   <img loading=\"lazy\" decoding=\"async\" src=\"https:\/\/www.dp.lu\/miersch\/wp-content\/uploads\/sites\/45\/2022\/07\/DP-Fraktioun_012328-768x512.jpg\"  src=\"https:\/\/www.dp.lu\/miersch\/wp-content\/uploads\/sites\/45\/2022\/07\/DP-Fraktioun_012328-768x512.jpg\" alt=\"DP-Fraktioun_012328\" width=\"768\" height=\"512\">\n   <div class=\"uc_post_image_overlay\"><\/div>\n   <\/div>\n  <\/a>\n   \n <div class=\"uc_content\">\n    <div>\n      \n           \n    \n  \n      \n      \n    <div class=\"uc_post_title\"><a href=\"https:\/\/www.dp.lu\/miersch\/newsletter-juli-2022\/\" target=\"_self\"><div>Newsletter Juli 2022<\/div><\/a><\/div>\t\n    \n     \n     \n          <div class=\"ue-meta-data\">\n            <div class=\"ue-grid-item-meta-data\"><span class=\"ue-grid-item-meta-data-icon\"><i class='fas fa-calendar-week'><\/i><\/span>  16 July, 2022<\/div>            \n                        \n        \n\t\t\t\n\n\n\n\n\n\n\n\n\n\n\n\n            \n                        \n                        \n                        \n                        \n                        \n            \t\t\t\n              \n            \n          <\/div>\n     \n      \n      \n      \n     <div class=\"uc_post_text\">Wat mir bis elo \u00ebmgesat hunn a wat nach geplangt ass.<\/div>    <div class=\"uc_post_button\"><a class=\"uc_more_btn\" href=\"https:\/\/www.dp.lu\/miersch\/newsletter-juli-2022\/\" target=\"_self\">weiderliesen...<\/a><\/div> \t<\/div>\n  <\/div>\n<\/div>\n<div class=\"ue-item \">\n  \n   <a class=\"ue-post-image-wrapper\" href=\"https:\/\/www.dp.lu\/miersch\/halbzeit-bilanz-2017-2023\/\" target=\"_self\">\n   <div class=\"uc_post_image\">\n   <img loading=\"lazy\" decoding=\"async\" src=\"https:\/\/www.dp.lu\/miersch\/wp-content\/uploads\/sites\/45\/2023\/03\/Halbzeitbilanz-768x520.jpeg\"  src=\"https:\/\/www.dp.lu\/miersch\/wp-content\/uploads\/sites\/45\/2023\/03\/Halbzeitbilanz-768x520.jpeg\" alt=\"Halbzeitbilanz\" width=\"768\" height=\"520\">\n   <div class=\"uc_post_image_overlay\"><\/div>\n   <\/div>\n  <\/a>\n   \n <div class=\"uc_content\">\n    <div>\n      \n           \n    \n  \n      \n      \n    <div class=\"uc_post_title\"><a href=\"https:\/\/www.dp.lu\/miersch\/halbzeit-bilanz-2017-2023\/\" target=\"_self\"><div>Halbzeit-Bilanz 2017-2023<\/div><\/a><\/div>\t\n    \n     \n     \n          <div class=\"ue-meta-data\">\n            <div class=\"ue-grid-item-meta-data\"><span class=\"ue-grid-item-meta-data-icon\"><i class='fas fa-calendar-week'><\/i><\/span>  23 December, 2020<\/div>            \n                        \n        \n\t\t\t\n\n\n\n\n\n\n\n\n\n\n\n\n            \n                        \n                        \n                        \n                        \n                        \n            \t\t\t\n              \n            \n          <\/div>\n     \n      \n      \n      \n     <div class=\"uc_post_text\"><\/div>    <div class=\"uc_post_button\"><a class=\"uc_more_btn\" href=\"https:\/\/www.dp.lu\/miersch\/halbzeit-bilanz-2017-2023\/\" target=\"_self\">weiderliesen...<\/a><\/div> \t<\/div>\n  <\/div>\n<\/div>\n\n<\/div>\n\n\n\n  <div id=\"uc_post_grid_elementor_e8a2c15_empty_message\" class=\"ue-no-posts-found\"  style=\"display:none\" >No posts found<\/div>\n\n\n<!-- end Post Grid -->\t\t\t\t<\/div>\n\t\t\t\t<\/div>\n\t\t\t\t\t<\/div>\n\t\t<\/div>\n\t\t\t\t\t<\/div>\n\t\t<\/section>\n\t\t\t\t<\/div>\n\t\t","protected":false},"excerpt":{"rendered":"<p>\/* widget: Post Grid *\/ #uc_post_grid_elementor_8a57d9a.ue-post-grid { display:grid; } #uc_post_grid_elementor_8a57d9a .ue-item { overflow:hidden; position:relative; } #uc_post_grid_elementor_8a57d9a .uc_post_image { transition:0.3s; position:relative; overflow:hidden; } #uc_post_grid_elementor_8a57d9a .uc_post_image img { width:100%; display:block; transition:0.3s; } #uc_post_grid_elementor_8a57d9a .uc_post_image_overlay { position:absolute; top:0px; left:0px; height:100%; width:100%; transition:0.3s; } #uc_post_grid_elementor_8a57d9a .uc_more_btn{ display:inline-block; text-align:center; text-decoration:none; transition:0.3s; } .ue-grid-item-category a { display:inline-block; font-size:10px; } .uc_post_title { [&hellip;]<\/p>\n","protected":false},"author":2,"featured_media":0,"parent":0,"menu_order":0,"comment_status":"closed","ping_status":"closed","template":"","meta":{"footnotes":""},"class_list":["post-224","page","type-page","status-publish","hentry","wpbf-post"],"_links":{"self":[{"href":"https:\/\/www.dp.lu\/miersch\/wp-json\/wp\/v2\/pages\/224","targetHints":{"allow":["GET"]}}],"collection":[{"href":"https:\/\/www.dp.lu\/miersch\/wp-json\/wp\/v2\/pages"}],"about":[{"href":"https:\/\/www.dp.lu\/miersch\/wp-json\/wp\/v2\/types\/page"}],"author":[{"embeddable":true,"href":"https:\/\/www.dp.lu\/miersch\/wp-json\/wp\/v2\/users\/2"}],"replies":[{"embeddable":true,"href":"https:\/\/www.dp.lu\/miersch\/wp-json\/wp\/v2\/comments?post=224"}],"version-history":[{"count":8,"href":"https:\/\/www.dp.lu\/miersch\/wp-json\/wp\/v2\/pages\/224\/revisions"}],"predecessor-version":[{"id":644,"href":"https:\/\/www.dp.lu\/miersch\/wp-json\/wp\/v2\/pages\/224\/revisions\/644"}],"wp:attachment":[{"href":"https:\/\/www.dp.lu\/miersch\/wp-json\/wp\/v2\/media?parent=224"}],"curies":[{"name":"wp","href":"https:\/\/api.w.org\/{rel}","templated":true}]}}