{"id":414,"date":"2023-03-16T08:18:10","date_gmt":"2023-03-16T08:18:10","guid":{"rendered":"https:\/\/www.dp.lu\/steesel\/?page_id=414"},"modified":"2024-06-04T15:05:18","modified_gmt":"2024-06-04T15:05:18","slug":"news","status":"publish","type":"page","link":"https:\/\/www.dp.lu\/steesel\/news\/","title":{"rendered":"News"},"content":{"rendered":"\t\t<div data-elementor-type=\"wp-page\" data-elementor-id=\"414\" class=\"elementor elementor-414\" data-elementor-post-type=\"page\">\n\t\t\t\t\t\t<section class=\"elementor-section elementor-top-section elementor-element elementor-element-62efcfe elementor-section-boxed elementor-section-height-default elementor-section-height-default\" data-id=\"62efcfe\" data-element_type=\"section\" data-e-type=\"section\">\n\t\t\t\t\t\t<div class=\"elementor-container elementor-column-gap-default\">\n\t\t\t\t\t\t<\/div>\n\t\t<\/section>\n\t\t\t\t<section class=\"elementor-section elementor-top-section elementor-element elementor-element-ff60a74 elementor-section-boxed elementor-section-height-default elementor-section-height-default\" data-id=\"ff60a74\" data-element_type=\"section\" data-e-type=\"section\">\n\t\t\t\t\t\t<div class=\"elementor-container elementor-column-gap-default\">\n\t\t\t\t\t<div class=\"elementor-column elementor-col-100 elementor-top-column elementor-element elementor-element-49a73b8\" data-id=\"49a73b8\" data-element_type=\"column\" data-e-type=\"column\">\n\t\t\t<div class=\"elementor-widget-wrap elementor-element-populated\">\n\t\t\t\t\t\t<div class=\"elementor-element elementor-element-5d6b508 result-list elementor-hidden-mobile elementor-widget elementor-widget-ucaddon_post_grid\" data-id=\"5d6b508\" data-element_type=\"widget\" data-e-type=\"widget\" data-widget_type=\"ucaddon_post_grid.default\">\n\t\t\t\t<div class=\"elementor-widget-container\">\n\t\t\t\t\t\n<!-- start Post Grid -->\n\t\t<link id='font-awesome-css' href='https:\/\/www.dp.lu\/steesel\/wp-content\/plugins\/unlimited-elements-for-elementor-premium\/assets_libraries\/font-awesome6\/fontawesome-all.min.css' type='text\/css' rel='stylesheet' >\n\t\t<link id='font-awesome-4-shim-css' href='https:\/\/www.dp.lu\/steesel\/wp-content\/plugins\/unlimited-elements-for-elementor-premium\/assets_libraries\/font-awesome6\/fontawesome-v4-shims.min.css' type='text\/css' rel='stylesheet' >\n\n<style>\/* widget: Post Grid *\/\n\n#uc_post_grid_elementor_5d6b508.ue-post-grid {\n   display:grid;\n}\n\n\n\n#uc_post_grid_elementor_5d6b508 .ue-item\n{\n  overflow:hidden;\n  position:relative;\n}\n\n#uc_post_grid_elementor_5d6b508 .uc_post_image\n{\n  transition:0.3s;\n  position:relative;\n  overflow:hidden;\n}\n\n#uc_post_grid_elementor_5d6b508 .uc_post_image img\n{\n  width:100%;\n  display:block;\n  transition:0.3s;\n}\n\n\n\t\n\n\n\n\n\n\n#uc_post_grid_elementor_5d6b508 .uc_post_image_overlay\n{\n  position:absolute;\n  top:0px;\n  left:0px;\n  height:100%;\n  width:100%;\n  transition:0.3s;\n}\n\n#uc_post_grid_elementor_5d6b508 .uc_more_btn{\n\n  display:inline-block;\n  text-align:center;\n  text-decoration:none;\n  transition:0.3s;\n}\n\n.ue-grid-item-category a\n{\n  display:inline-block;\n  font-size:10px;\n  \n}\n\n.uc_post_title\n{\n  font-size:21px;\n}\n\n\n\n\n\n\n\n\n\n\n\n\t#uc_post_grid_elementor_5d6b508 .ue-item\n    {\n      display:flex;\n    }\n\n\t#uc_post_grid_elementor_5d6b508 .uc_content\n    {\n      display:flex;\n      justify-content:center;\n      flex-direction:column;\n    }\n\n    #uc_post_grid_elementor_5d6b508 .uc_content \n    {\n\n      flex-shrink:0;\n      flex-grow:0;\n    }\n    #uc_post_grid_elementor_5d6b508 .ue-post-image-wrapper\n    {\n      flex-grow:1;\n    }\n\t\n\n\n\n\n\n\n\n\n\n\n#uc_post_grid_elementor_5d6b508 .ue-meta-data\n{\n  \n  display:flex;\n\n  flex-wrap: wrap;\n  line-height:1em;\n}\n\n#uc_post_grid_elementor_5d6b508 .ue-grid-item-meta-data\n{\n      display:inline-flex;\n      align-items:center;\n}\n\n.ue-grid-item-meta-data\n{\n  font-size:12px;\n}\n\n#uc_post_grid_elementor_5d6b508 .ue-grid-item-meta-data-icon\n{\n  line-height:1em;\n}\n\n#uc_post_grid_elementor_5d6b508 .ue-grid-item-meta-data-icon svg\n{\n  width:1em;\n  height:1em;\n}\n\n#uc_post_grid_elementor_5d6b508 .ue-debug-meta\n{\n  padding:10px;\n  border:1px solid red;\n  position:relative;\n  line-height:1.5em;\n  font-size:11px;\n  width:100%;\n}\n\n.uc-remote-parent .ue-item{\n\tcursor:pointer;\n}\n\n<\/style>\n\n<div class=\"ue-post-grid uc-items-wrapper  \" id=\"uc_post_grid_elementor_5d6b508\"  >\n\t\t\t<div class=\"ue-item \">\n  \n   <a class=\"ue-post-image-wrapper\" href=\"https:\/\/www.dp.lu\/steesel\/visitt-vum-rommeschterhaff\/\" target=\"_self\">\n   <div class=\"uc_post_image\">\n   <img loading=\"lazy\" decoding=\"async\" src=\"https:\/\/www.dp.lu\/steesel\/wp-content\/uploads\/sites\/24\/2025\/08\/Visite-Rommeschterhaff-1024x768.jpg\"  src=\"https:\/\/www.dp.lu\/steesel\/wp-content\/uploads\/sites\/24\/2025\/08\/Visite-Rommeschterhaff-1024x768.jpg\" alt=\"Visite Rommeschterhaff\" width=\"1024\" height=\"768\">\n   <div class=\"uc_post_image_overlay\"><\/div>\n   <\/div>\n  <\/a>\n   \n <div class=\"uc_content\">\n    <div>\n      \n           \n    \n  \n      \n      \n    <div class=\"uc_post_title\"><a href=\"https:\/\/www.dp.lu\/steesel\/visitt-vum-rommeschterhaff\/\" target=\"_self\"><div>Visitt vum Rommeschterhaff\u00a0<\/div><\/a><\/div>\t\n    \n     \n     \n          <div class=\"ue-meta-data\">\n            <div class=\"ue-grid-item-meta-data\"><span class=\"ue-grid-item-meta-data-icon\"><i class='fas fa-calendar-week'><\/i><\/span>  13 August, 2025<\/div>            \n                        \n        \n\t\t\t\n\n\n\n\n\n\n\n\n\n\n\n\n            \n                        \n                        \n                        \n                        \n                        \n            \t\t\t\n              \n            \n          <\/div>\n     \n      \n      \n      \n     <div class=\"uc_post_text\">Visitt vun der Biogasanlag an dem modernen H\u00e9ngerstall!Op Invitatioun vum Charel Canniv\u00e9, dem neie Steeseler Gemengeconseiller,huet de Comit\u00e9 vun der lokaler DP-Sektioun de Rommeschterhaff besicht.\u00a0\n\n\n\nVisite de la station de biom\u00e9thanisation et du poulailler d&#8217;\u00e9levage moderne.Sur invitation de Charles Canniv\u00e9, nouveau conseiller communal de Steinsel\n,le comit\u00e9 de la section locale du DP s&#8217;est...<\/div>    <div class=\"uc_post_button\"><a class=\"uc_more_btn\" href=\"https:\/\/www.dp.lu\/steesel\/visitt-vum-rommeschterhaff\/\" target=\"_self\">weiderliesen...<\/a><\/div> \t<\/div>\n  <\/div>\n<\/div>\n<div class=\"ue-item \">\n  \n   <a class=\"ue-post-image-wrapper\" href=\"https:\/\/www.dp.lu\/steesel\/vereedegung-vum-charel-cannive\/\" target=\"_self\">\n   <div class=\"uc_post_image\">\n   <img loading=\"lazy\" decoding=\"async\" src=\"https:\/\/www.dp.lu\/steesel\/wp-content\/uploads\/sites\/24\/2025\/07\/WhatsApp-Image-2025-07-04-at-15.56.59-1-1024x576.jpeg\"  src=\"https:\/\/www.dp.lu\/steesel\/wp-content\/uploads\/sites\/24\/2025\/07\/WhatsApp-Image-2025-07-04-at-15.56.59-1-1024x576.jpeg\" alt=\"WhatsApp Image 2025-07-04 at 15.56\" width=\"1024\" height=\"576\">\n   <div class=\"uc_post_image_overlay\"><\/div>\n   <\/div>\n  <\/a>\n   \n <div class=\"uc_content\">\n    <div>\n      \n           \n    \n  \n      \n      \n    <div class=\"uc_post_title\"><a href=\"https:\/\/www.dp.lu\/steesel\/vereedegung-vum-charel-cannive\/\" target=\"_self\"><div>Vereedegung vum Charel Canniv\u00e9<\/div><\/a><\/div>\t\n    \n     \n     \n          <div class=\"ue-meta-data\">\n            <div class=\"ue-grid-item-meta-data\"><span class=\"ue-grid-item-meta-data-icon\"><i class='fas fa-calendar-week'><\/i><\/span>  04 July, 2025<\/div>            \n                        \n        \n\t\t\t\n\n\n\n\n\n\n\n\n\n\n\n\n            \n                        \n                        \n                        \n                        \n                        \n            \t\t\t\n              \n            \n          <\/div>\n     \n      \n      \n      \n     <div class=\"uc_post_text\">No der Demissioun vum Jana Degrott gouf de Charel Canniv\u00e9 den 30. Juni 2025 als neie Member vum Gemengerot vereedegt.&nbsp;D&#8217;Vereedegungszeremonie gouf vum H\u00e4r Buergermeeschter Fernand Marchetti presid\u00e9iert.\nCharel, mir free\u00ebn eis immens, dech als&nbsp;neie&nbsp;Gemengeconseiller&nbsp;dierfe&nbsp;virzestellen. Mat dengem fr\u00ebsche Bl\u00e9ck, dengem Engagement an denger Bereetschaft, Verantwortung ze...<\/div>    <div class=\"uc_post_button\"><a class=\"uc_more_btn\" href=\"https:\/\/www.dp.lu\/steesel\/vereedegung-vum-charel-cannive\/\" target=\"_self\">weiderliesen...<\/a><\/div> \t<\/div>\n  <\/div>\n<\/div>\n<div class=\"ue-item \">\n  \n   <a class=\"ue-post-image-wrapper\" href=\"https:\/\/www.dp.lu\/steesel\/summerfest-2025-dp-steesel-melleref-heeschdref\/\" target=\"_self\">\n   <div class=\"uc_post_image\">\n   <img decoding=\"async\" src=\"https:\/\/www.dp.lu\/steesel\/wp-content\/uploads\/sites\/24\/ac_assets\/uc_post_grid_style_one\/\/no-image.png\" >\n   <div class=\"uc_post_image_overlay\"><\/div>\n   <\/div>\n  <\/a>\n   \n <div class=\"uc_content\">\n    <div>\n      \n           \n    \n  \n      \n      \n    <div class=\"uc_post_title\"><a href=\"https:\/\/www.dp.lu\/steesel\/summerfest-2025-dp-steesel-melleref-heeschdref\/\" target=\"_self\"><div>Summerfest 2025 - DP Steesel-M\u00eblleref-Heeschdref<\/div><\/a><\/div>\t\n    \n     \n     \n          <div class=\"ue-meta-data\">\n            <div class=\"ue-grid-item-meta-data\"><span class=\"ue-grid-item-meta-data-icon\"><i class='fas fa-calendar-week'><\/i><\/span>  06 June, 2025<\/div>            \n                        \n        \n\t\t\t\n\n\n\n\n\n\n\n\n\n\n\n\n            \n                        \n                        \n                        \n                        \n                        \n            \t\t\t\n              \n            \n          <\/div>\n     \n      \n      \n      \n     <div class=\"uc_post_text\">Download\n\n\nDP Summerfest, den 13. Juli 2025 am Centre de Loisirs Norbert Melcher zu Steesel.<\/div>    <div class=\"uc_post_button\"><a class=\"uc_more_btn\" href=\"https:\/\/www.dp.lu\/steesel\/summerfest-2025-dp-steesel-melleref-heeschdref\/\" target=\"_self\">weiderliesen...<\/a><\/div> \t<\/div>\n  <\/div>\n<\/div>\n<div class=\"ue-item \">\n  \n   <a class=\"ue-post-image-wrapper\" href=\"https:\/\/www.dp.lu\/steesel\/dmme-maisy-schwartz-even-ass-am-heijen-alter-vun-101-joer-verstuerwen\/\" target=\"_self\">\n   <div class=\"uc_post_image\">\n   <img loading=\"lazy\" decoding=\"async\" src=\"https:\/\/www.dp.lu\/steesel\/wp-content\/uploads\/sites\/24\/2025\/01\/IMG_4585-3-1024x683.jpg\"  src=\"https:\/\/www.dp.lu\/steesel\/wp-content\/uploads\/sites\/24\/2025\/01\/IMG_4585-3-1024x683.jpg\" alt=\"IMG_4585\" width=\"1024\" height=\"683\">\n   <div class=\"uc_post_image_overlay\"><\/div>\n   <\/div>\n  <\/a>\n   \n <div class=\"uc_content\">\n    <div>\n      \n           \n    \n  \n      \n      \n    <div class=\"uc_post_title\"><a href=\"https:\/\/www.dp.lu\/steesel\/dmme-maisy-schwartz-even-ass-am-heijen-alter-vun-101-joer-verstuerwen\/\" target=\"_self\"><div>D\u2018Mme Maisy Schwartz-Even ass am h\u00e9ijen Alter vun 101 Joer verstuerwen.<\/div><\/a><\/div>\t\n    \n     \n     \n          <div class=\"ue-meta-data\">\n            <div class=\"ue-grid-item-meta-data\"><span class=\"ue-grid-item-meta-data-icon\"><i class='fas fa-calendar-week'><\/i><\/span>  07 January, 2025<\/div>            \n                        \n        \n\t\t\t\n\n\n\n\n\n\n\n\n\n\n\n\n            \n                        \n                        \n                        \n                        \n                        \n            \t\t\t\n              \n            \n          <\/div>\n     \n      \n      \n      \n     <div class=\"uc_post_text\">De 6.&nbsp;Januar 2025 hu mir d\u00e9i traureg Noriicht kritt, dass d\u2019Mme Maisy Schwartz-Even eis am Alter vun 101 Joer verlooss huet. Bis virun 2 Joer, huet si nach eleng zu Heeschdref op der Haaptstrooss am fr\u00e9iere Caf\u00e9 Schwartz gewunnt, \u00e9ier si decid\u00e9iert huet d\u00e9i aner S\u00e4it vun der Strooss an d\u2019Altersheem wunnen ze goen.&nbsp;\n\n\nSi war eng gebuere Gesch\u00e4ftsfra a K\u00e4chin, fl\u00e4isseg, kompetent a schlagf\u00e4erdeg,...<\/div>    <div class=\"uc_post_button\"><a class=\"uc_more_btn\" href=\"https:\/\/www.dp.lu\/steesel\/dmme-maisy-schwartz-even-ass-am-heijen-alter-vun-101-joer-verstuerwen\/\" target=\"_self\">weiderliesen...<\/a><\/div> \t<\/div>\n  <\/div>\n<\/div>\n<div class=\"ue-item \">\n  \n   <a class=\"ue-post-image-wrapper\" href=\"https:\/\/www.dp.lu\/steesel\/neijoerschpatt-verre-de-nouvel-an\/\" target=\"_self\">\n   <div class=\"uc_post_image\">\n   <img loading=\"lazy\" decoding=\"async\" src=\"https:\/\/www.dp.lu\/steesel\/wp-content\/uploads\/sites\/24\/2024\/12\/Neijoerschpatt-2025.jpg\"  src=\"https:\/\/www.dp.lu\/steesel\/wp-content\/uploads\/sites\/24\/2024\/12\/Neijoerschpatt-2025.jpg\" alt=\"Neijoerschpatt 2025\" width=\"642\" height=\"912\">\n   <div class=\"uc_post_image_overlay\"><\/div>\n   <\/div>\n  <\/a>\n   \n <div class=\"uc_content\">\n    <div>\n      \n           \n    \n  \n      \n      \n    <div class=\"uc_post_title\"><a href=\"https:\/\/www.dp.lu\/steesel\/neijoerschpatt-verre-de-nouvel-an\/\" target=\"_self\"><div>Neijoerschpatt - Verre de Nouvel An<\/div><\/a><\/div>\t\n    \n     \n     \n          <div class=\"ue-meta-data\">\n            <div class=\"ue-grid-item-meta-data\"><span class=\"ue-grid-item-meta-data-icon\"><i class='fas fa-calendar-week'><\/i><\/span>  14 December, 2024<\/div>            \n                        \n        \n\t\t\t\n\n\n\n\n\n\n\n\n\n\n\n\n            \n                        \n                        \n                        \n                        \n                        \n            \t\t\t\n              \n            \n          <\/div>\n     \n      \n      \n      \n     <div class=\"uc_post_text\"><\/div>    <div class=\"uc_post_button\"><a class=\"uc_more_btn\" href=\"https:\/\/www.dp.lu\/steesel\/neijoerschpatt-verre-de-nouvel-an\/\" target=\"_self\">weiderliesen...<\/a><\/div> \t<\/div>\n  <\/div>\n<\/div>\n<div class=\"ue-item \">\n  \n   <a class=\"ue-post-image-wrapper\" href=\"https:\/\/www.dp.lu\/steesel\/dp-summerfest-7-juli-2024\/\" target=\"_self\">\n   <div class=\"uc_post_image\">\n   <img loading=\"lazy\" decoding=\"async\" src=\"https:\/\/www.dp.lu\/steesel\/wp-content\/uploads\/sites\/24\/2024\/06\/DPSteesel-Grillfest-2024-F_page-0001-712x1024.jpeg\"  src=\"https:\/\/www.dp.lu\/steesel\/wp-content\/uploads\/sites\/24\/2024\/06\/DPSteesel-Grillfest-2024-F_page-0001-712x1024.jpeg\" alt=\"DPSteesel-Grillfest-2024-F_page-0001\" width=\"712\" height=\"1024\">\n   <div class=\"uc_post_image_overlay\"><\/div>\n   <\/div>\n  <\/a>\n   \n <div class=\"uc_content\">\n    <div>\n      \n           \n    \n  \n      \n      \n    <div class=\"uc_post_title\"><a href=\"https:\/\/www.dp.lu\/steesel\/dp-summerfest-7-juli-2024\/\" target=\"_self\"><div>DP SUMMERFEST 7. JULI 2024<\/div><\/a><\/div>\t\n    \n     \n     \n          <div class=\"ue-meta-data\">\n            <div class=\"ue-grid-item-meta-data\"><span class=\"ue-grid-item-meta-data-icon\"><i class='fas fa-calendar-week'><\/i><\/span>  04 June, 2024<\/div>            \n                        \n        \n\t\t\t\n\n\n\n\n\n\n\n\n\n\n\n\n            \n                        \n                        \n                        \n                        \n                        \n            \t\t\t\n              \n            \n          <\/div>\n     \n      \n      \n      \n     <div class=\"uc_post_text\"><\/div>    <div class=\"uc_post_button\"><a class=\"uc_more_btn\" href=\"https:\/\/www.dp.lu\/steesel\/dp-summerfest-7-juli-2024\/\" target=\"_self\">weiderliesen...<\/a><\/div> \t<\/div>\n  <\/div>\n<\/div>\n<div class=\"ue-item \">\n  \n   <a class=\"ue-post-image-wrapper\" href=\"https:\/\/www.dp.lu\/steesel\/jana-degrott-fir-europa\/\" target=\"_self\">\n   <div class=\"uc_post_image\">\n   <img loading=\"lazy\" decoding=\"async\" src=\"https:\/\/www.dp.lu\/steesel\/wp-content\/uploads\/sites\/24\/2024\/03\/432280241_810603611098737_3917756125129816049_n.jpg\"  src=\"https:\/\/www.dp.lu\/steesel\/wp-content\/uploads\/sites\/24\/2024\/03\/432280241_810603611098737_3917756125129816049_n.jpg\" alt=\"Jana Degrott\" width=\"1080\" height=\"1080\">\n   <div class=\"uc_post_image_overlay\"><\/div>\n   <\/div>\n  <\/a>\n   \n <div class=\"uc_content\">\n    <div>\n      \n           \n    \n  \n      \n      \n    <div class=\"uc_post_title\"><a href=\"https:\/\/www.dp.lu\/steesel\/jana-degrott-fir-europa\/\" target=\"_self\"><div>Jana Degrott fir Europa!<\/div><\/a><\/div>\t\n    \n     \n     \n          <div class=\"ue-meta-data\">\n            <div class=\"ue-grid-item-meta-data\"><span class=\"ue-grid-item-meta-data-icon\"><i class='fas fa-calendar-week'><\/i><\/span>  24 March, 2024<\/div>            \n                        \n        \n\t\t\t\n\n\n\n\n\n\n\n\n\n\n\n\n            \n                        \n                        \n                        \n                        \n                        \n            \t\t\t\n              \n            \n          <\/div>\n     \n      \n      \n      \n     <div class=\"uc_post_text\">Mir si houfreg datt eis Gemengeconseill\u00e8re Jana Degrott sech den Europawale stellt am Juni! \n\nMir w\u00ebnschen der ganzer Ekipp Bonne Chance!<\/div>    <div class=\"uc_post_button\"><a class=\"uc_more_btn\" href=\"https:\/\/www.dp.lu\/steesel\/jana-degrott-fir-europa\/\" target=\"_self\">weiderliesen...<\/a><\/div> \t<\/div>\n  <\/div>\n<\/div>\n<div class=\"ue-item \">\n  \n   <a class=\"ue-post-image-wrapper\" href=\"https:\/\/www.dp.lu\/steesel\/comite-dp-steesel-melleref-heeschdref\/\" target=\"_self\">\n   <div class=\"uc_post_image\">\n   <img loading=\"lazy\" decoding=\"async\" src=\"https:\/\/www.dp.lu\/steesel\/wp-content\/uploads\/sites\/24\/2023\/04\/Steesel-Weissen-Jeff1.jpg\"  src=\"https:\/\/www.dp.lu\/steesel\/wp-content\/uploads\/sites\/24\/2023\/04\/Steesel-Weissen-Jeff1.jpg\" alt=\"Steesel - Weissen Jeff1\" width=\"500\" height=\"500\">\n   <div class=\"uc_post_image_overlay\"><\/div>\n   <\/div>\n  <\/a>\n   \n <div class=\"uc_content\">\n    <div>\n      \n           \n    \n  \n      \n      \n    <div class=\"uc_post_title\"><a href=\"https:\/\/www.dp.lu\/steesel\/comite-dp-steesel-melleref-heeschdref\/\" target=\"_self\"><div>Comit\u00e9 DP Steesel-M\u00eblleref-Heeschdref<\/div><\/a><\/div>\t\n    \n     \n     \n          <div class=\"ue-meta-data\">\n            <div class=\"ue-grid-item-meta-data\"><span class=\"ue-grid-item-meta-data-icon\"><i class='fas fa-calendar-week'><\/i><\/span>  24 March, 2024<\/div>            \n                        \n        \n\t\t\t\n\n\n\n\n\n\n\n\n\n\n\n\n            \n                        \n                        \n                        \n                        \n                        \n            \t\t\t\n              \n            \n          <\/div>\n     \n      \n      \n      \n     <div class=\"uc_post_text\">D'AG vum 8.3.2024 huet en neien Vize-President an President gewielt. <\/div>    <div class=\"uc_post_button\"><a class=\"uc_more_btn\" href=\"https:\/\/www.dp.lu\/steesel\/comite-dp-steesel-melleref-heeschdref\/\" target=\"_self\">weiderliesen...<\/a><\/div> \t<\/div>\n  <\/div>\n<\/div>\n<div class=\"ue-item \">\n  \n   <a class=\"ue-post-image-wrapper\" href=\"https:\/\/www.dp.lu\/steesel\/neijoerschpatt\/\" target=\"_self\">\n   <div class=\"uc_post_image\">\n   <img loading=\"lazy\" decoding=\"async\" src=\"https:\/\/www.dp.lu\/steesel\/wp-content\/uploads\/sites\/24\/2023\/12\/Photo-Neijoerschpatt.jpg\"  src=\"https:\/\/www.dp.lu\/steesel\/wp-content\/uploads\/sites\/24\/2023\/12\/Photo-Neijoerschpatt.jpg\" alt=\"Photo-Neijoerschpatt\" width=\"643\" height=\"909\">\n   <div class=\"uc_post_image_overlay\"><\/div>\n   <\/div>\n  <\/a>\n   \n <div class=\"uc_content\">\n    <div>\n      \n           \n    \n  \n      \n      \n    <div class=\"uc_post_title\"><a href=\"https:\/\/www.dp.lu\/steesel\/neijoerschpatt\/\" target=\"_self\"><div>Neijoerschpatt<\/div><\/a><\/div>\t\n    \n     \n     \n          <div class=\"ue-meta-data\">\n            <div class=\"ue-grid-item-meta-data\"><span class=\"ue-grid-item-meta-data-icon\"><i class='fas fa-calendar-week'><\/i><\/span>  09 December, 2023<\/div>            \n                        \n        \n\t\t\t\n\n\n\n\n\n\n\n\n\n\n\n\n            \n                        \n                        \n                        \n                        \n                        \n            \t\t\t\n              \n            \n          <\/div>\n     \n      \n      \n      \n     <div class=\"uc_post_text\">D\u2018Demokratesch Partei Steesel-M\u00eblleref-Heeschdref invit\u00e9iert Iech op den Neijoerschpatt.\n\n\n E Sonndeg, de 7. JANUAR 2024 um 11.00 Auer an d\u2018Galerie am Duerf op der Kierchplaz, Steesel<\/div>    <div class=\"uc_post_button\"><a class=\"uc_more_btn\" href=\"https:\/\/www.dp.lu\/steesel\/neijoerschpatt\/\" target=\"_self\">weiderliesen...<\/a><\/div> \t<\/div>\n  <\/div>\n<\/div>\n<div class=\"ue-item \">\n  \n   <a class=\"ue-post-image-wrapper\" href=\"https:\/\/www.dp.lu\/steesel\/wei-ass-zu-steesel-bei-de-chamberwale-den-8-oktober-2023-gewielt-ginn\/\" target=\"_self\">\n   <div class=\"uc_post_image\">\n   <img loading=\"lazy\" decoding=\"async\" src=\"https:\/\/www.dp.lu\/steesel\/wp-content\/uploads\/sites\/24\/2023\/10\/Chamberwalen-Grafik-1024x564.png\"  src=\"https:\/\/www.dp.lu\/steesel\/wp-content\/uploads\/sites\/24\/2023\/10\/Chamberwalen-Grafik-1024x564.png\" alt=\"Chamberwalen-Grafik\" width=\"1024\" height=\"564\">\n   <div class=\"uc_post_image_overlay\"><\/div>\n   <\/div>\n  <\/a>\n   \n <div class=\"uc_content\">\n    <div>\n      \n           \n    \n  \n      \n      \n    <div class=\"uc_post_title\"><a href=\"https:\/\/www.dp.lu\/steesel\/wei-ass-zu-steesel-bei-de-chamberwale-den-8-oktober-2023-gewielt-ginn\/\" target=\"_self\"><div>W\u00e9i ass zu Steesel bei de Chamberwale den 8. Oktober 2023 gewielt ginn?<\/div><\/a><\/div>\t\n    \n     \n     \n          <div class=\"ue-meta-data\">\n            <div class=\"ue-grid-item-meta-data\"><span class=\"ue-grid-item-meta-data-icon\"><i class='fas fa-calendar-week'><\/i><\/span>  13 October, 2023<\/div>            \n                        \n        \n\t\t\t\n\n\n\n\n\n\n\n\n\n\n\n\n            \n                        \n                        \n                        \n                        \n                        \n            \t\t\t\n              \n            \n          <\/div>\n     \n      \n      \n      \n     <div class=\"uc_post_text\">Eis Vetriederin vu Steesel d&#8217;Jana Degrott huet op der DP-L\u00ebscht an eiser Gemeng d\u00e9i v\u00e9iertmeeschte St\u00ebmme kritt. D&#8217;Demokratesch Partei krut 24,71%, e Plus vun 3,26% par Rapport zu 2018. Vun de 4 Steeseler Kandidaten op deene verschiddene L\u00ebschten krut d&#8217;Jana d\u00e9i meeschte St\u00ebmmen. Bravo.<\/div>    <div class=\"uc_post_button\"><a class=\"uc_more_btn\" href=\"https:\/\/www.dp.lu\/steesel\/wei-ass-zu-steesel-bei-de-chamberwale-den-8-oktober-2023-gewielt-ginn\/\" target=\"_self\">weiderliesen...<\/a><\/div> \t<\/div>\n  <\/div>\n<\/div>\n<div class=\"ue-item \">\n  \n   <a class=\"ue-post-image-wrapper\" href=\"https:\/\/www.dp.lu\/steesel\/propositions-commissions-communales\/\" target=\"_self\">\n   <div class=\"uc_post_image\">\n   <img decoding=\"async\" src=\"https:\/\/www.dp.lu\/steesel\/wp-content\/uploads\/sites\/24\/ac_assets\/uc_post_grid_style_one\/\/no-image.png\" >\n   <div class=\"uc_post_image_overlay\"><\/div>\n   <\/div>\n  <\/a>\n   \n <div class=\"uc_content\">\n    <div>\n      \n           \n    \n  \n      \n      \n    <div class=\"uc_post_title\"><a href=\"https:\/\/www.dp.lu\/steesel\/propositions-commissions-communales\/\" target=\"_self\"><div>Propositions commissions communales<\/div><\/a><\/div>\t\n    \n     \n     \n          <div class=\"ue-meta-data\">\n            <div class=\"ue-grid-item-meta-data\"><span class=\"ue-grid-item-meta-data-icon\"><i class='fas fa-calendar-week'><\/i><\/span>  13 October, 2023<\/div>            \n                        \n        \n\t\t\t\n\n\n\n\n\n\n\n\n\n\n\n\n            \n                        \n                        \n                        \n                        \n                        \n            \t\t\t\n              \n            \n          <\/div>\n     \n      \n      \n      \n     <div class=\"uc_post_text\">Commission sociale, de la famille et du 3e \u00c2ge\nJosette Rausch-Lahure, Vice-Pr\u00e9sidente\nAtta Risch-Pazzaglia\nTh\u00e9o Brodala\nPaul Schintgen\n\n\nCommission jeunesse\nCharel Canniv\u00e9, Vice-Pr\u00e9sident\nJana Degrott\u00a0\nJosettte Rausch-Lahure\nJeff Weissen\n\n\nCommission du d\u00e9v. durable et environnement\nGeorges Bourscheid, Pr\u00e9sident\nWeissen Jeff\nCharel Canniv\u00e9\nRomain Wildanger\n\n\nCommission culturelle\nKarin Lenertz, Vice-Pr\u00e9sidente\nEug\u00e8ne...<\/div>    <div class=\"uc_post_button\"><a class=\"uc_more_btn\" href=\"https:\/\/www.dp.lu\/steesel\/propositions-commissions-communales\/\" target=\"_self\">weiderliesen...<\/a><\/div> \t<\/div>\n  <\/div>\n<\/div>\n<div class=\"ue-item \">\n  \n   <a class=\"ue-post-image-wrapper\" href=\"https:\/\/www.dp.lu\/steesel\/summerfest\/\" target=\"_self\">\n   <div class=\"uc_post_image\">\n   <img loading=\"lazy\" decoding=\"async\" src=\"https:\/\/www.dp.lu\/steesel\/wp-content\/uploads\/sites\/24\/2023\/06\/image-1.png\"  src=\"https:\/\/www.dp.lu\/steesel\/wp-content\/uploads\/sites\/24\/2023\/06\/image-1.png\" alt=\"image-1\" width=\"563\" height=\"766\">\n   <div class=\"uc_post_image_overlay\"><\/div>\n   <\/div>\n  <\/a>\n   \n <div class=\"uc_content\">\n    <div>\n      \n           \n    \n  \n      \n      \n    <div class=\"uc_post_title\"><a href=\"https:\/\/www.dp.lu\/steesel\/summerfest\/\" target=\"_self\"><div>Summerfest<\/div><\/a><\/div>\t\n    \n     \n     \n          <div class=\"ue-meta-data\">\n            <div class=\"ue-grid-item-meta-data\"><span class=\"ue-grid-item-meta-data-icon\"><i class='fas fa-calendar-week'><\/i><\/span>  15 June, 2023<\/div>            \n                        \n        \n\t\t\t\n\n\n\n\n\n\n\n\n\n\n\n\n            \n                        \n                        \n                        \n                        \n                        \n            \t\t\t\n              \n            \n          <\/div>\n     \n      \n      \n      \n     <div class=\"uc_post_text\"><\/div>    <div class=\"uc_post_button\"><a class=\"uc_more_btn\" href=\"https:\/\/www.dp.lu\/steesel\/summerfest\/\" target=\"_self\">weiderliesen...<\/a><\/div> \t<\/div>\n  <\/div>\n<\/div>\n<div class=\"ue-item \">\n  \n   <a class=\"ue-post-image-wrapper\" href=\"https:\/\/www.dp.lu\/steesel\/gemeindewahlen-2023-in-steinsel\/\" target=\"_self\">\n   <div class=\"uc_post_image\">\n   <img loading=\"lazy\" decoding=\"async\" src=\"https:\/\/www.dp.lu\/steesel\/wp-content\/uploads\/sites\/24\/2023\/06\/image.png\"  src=\"https:\/\/www.dp.lu\/steesel\/wp-content\/uploads\/sites\/24\/2023\/06\/image.png\" alt=\"image\" width=\"931\" height=\"466\">\n   <div class=\"uc_post_image_overlay\"><\/div>\n   <\/div>\n  <\/a>\n   \n <div class=\"uc_content\">\n    <div>\n      \n           \n    \n  \n      \n      \n    <div class=\"uc_post_title\"><a href=\"https:\/\/www.dp.lu\/steesel\/gemeindewahlen-2023-in-steinsel\/\" target=\"_self\"><div>Gemeindewahlen 2023 in Steinsel<\/div><\/a><\/div>\t\n    \n     \n     \n          <div class=\"ue-meta-data\">\n            <div class=\"ue-grid-item-meta-data\"><span class=\"ue-grid-item-meta-data-icon\"><i class='fas fa-calendar-week'><\/i><\/span>  15 June, 2023<\/div>            \n                        \n        \n\t\t\t\n\n\n\n\n\n\n\n\n\n\n\n\n            \n                        \n                        \n                        \n                        \n                        \n            \t\t\t\n              \n            \n          <\/div>\n     \n      \n      \n      \n     <div class=\"uc_post_text\">Die DP konnte ihr Wahlresultat um ein halbes Prozent verbessern und ihren vierten Sitz festigen. Dies ist umso erfreulicher da D\u00e9i Gr\u00e9ng sich erneut zur Wahl stellten, nach ihrem Ausbleiben vor 6 Jahren. Die CSV, die mit einer erneuerten Mannschaft antrat, ohne die 3 Erstgew\u00e4hlten von 2017, musste einem Verlust von 4,54 % hinnehmen und fiel auf einem Sitz zur\u00fcck. Behaupten als st\u00e4rkste Partei konnte...<\/div>    <div class=\"uc_post_button\"><a class=\"uc_more_btn\" href=\"https:\/\/www.dp.lu\/steesel\/gemeindewahlen-2023-in-steinsel\/\" target=\"_self\">weiderliesen...<\/a><\/div> \t<\/div>\n  <\/div>\n<\/div>\n<div class=\"ue-item \">\n  \n   <a class=\"ue-post-image-wrapper\" href=\"https:\/\/www.dp.lu\/steesel\/kuerzprogramm-deel-2\/\" target=\"_self\">\n   <div class=\"uc_post_image\">\n   <img loading=\"lazy\" decoding=\"async\" src=\"https:\/\/www.dp.lu\/steesel\/wp-content\/uploads\/sites\/24\/2024\/03\/Heisdorf-maison-de-retraite-1024x576.jpg\"  src=\"https:\/\/www.dp.lu\/steesel\/wp-content\/uploads\/sites\/24\/2024\/03\/Heisdorf-maison-de-retraite-1024x576.jpg\" alt=\"Heisdorf maison de retraite\" width=\"1024\" height=\"576\">\n   <div class=\"uc_post_image_overlay\"><\/div>\n   <\/div>\n  <\/a>\n   \n <div class=\"uc_content\">\n    <div>\n      \n           \n    \n  \n      \n      \n    <div class=\"uc_post_title\"><a href=\"https:\/\/www.dp.lu\/steesel\/kuerzprogramm-deel-2\/\" target=\"_self\"><div>Kuerzprogramm Deel 2<\/div><\/a><\/div>\t\n    \n     \n     \n          <div class=\"ue-meta-data\">\n            <div class=\"ue-grid-item-meta-data\"><span class=\"ue-grid-item-meta-data-icon\"><i class='fas fa-calendar-week'><\/i><\/span>  26 May, 2023<\/div>            \n                        \n        \n\t\t\t\n\n\n\n\n\n\n\n\n\n\n\n\n            \n                        \n                        \n                        \n                        \n                        \n            \t\t\t\n              \n            \n          <\/div>\n     \n      \n      \n      \n     <div class=\"uc_post_text\">steesel_Walprogramm_Deel2Download<\/div>    <div class=\"uc_post_button\"><a class=\"uc_more_btn\" href=\"https:\/\/www.dp.lu\/steesel\/kuerzprogramm-deel-2\/\" target=\"_self\">weiderliesen...<\/a><\/div> \t<\/div>\n  <\/div>\n<\/div>\n<div class=\"ue-item \">\n  \n   <a class=\"ue-post-image-wrapper\" href=\"https:\/\/www.dp.lu\/steesel\/kuerzprogramm-deel-1\/\" target=\"_self\">\n   <div class=\"uc_post_image\">\n   <img loading=\"lazy\" decoding=\"async\" src=\"https:\/\/www.dp.lu\/steesel\/wp-content\/uploads\/sites\/24\/2024\/03\/projet-centre-de-Steinsel-1024x683.jpg\"  src=\"https:\/\/www.dp.lu\/steesel\/wp-content\/uploads\/sites\/24\/2024\/03\/projet-centre-de-Steinsel-1024x683.jpg\" alt=\"projet centre de Steinsel\" width=\"1024\" height=\"683\">\n   <div class=\"uc_post_image_overlay\"><\/div>\n   <\/div>\n  <\/a>\n   \n <div class=\"uc_content\">\n    <div>\n      \n           \n    \n  \n      \n      \n    <div class=\"uc_post_title\"><a href=\"https:\/\/www.dp.lu\/steesel\/kuerzprogramm-deel-1\/\" target=\"_self\"><div>Kuerzprogramm Deel 1<\/div><\/a><\/div>\t\n    \n     \n     \n          <div class=\"ue-meta-data\">\n            <div class=\"ue-grid-item-meta-data\"><span class=\"ue-grid-item-meta-data-icon\"><i class='fas fa-calendar-week'><\/i><\/span>  26 May, 2023<\/div>            \n                        \n        \n\t\t\t\n\n\n\n\n\n\n\n\n\n\n\n\n            \n                        \n                        \n                        \n                        \n                        \n            \t\t\t\n              \n            \n          <\/div>\n     \n      \n      \n      \n     <div class=\"uc_post_text\">Projet vum &#8220;neien&#8221; Steeseler Zentrum\n\n\n\n\n\n\n\nsteesel_Walprogramm_Deel1Download<\/div>    <div class=\"uc_post_button\"><a class=\"uc_more_btn\" href=\"https:\/\/www.dp.lu\/steesel\/kuerzprogramm-deel-1\/\" target=\"_self\">weiderliesen...<\/a><\/div> \t<\/div>\n  <\/div>\n<\/div>\n<div class=\"ue-item \">\n  \n   <a class=\"ue-post-image-wrapper\" href=\"https:\/\/www.dp.lu\/steesel\/no-bei-dir-favoriser-le-vivre-ensemble-au-sein-de-la-commune\/\" target=\"_self\">\n   <div class=\"uc_post_image\">\n   <img decoding=\"async\" src=\"https:\/\/www.dp.lu\/steesel\/wp-content\/uploads\/sites\/24\/ac_assets\/uc_post_grid_style_one\/\/no-image.png\" >\n   <div class=\"uc_post_image_overlay\"><\/div>\n   <\/div>\n  <\/a>\n   \n <div class=\"uc_content\">\n    <div>\n      \n           \n    \n  \n      \n      \n    <div class=\"uc_post_title\"><a href=\"https:\/\/www.dp.lu\/steesel\/no-bei-dir-favoriser-le-vivre-ensemble-au-sein-de-la-commune\/\" target=\"_self\"><div>\u201eNo bei dir\u201c - Favoriser le vivre-ensemble au sein de la commune.<\/div><\/a><\/div>\t\n    \n     \n     \n          <div class=\"ue-meta-data\">\n            <div class=\"ue-grid-item-meta-data\"><span class=\"ue-grid-item-meta-data-icon\"><i class='fas fa-calendar-week'><\/i><\/span>  24 May, 2023<\/div>            \n                        \n        \n\t\t\t\n\n\n\n\n\n\n\n\n\n\n\n\n            \n                        \n                        \n                        \n                        \n                        \n            \t\t\t\n              \n            \n          <\/div>\n     \n      \n      \n      \n     <div class=\"uc_post_text\">Remarque pour tous les textes suivants du programme DP&nbsp;:\n\n\nLes id\u00e9es ci-dessous sont toutes applicables pour les personnes handicap\u00e9es ou \u00e0 mobilit\u00e9 r\u00e9duite.\n\n\nFAMILLE\n\n\n\u00catre parent n\u2019est pas toujours facile, c\u2019est un m\u00e9tier que nous n\u2019avons pas appris. Pour soutenir les parents int\u00e9ress\u00e9s, le DP va mettre en place les offres suivantes dans la commune&nbsp;:\n\n\nEcole pour les parents.\n\n\nA l\u2019\u00e9cole...<\/div>    <div class=\"uc_post_button\"><a class=\"uc_more_btn\" href=\"https:\/\/www.dp.lu\/steesel\/no-bei-dir-favoriser-le-vivre-ensemble-au-sein-de-la-commune\/\" target=\"_self\">weiderliesen...<\/a><\/div> \t<\/div>\n  <\/div>\n<\/div>\n<div class=\"ue-item \">\n  \n   <a class=\"ue-post-image-wrapper\" href=\"https:\/\/www.dp.lu\/steesel\/no-bei-dir-strengthening-community-life-in-the-municipality\/\" target=\"_self\">\n   <div class=\"uc_post_image\">\n   <img decoding=\"async\" src=\"https:\/\/www.dp.lu\/steesel\/wp-content\/uploads\/sites\/24\/ac_assets\/uc_post_grid_style_one\/\/no-image.png\" >\n   <div class=\"uc_post_image_overlay\"><\/div>\n   <\/div>\n  <\/a>\n   \n <div class=\"uc_content\">\n    <div>\n      \n           \n    \n  \n      \n      \n    <div class=\"uc_post_title\"><a href=\"https:\/\/www.dp.lu\/steesel\/no-bei-dir-strengthening-community-life-in-the-municipality\/\" target=\"_self\"><div>\u201eNo bei dir\u201c - Strengthening community life in the municipality.<\/div><\/a><\/div>\t\n    \n     \n     \n          <div class=\"ue-meta-data\">\n            <div class=\"ue-grid-item-meta-data\"><span class=\"ue-grid-item-meta-data-icon\"><i class='fas fa-calendar-week'><\/i><\/span>  24 May, 2023<\/div>            \n                        \n        \n\t\t\t\n\n\n\n\n\n\n\n\n\n\n\n\n            \n                        \n                        \n                        \n                        \n                        \n            \t\t\t\n              \n            \n          <\/div>\n     \n      \n      \n      \n     <div class=\"uc_post_text\">Note for all following texts of the DP program:\n\n\nThe following ideas are all possible for people with disabilities or limited movement.\n\n\nFAMILIES\n\n\nBeing a parent is not always easy, it is a job we did not learn. In order to support interested parents, the DP will set up the following services here in the community:\n\n\n&#8220;Parents&#8217; School&#8221;.\n\n\nIn the parenting school, mothers and fathers...<\/div>    <div class=\"uc_post_button\"><a class=\"uc_more_btn\" href=\"https:\/\/www.dp.lu\/steesel\/no-bei-dir-strengthening-community-life-in-the-municipality\/\" target=\"_self\">weiderliesen...<\/a><\/div> \t<\/div>\n  <\/div>\n<\/div>\n<div class=\"ue-item \">\n  \n   <a class=\"ue-post-image-wrapper\" href=\"https:\/\/www.dp.lu\/steesel\/no-bei-dir-das-zusammenleben-in-der-gemeinde-starken\/\" target=\"_self\">\n   <div class=\"uc_post_image\">\n   <img decoding=\"async\" src=\"https:\/\/www.dp.lu\/steesel\/wp-content\/uploads\/sites\/24\/ac_assets\/uc_post_grid_style_one\/\/no-image.png\" >\n   <div class=\"uc_post_image_overlay\"><\/div>\n   <\/div>\n  <\/a>\n   \n <div class=\"uc_content\">\n    <div>\n      \n           \n    \n  \n      \n      \n    <div class=\"uc_post_title\"><a href=\"https:\/\/www.dp.lu\/steesel\/no-bei-dir-das-zusammenleben-in-der-gemeinde-starken\/\" target=\"_self\"><div>\u201eNo bei dir\u201c - Das Zusammenleben in der Gemeinde st\u00e4rken.<\/div><\/a><\/div>\t\n    \n     \n     \n          <div class=\"ue-meta-data\">\n            <div class=\"ue-grid-item-meta-data\"><span class=\"ue-grid-item-meta-data-icon\"><i class='fas fa-calendar-week'><\/i><\/span>  22 May, 2023<\/div>            \n                        \n        \n\t\t\t\n\n\n\n\n\n\n\n\n\n\n\n\n            \n                        \n                        \n                        \n                        \n                        \n            \t\t\t\n              \n            \n          <\/div>\n     \n      \n      \n      \n     <div class=\"uc_post_text\">Anmerkung f\u00fcr alle folgenden Texte des DP-Programms:\n\n\nDie nachfolgenden Ideen sind alle auch f\u00fcr Menschen mit Behinderung oder eingeschr\u00e4nkter Bewegung m\u00f6glich.\n\n\nFAMILIE\n\n\nEltern sein ist nicht immer einfach, sondern ein Beruf, den wir nicht erlernt haben. Um die interessierten Eltern zu unterst\u00fctzen, wird die DP folgende Angebote hier in der Gemeinde aufbauen:\n\n\n\u201eEltereschoul\u201c.\n\n\nIn der Elternschule...<\/div>    <div class=\"uc_post_button\"><a class=\"uc_more_btn\" href=\"https:\/\/www.dp.lu\/steesel\/no-bei-dir-das-zusammenleben-in-der-gemeinde-starken\/\" target=\"_self\">weiderliesen...<\/a><\/div> \t<\/div>\n  <\/div>\n<\/div>\n<div class=\"ue-item \">\n  \n   <a class=\"ue-post-image-wrapper\" href=\"https:\/\/www.dp.lu\/steesel\/50-joer-dp-steesel\/\" target=\"_self\">\n   <div class=\"uc_post_image\">\n   <img loading=\"lazy\" decoding=\"async\" src=\"https:\/\/www.dp.lu\/steesel\/wp-content\/uploads\/sites\/24\/2023\/05\/3J4A9043.jpg\"  src=\"https:\/\/www.dp.lu\/steesel\/wp-content\/uploads\/sites\/24\/2023\/05\/3J4A9043.jpg\" alt=\"3J4A9043\" width=\"1024\" height=\"683\">\n   <div class=\"uc_post_image_overlay\"><\/div>\n   <\/div>\n  <\/a>\n   \n <div class=\"uc_content\">\n    <div>\n      \n           \n    \n  \n      \n      \n    <div class=\"uc_post_title\"><a href=\"https:\/\/www.dp.lu\/steesel\/50-joer-dp-steesel\/\" target=\"_self\"><div>50 Joer DP Steesel &amp; 12 Joer JDL Steesel<\/div><\/a><\/div>\t\n    \n     \n     \n          <div class=\"ue-meta-data\">\n            <div class=\"ue-grid-item-meta-data\"><span class=\"ue-grid-item-meta-data-icon\"><i class='fas fa-calendar-week'><\/i><\/span>  01 May, 2023<\/div>            \n                        \n        \n\t\t\t\n\n\n\n\n\n\n\n\n\n\n\n\n            \n                        \n                        \n                        \n                        \n                        \n            \t\t\t\n              \n            \n          <\/div>\n     \n      \n      \n      \n     <div class=\"uc_post_text\">D\u00e9i \u00e9ischt Andr\u00e9ck vun engem flotten Owend.<\/div>    <div class=\"uc_post_button\"><a class=\"uc_more_btn\" href=\"https:\/\/www.dp.lu\/steesel\/50-joer-dp-steesel\/\" target=\"_self\">weiderliesen...<\/a><\/div> \t<\/div>\n  <\/div>\n<\/div>\n<div class=\"ue-item \">\n  \n   <a class=\"ue-post-image-wrapper\" href=\"https:\/\/www.dp.lu\/steesel\/eis-lescht-fir-dgemengewalen-vum-11-juni-2023\/\" target=\"_self\">\n   <div class=\"uc_post_image\">\n   <img loading=\"lazy\" decoding=\"async\" src=\"https:\/\/www.dp.lu\/steesel\/wp-content\/uploads\/sites\/24\/2023\/03\/Kandidaten-min-1024x576.jpg\"  src=\"https:\/\/www.dp.lu\/steesel\/wp-content\/uploads\/sites\/24\/2023\/03\/Kandidaten-min-1024x576.jpg\" alt=\"Kandidaten-min\" width=\"1024\" height=\"576\">\n   <div class=\"uc_post_image_overlay\"><\/div>\n   <\/div>\n  <\/a>\n   \n <div class=\"uc_content\">\n    <div>\n      \n           \n    \n  \n      \n      \n    <div class=\"uc_post_title\"><a href=\"https:\/\/www.dp.lu\/steesel\/eis-lescht-fir-dgemengewalen-vum-11-juni-2023\/\" target=\"_self\"><div>Eis L\u00ebscht fir d'Gemengewalen vum 11. Juni 2023<\/div><\/a><\/div>\t\n    \n     \n     \n          <div class=\"ue-meta-data\">\n            <div class=\"ue-grid-item-meta-data\"><span class=\"ue-grid-item-meta-data-icon\"><i class='fas fa-calendar-week'><\/i><\/span>  16 March, 2023<\/div>            \n                        \n        \n\t\t\t\n\n\n\n\n\n\n\n\n\n\n\n\n            \n                        \n                        \n                        \n                        \n                        \n            \t\t\t\n              \n            \n          <\/div>\n     \n      \n      \n      \n     <div class=\"uc_post_text\">Den Dr Siggy Rausch, Sp\u00ebtzekandidat, ass houfreg eng h\u00e9ichmotiv\u00e9iert an dynamesch DP-L\u00ebscht mat 4 aktuelle Steeseler Gemenger\u00e9it unzef\u00e9ieren.<\/div>    <div class=\"uc_post_button\"><a class=\"uc_more_btn\" href=\"https:\/\/www.dp.lu\/steesel\/eis-lescht-fir-dgemengewalen-vum-11-juni-2023\/\" target=\"_self\">weiderliesen...<\/a><\/div> \t<\/div>\n  <\/div>\n<\/div>\n<div class=\"ue-item \">\n  \n   <a class=\"ue-post-image-wrapper\" href=\"https:\/\/www.dp.lu\/steesel\/6ten-treppeltour-duerch-eis-gemeng\/\" target=\"_self\">\n   <div class=\"uc_post_image\">\n   <img loading=\"lazy\" decoding=\"async\" src=\"https:\/\/www.dp.lu\/steesel\/wp-content\/uploads\/sites\/24\/2023\/03\/Treppeltour-6-11-mars-2023-1024x768.jpg\"  src=\"https:\/\/www.dp.lu\/steesel\/wp-content\/uploads\/sites\/24\/2023\/03\/Treppeltour-6-11-mars-2023-1024x768.jpg\" alt=\"Treppeltour-6-11-mars-2023\" width=\"1024\" height=\"768\">\n   <div class=\"uc_post_image_overlay\"><\/div>\n   <\/div>\n  <\/a>\n   \n <div class=\"uc_content\">\n    <div>\n      \n           \n    \n  \n      \n      \n    <div class=\"uc_post_title\"><a href=\"https:\/\/www.dp.lu\/steesel\/6ten-treppeltour-duerch-eis-gemeng\/\" target=\"_self\"><div>6ten Tr\u00ebppeltour duerch eis Gemeng<\/div><\/a><\/div>\t\n    \n     \n     \n          <div class=\"ue-meta-data\">\n            <div class=\"ue-grid-item-meta-data\"><span class=\"ue-grid-item-meta-data-icon\"><i class='fas fa-calendar-week'><\/i><\/span>  11 March, 2023<\/div>            \n                        \n        \n\t\t\t\n\n\n\n\n\n\n\n\n\n\n\n\n            \n                        \n                        \n                        \n                        \n                        \n            \t\t\t\n              \n            \n          <\/div>\n     \n      \n      \n      \n     <div class=\"uc_post_text\">E flotten Spads\u00e9iergang vun 2 Stonnen op Heeschdref.<\/div>    <div class=\"uc_post_button\"><a class=\"uc_more_btn\" href=\"https:\/\/www.dp.lu\/steesel\/6ten-treppeltour-duerch-eis-gemeng\/\" target=\"_self\">weiderliesen...<\/a><\/div> \t<\/div>\n  <\/div>\n<\/div>\n\n<\/div>\n\n\n\n  <div id=\"uc_post_grid_elementor_5d6b508_empty_message\" class=\"ue-no-posts-found\"  style=\"display:none\" >No posts found<\/div>\n\n\n<!-- end Post Grid -->\t\t\t\t<\/div>\n\t\t\t\t<\/div>\n\t\t\t\t\t<\/div>\n\t\t<\/div>\n\t\t\t\t\t<\/div>\n\t\t<\/section>\n\t\t\t\t<\/div>\n\t\t","protected":false},"excerpt":{"rendered":"<p>\/* widget: Post Grid *\/ #uc_post_grid_elementor_5d6b5083.ue-post-grid { display:grid; } #uc_post_grid_elementor_5d6b5083 .ue-item { overflow:hidden; position:relative; } #uc_post_grid_elementor_5d6b5083 .uc_post_image { transition:0.3s; position:relative; overflow:hidden; } #uc_post_grid_elementor_5d6b5083 .uc_post_image img { width:100%; display:block; transition:0.3s; } #uc_post_grid_elementor_5d6b5083 .uc_post_image_overlay { position:absolute; top:0px; left:0px; height:100%; width:100%; transition:0.3s; } #uc_post_grid_elementor_5d6b5083 .uc_more_btn{ display:inline-block; text-align:center; text-decoration:none; transition:0.3s; } .ue-grid-item-category a { display:inline-block; font-size:10px; } .uc_post_title { [&hellip;]<\/p>\n","protected":false},"author":2,"featured_media":444,"parent":0,"menu_order":0,"comment_status":"closed","ping_status":"closed","template":"","meta":{"footnotes":""},"class_list":["post-414","page","type-page","status-publish","has-post-thumbnail","hentry","wpbf-post"],"_links":{"self":[{"href":"https:\/\/www.dp.lu\/steesel\/wp-json\/wp\/v2\/pages\/414","targetHints":{"allow":["GET"]}}],"collection":[{"href":"https:\/\/www.dp.lu\/steesel\/wp-json\/wp\/v2\/pages"}],"about":[{"href":"https:\/\/www.dp.lu\/steesel\/wp-json\/wp\/v2\/types\/page"}],"author":[{"embeddable":true,"href":"https:\/\/www.dp.lu\/steesel\/wp-json\/wp\/v2\/users\/2"}],"replies":[{"embeddable":true,"href":"https:\/\/www.dp.lu\/steesel\/wp-json\/wp\/v2\/comments?post=414"}],"version-history":[{"count":19,"href":"https:\/\/www.dp.lu\/steesel\/wp-json\/wp\/v2\/pages\/414\/revisions"}],"predecessor-version":[{"id":794,"href":"https:\/\/www.dp.lu\/steesel\/wp-json\/wp\/v2\/pages\/414\/revisions\/794"}],"wp:featuredmedia":[{"embeddable":true,"href":"https:\/\/www.dp.lu\/steesel\/wp-json\/wp\/v2\/media\/444"}],"wp:attachment":[{"href":"https:\/\/www.dp.lu\/steesel\/wp-json\/wp\/v2\/media?parent=414"}],"curies":[{"name":"wp","href":"https:\/\/api.w.org\/{rel}","templated":true}]}}